{"id":727,"date":"2024-02-15T08:22:08","date_gmt":"2024-02-15T08:22:08","guid":{"rendered":"https:\/\/termesmontbrio.wpenginepowered.com\/chambres\/"},"modified":"2026-02-16T09:08:28","modified_gmt":"2026-02-16T09:08:28","slug":"chambres","status":"publish","type":"page","link":"https:\/\/www.termesmontbrio.com\/fr\/chambres\/","title":{"rendered":"Chambres"},"content":{"rendered":"\n\t<section class=\"section\" id=\"section_946038729\">\n\t\t<div class=\"section-bg fill\" >\n\t\t\t<img decoding=\"async\" width=\"1253\" height=\"835\" src=\"https:\/\/www.termesmontbrio.com\/wp-content\/uploads\/2024\/05\/HOTEL-TERMES-MONTBRIO-habitaciones-102-Suite-Classica_.webp\" class=\"bg attachment-original size-original\" alt=\"HOTEL TERMES MONTBRIO habitaciones Suite Classica\" \/>\t\t\t\t\t\t<div class=\"section-bg-overlay absolute fill\"><\/div>\n\t\t\t\n\n\t\t<\/div>\n\n\t\t\n\n\t\t<div class=\"section-content relative\">\n\t\t\t\n<div class=\"row align-middle align-center\"  id=\"row-1262956990\">\n\n\t<div id=\"col-522454100\" class=\"col medium-10 small-12 large-10\"  >\n\t\t\t\t<div class=\"col-inner text-center dark\"  >\n\t\t\t\n\t\t\t\n<h1><span style=\"font-size: 150%;\" data-line-height=\"xs\">H\u00e9bergement \u00e0 Tarragone<\/span><\/h1>\n<h2><span style=\"font-size: 80%;\" data-line-height=\"xs\">Confort et design dans les chambres de l&rsquo;h\u00f4tel Termes de Montbri\u00f3<\/span><\/h2>\n\t<div id=\"gap-313473045\" class=\"gap-element clearfix\" style=\"display:block; height:auto;\">\n\t\t\n<style>\n#gap-313473045 {\n  padding-top: 30px;\n}\n<\/style>\n\t<\/div>\n\t\n<a href=\"https:\/\/reservas.termesmontbrio.com\/fr\/hotel\/termesmontbrio\" target=\"_blank\" class=\"button white box-shadow-1-hover\" rel=\"noopener\" >\n\t\t<span>r\u00e9server<\/span>\n\t<\/a>\n\n\t\t<\/div>\n\t\t\t\t\t<\/div>\n\n\t\n\n<style>\n#row-1262956990 > .col > .col-inner {\n  padding: 100px 0px 0px 0px;\n}\n<\/style>\n<\/div>\n\t\t<\/div>\n\n\t\t\n<style>\n#section_946038729 {\n  padding-top: 0px;\n  padding-bottom: 0px;\n  min-height: 300px;\n}\n#section_946038729 .section-bg-overlay {\n  background-color: rgba(0, 0, 0, 0.512);\n}\n#section_946038729 .section-bg img {\n  object-position: 44% 51%;\n}\n@media (min-width:550px) {\n  #section_946038729 {\n    min-height: 500px;\n  }\n}\n<\/style>\n\t<\/section>\n\t\n\n\t<section class=\"section dark\" id=\"section_1261330546\">\n\t\t<div class=\"section-bg fill\" >\n\t\t\t\t\t\t\t\t\t\n\t\t\t\n\n\t\t<\/div>\n\n\t\t\n\n\t\t<div class=\"section-content relative\">\n\t\t\t\n<div class=\"row row-collapse\"  id=\"row-1287093828\">\n\n\t<div id=\"col-1103423167\" class=\"col medium-7 small-12 large-5\"  >\n\t\t\t\t<div class=\"col-inner text-left\"  >\n\t\t\t\n\t\t\t\n\t<div id=\"text-2560459170\" class=\"text\">\n\t\t\n<h5 class=\"uppercase\">AVANTAGES DE LA R\u00c9SERVATION SUR LE SITE OFFICIEL<\/h5>\n\t\t\n<style>\n#text-2560459170 {\n  font-size: 1.1rem;\n  text-align: center;\n}\n@media (min-width:550px) {\n  #text-2560459170 {\n    text-align: left;\n  }\n}\n<\/style>\n\t<\/div>\n\t\n\t\t<\/div>\n\t\t\t\t\n<style>\n#col-1103423167 > .col-inner {\n  padding: 0px 0px 0px 0px;\n  margin: 0px 0px 0px 0px;\n}\n<\/style>\n\t<\/div>\n\n\t\n\n\t<div id=\"col-243557150\" class=\"col medium-7 small-12 large-7\"  >\n\t\t\t\t<div class=\"col-inner\"  >\n\t\t\t\n\t\t\t\n\t<div id=\"text-3374336980\" class=\"text\">\n\t\t\n<p><i class=\"fa-solid fa-badge-check\"><\/i> Garantie du meilleur prix <i class=\"fa-solid fa-gem\"><\/i> Offres exclusifs <i class=\"fa-solid fa-people-group\"><\/i> Sans interm\u00e9diaires<br \/>\n\t\t\n<style>\n#text-3374336980 {\n  font-size: 1.05rem;\n  text-align: center;\n}\n<\/style>\n\t<\/div>\n\t\n\t\t<\/div>\n\t\t\t\t\n<style>\n#col-243557150 > .col-inner {\n  padding: 0px 0px 0px 0px;\n  margin: 0px 0px 0px 0px;\n}\n<\/style>\n\t<\/div>\n\n\t\n\n<style>\n#row-1287093828 > .col > .col-inner {\n  padding: 0px 0px 0px 0px;\n}\n<\/style>\n<\/div>\n\t\t<\/div>\n\n\t\t\n<style>\n#section_1261330546 {\n  padding-top: 30px;\n  padding-bottom: 30px;\n  background-color: #356d91;\n}\n<\/style>\n\t<\/section>\n\t\n\n\t<section class=\"section\" id=\"section_448536777\">\n\t\t<div class=\"section-bg fill\" >\n\t\t\t\t\t\t\t\t\t\n\t\t\t\n\n\t\t<\/div>\n\n\t\t\n\n\t\t<div class=\"section-content relative\">\n\t\t\t\n<div class=\"row align-middle align-center\"  id=\"row-402148725\">\n\n\t<div id=\"col-501030385\" class=\"col small-12 large-12\"  >\n\t\t\t\t<div class=\"col-inner\"  >\n\t\t\t\n\t\t\t\n\t<div id=\"text-1909863439\" class=\"text\">\n\t\t\n<h2>Le repos id\u00e9al \u00e0 l&rsquo;h\u00f4tel Termes Montbri\u00f3<\/h2>\n\t\t\n<style>\n#text-1909863439 {\n  text-align: center;\n}\n<\/style>\n\t<\/div>\n\t\n\t\t<\/div>\n\t\t\t\t\t<\/div>\n\n\t\n\n\t<div id=\"col-1930782031\" class=\"col medium-5 small-12 large-6\"  >\n\t\t\t\t<div class=\"col-inner\"  >\n\t\t\t\n\t\t\t\n\t<div id=\"stack-2751047268\" class=\"stack stack-row justify-start items-stretch\">\n\t\t\n\t<div id=\"text-3391787345\" class=\"text\">\n\t\t\n<p style=\"font-size: 1.1em;\">Le confort et l&rsquo;exp\u00e9rience du luxe dans chaque coin de l&rsquo; <strong>h\u00f4tel et spa thermal Termes Montbri\u00f3<\/strong>, o\u00f9 toutes les chambres t&rsquo;enveloppent dans une atmosph\u00e8re douillette et relaxante.<\/p>\n<p style=\"font-size: 1.1em;\">Nos chambres sont \u00e9quip\u00e9es de la climatisation, d&rsquo;une t\u00e9l\u00e9vision avec des cha\u00eenes internationales et du Wifi gratuit. Les salles de bains spacieuses sont \u00e9quip\u00e9es de peignoirs, de pantoufles et d&rsquo;un s\u00e8che-cheveux pour votre confort.<\/p>\n<p style=\"font-size: 1.1em;\">Les vues sur les vastes jardins de l&rsquo;h\u00f4tel vous invitent \u00e0 vous d\u00e9tendre tout en profitant des chambres et du spa thermal exclusif.<\/p>\n\t\t\n<style>\n#text-3391787345 {\n  font-size: 1rem;\n  text-align: left;\n}\n<\/style>\n\t<\/div>\n\t\n\t\t\n<style>\n#stack-2751047268 > * {\n  --stack-gap: 1rem;\n}\n<\/style>\n\t<\/div>\n\t\n\t\t<\/div>\n\t\t\t\t\n<style>\n#col-1930782031 > .col-inner {\n  margin: -20px 0px 0px 0px;\n}\n@media (min-width:550px) {\n  #col-1930782031 > .col-inner {\n    margin: 0px 0px 0px 0px;\n  }\n}\n<\/style>\n\t<\/div>\n\n\t\n\n\t<div id=\"col-1417507274\" class=\"col medium-5 small-12 large-5\"  >\n\t\t\t\t<div class=\"col-inner\"  >\n\t\t\t\n\t\t\t\n\t<div id=\"stack-1722284353\" class=\"stack stack-row justify-start items-stretch\">\n\t\t\n\t<div id=\"text-3228288063\" class=\"text\">\n\t\t\n<p style=\"text-align: center;\"><i class=\"fa-regular fa-temperature-three-quarters\"><\/i><br \/><i class=\"fa-regular fa-tv\"><\/i><br \/><i class=\"fa-regular fa-vault\"><\/i><br \/><i class=\"fa-regular fa-wifi\"><\/i><br \/><i class=\"fa-regular fa-bath\"><\/i><br \/><i class=\"fa-regular fa-heat\"><\/i><\/p>\n\t\t\n<style>\n#text-3228288063 {\n  text-align: center;\n  color: rgb(53, 109, 145);\n}\n#text-3228288063 > * {\n  color: rgb(53, 109, 145);\n}\n<\/style>\n\t<\/div>\n\t\n\t<div id=\"text-934799111\" class=\"text\">\n\t\t\n<p>Climatisation \/ Chauffage<br \/>T\u00e9l\u00e9vision \u00e0 \u00e9cran plat<br \/>Coffre-fort<br \/>Wi-Fi gratuit<br \/>Baignoire<br \/>S\u00e8che-cheveux<\/p>\n\t\t\t<\/div>\n\t\n\t\t\n<style>\n#stack-1722284353 > * {\n  --stack-gap: 1rem;\n}\n<\/style>\n\t<\/div>\n\t\n\t\t<\/div>\n\t\t\t\t\t<\/div>\n\n\t\n<\/div>\n\t\t<\/div>\n\n\t\t\n<style>\n#section_448536777 {\n  padding-top: 30px;\n  padding-bottom: 30px;\n}\n<\/style>\n\t<\/section>\n\t\n<div class=\"row align-center\"  id=\"row-1137370359\">\n\n\t<div id=\"col-113903674\" class=\"col medium-10 small-12 large-10\"  >\n\t\t\t\t<div class=\"col-inner text-center\"  >\n\t\t\t\n\t\t\t\n<h3 style=\"text-align: center;\">Faites de votre s\u00e9jour une exp\u00e9rience unique et inoubliable !<\/h3>\n<a href=\"#estandar\" class=\"button primary is-link is-small\" >\n\t\t<span>VOIR LES CHAMBRES STANDARD<\/span>\n\t<i class=\"icon-angle-right\" aria-hidden=\"true\"><\/i><\/a>\n\n<a href=\"#superior\" class=\"button primary is-link is-small\" >\n\t\t<span>VOIR LES CHAMBRES SUP\u00c9RIEURES<\/span>\n\t<i class=\"icon-angle-right\" aria-hidden=\"true\"><\/i><\/a>\n\n<a href=\"#suites\" class=\"button primary is-link is-small\" >\n\t\t<span>VOIR LES SUITES<\/span>\n\t<i class=\"icon-angle-right\" aria-hidden=\"true\"><\/i><\/a>\n\n\t\t<\/div>\n\t\t\t\t\n<style>\n#col-113903674 > .col-inner {\n  padding: 0px 0px 0px 0px;\n  margin: 0px 0px -30px 0px;\n}\n@media (min-width:550px) {\n  #col-113903674 > .col-inner {\n    margin: 0px 0px 0px 0px;\n  }\n}\n<\/style>\n\t<\/div>\n\n\t\n\n<style>\n#row-1137370359 > .col > .col-inner {\n  padding: 10px 0px 0px 0px;\n  background-color: rgb(255, 255, 255);\n}\n<\/style>\n<\/div>\n\n\t<section class=\"section\" id=\"section_1721369311\">\n\t\t<div class=\"section-bg fill\" >\n\t\t\t\t\t\t\t\t\t\n\t\t\t\n\n\t\t<\/div>\n\n\t\t\n\n\t\t<div class=\"section-content relative\">\n\t\t\t\n<span class=\"scroll-to\" data-label=\"Scroll to: #estandar\" data-bullet=\"false\" data-link=\"#estandar\" data-title=\"Habitaciones est\u00e1ndar\"><a name=\"estandar\"><\/a><\/span>\n<div class=\"text-center\"><div class=\"is-divider divider clearfix\" style=\"max-width:500px;\"><\/div><\/div>\n\t<div id=\"gap-1966719992\" class=\"gap-element clearfix\" style=\"display:block; height:auto;\">\n\t\t\n<style>\n#gap-1966719992 {\n  padding-top: 30px;\n}\n<\/style>\n\t<\/div>\n\t\n\n\t\t<div class=\"tabbed-content\">\n\t\t\t<h4 class=\"uppercase text-center\">CHAMBRES STANDARD<\/h4>\n\t\t\t<ul class=\"nav nav-pills nav-uppercase nav-size-normal nav-center active-on-hover\" role=\"tablist\"><li id=\"tab-standard\" class=\"tab active has-icon\" role=\"presentation\"><a href=\"#tab_standard\" role=\"tab\" aria-selected=\"true\" aria-controls=\"tab_standard\"><span>Standard<\/span><\/a><\/li>\n<li id=\"tab-classique-avec-jardin\" class=\"tab has-icon\" role=\"presentation\"><a href=\"#tab_classique-avec-jardin\" tabindex=\"-1\" role=\"tab\" aria-selected=\"false\" aria-controls=\"tab_classique-avec-jardin\"><span>Classique avec jardin<\/span><\/a><\/li>\n<li id=\"tab-classique-avec-balcon\" class=\"tab has-icon\" role=\"presentation\"><a href=\"#tab_classique-avec-balcon\" tabindex=\"-1\" role=\"tab\" aria-selected=\"false\" aria-controls=\"tab_classique-avec-balcon\"><span>Classique avec balcon<\/span><\/a><\/li>\n<li id=\"tab-familiale\" class=\"tab has-icon\" role=\"presentation\"><a href=\"#tab_familiale\" tabindex=\"-1\" role=\"tab\" aria-selected=\"false\" aria-controls=\"tab_familiale\"><span>Familiale<\/span><\/a><\/li><\/ul><div class=\"tab-panels\"><div id=\"tab_standard\" class=\"panel active entry-content\" role=\"tabpanel\" aria-labelledby=\"tab-standard\">\n<div class=\"row row-large\"  id=\"row-1683867046\">\n\n\t<div id=\"col-756372322\" class=\"col small-12 large-12\"  >\n\t\t\t\t<div class=\"col-inner text-left\"  >\n\t\t\t\n\t\t\t\n<div class=\"row row-collapse row-full-width align-middle align-center row-box-shadow-3\"  id=\"row-1420156360\">\n\n\t<div id=\"col-657667544\" class=\"col medium-12 small-12 large-4\"  >\n\t\t\t\t<div class=\"col-inner text-center\" style=\"background-color:rgb(255,255,255);\" >\n\t\t\t\n\t\t\t\n\t<div id=\"text-1611758516\" class=\"text\">\n\t\t\n<h2>Chambre standard<\/h2>\n\t\t\n<style>\n#text-1611758516 {\n  text-align: left;\n}\n<\/style>\n\t<\/div>\n\t\n<div class=\"is-divider divider clearfix\" style=\"margin-top:10px;margin-bottom:10px;height:2px;\"><\/div>\n\t<div id=\"text-2853467014\" class=\"text\">\n\t\t\n<p>Chambre dot\u00e9e de tous les \u00e9quipements de base et d&rsquo;une fen\u00eatre donnant sur l&rsquo;entr\u00e9e de l&rsquo;h\u00f4tel et les environs. Profite d&rsquo;un s\u00e9jour confortable \u00e0 un bon prix.<br \/>\n\t\t\n<style>\n#text-2853467014 {\n  font-size: 1rem;\n  text-align: left;\n}\n<\/style>\n\t<\/div>\n\t\n\t<div id=\"text-1718137357\" class=\"text\">\n\t\t\n<p><i class=\"fa-regular fa-ruler-combined\"><\/i> 22 m\u00b2<br \/><i class=\"fa-regular fa-people\"><\/i> 2 personnes<br \/><i class=\"fa-light fa-bed-front\"><\/i> 1 Double ou 2 Twin<\/p>\n\t\t\n<style>\n#text-1718137357 {\n  text-align: left;\n}\n<\/style>\n\t<\/div>\n\t\n<a href=\"https:\/\/reservas.termesmontbrio.com\/fr\/hotel\/termesmontbrio\/room?roomId=STD\" target=\"_blank\" class=\"button secondary box-shadow-2\" rel=\"noopener\" style=\"border-radius:99px;\">\n\t\t<span>r\u00e9server<\/span>\n\t<\/a>\n\n\t\t<\/div>\n\t\t\t\t\n<style>\n#col-657667544 > .col-inner {\n  padding: 10% 0% 5% 8%;\n  margin: 0px 0px 0px 0px;\n}\n@media (min-width:550px) {\n  #col-657667544 > .col-inner {\n    padding: 10% 7% 2% 7%;\n    margin: 0px 0px 0px 0px;\n  }\n}\n@media (min-width:850px) {\n  #col-657667544 > .col-inner {\n    padding: 5% 7% 5% 7%;\n  }\n}\n<\/style>\n\t<\/div>\n\n\t\n\n\t<div id=\"col-2108234741\" class=\"col medium-12 small-12 large-8 small-col-first\"  >\n\t\t\t\t<div class=\"col-inner\"  >\n\t\t\t\n\t\t\t\n<div class=\"slider-wrapper relative\" id=\"slider-748848869\" >\n    <div class=\"slider slider-nav-dots-dashes-spaced slider-nav-circle slider-nav-large slider-nav-dark slider-style-normal slider-show-nav\"\n        data-flickity-options='{\n            \"cellAlign\": \"center\",\n            \"imagesLoaded\": true,\n            \"lazyLoad\": 1,\n            \"freeScroll\": true,\n            \"wrapAround\": true,\n            \"autoPlay\": false,\n            \"pauseAutoPlayOnHover\" : true,\n            \"prevNextButtons\": true,\n            \"contain\" : true,\n            \"adaptiveHeight\" : true,\n            \"dragThreshold\" : 10,\n            \"percentPosition\": true,\n            \"pageDots\": true,\n            \"rightToLeft\": false,\n            \"draggable\": true,\n            \"selectedAttraction\": 0.1,\n            \"parallax\" : 0,\n            \"friction\": 0.6        }'\n        >\n        \n\t<div class=\"img has-hover x md-x lg-x y md-y lg-y\" id=\"image_118930067\">\n\t\t\t\t\t\t\t\t<div class=\"img-inner image-cover dark\" style=\"padding-top:80%;\">\n\t\t\t<img decoding=\"async\" width=\"768\" height=\"512\" src=\"https:\/\/www.termesmontbrio.com\/wp-content\/uploads\/2025\/09\/Habitacion-Estandar-Termes-Montbrio--768x512.webp\" class=\"attachment-medium_large size-medium_large\" alt=\"Habitaci\u00f3n Estandar Termes Montbri\u00f3\" srcset=\"https:\/\/www.termesmontbrio.com\/wp-content\/uploads\/2025\/09\/Habitacion-Estandar-Termes-Montbrio--768x512.webp 768w, https:\/\/www.termesmontbrio.com\/wp-content\/uploads\/2025\/09\/Habitacion-Estandar-Termes-Montbrio--300x200.webp 300w, https:\/\/www.termesmontbrio.com\/wp-content\/uploads\/2025\/09\/Habitacion-Estandar-Termes-Montbrio--1024x683.webp 1024w, https:\/\/www.termesmontbrio.com\/wp-content\/uploads\/2025\/09\/Habitacion-Estandar-Termes-Montbrio-.webp 1200w\" sizes=\"(max-width: 768px) 100vw, 768px\" \/>\t\t\t\t\t\t\n\t\t\t\t\t<\/div>\n\t\t\t\t\t\t\t\t\n<style>\n#image_118930067 {\n  width: 100%;\n}\n<\/style>\n\t<\/div>\n\t\n\t<div class=\"img has-hover x md-x lg-x y md-y lg-y\" id=\"image_31090810\">\n\t\t\t\t\t\t\t\t<div class=\"img-inner image-cover dark\" style=\"padding-top:80%;\">\n\t\t\t<img decoding=\"async\" width=\"1020\" height=\"679\" src=\"https:\/\/www.termesmontbrio.com\/wp-content\/uploads\/2024\/05\/HOTEL-TERMES-MONTBRIO-habitaciones-43-Standar-1024x682.webp\" class=\"attachment-large size-large\" alt=\"HOTEL TERMES MONTBRIO habitaciones Standar\" srcset=\"https:\/\/www.termesmontbrio.com\/wp-content\/uploads\/2024\/05\/HOTEL-TERMES-MONTBRIO-habitaciones-43-Standar-1024x682.webp 1024w, https:\/\/www.termesmontbrio.com\/wp-content\/uploads\/2024\/05\/HOTEL-TERMES-MONTBRIO-habitaciones-43-Standar-300x200.webp 300w, https:\/\/www.termesmontbrio.com\/wp-content\/uploads\/2024\/05\/HOTEL-TERMES-MONTBRIO-habitaciones-43-Standar-768x512.webp 768w, https:\/\/www.termesmontbrio.com\/wp-content\/uploads\/2024\/05\/HOTEL-TERMES-MONTBRIO-habitaciones-43-Standar.webp 1172w\" sizes=\"(max-width: 1020px) 100vw, 1020px\" \/>\t\t\t\t\t\t\n\t\t\t\t\t<\/div>\n\t\t\t\t\t\t\t\t\n<style>\n#image_31090810 {\n  width: 100%;\n}\n<\/style>\n\t<\/div>\n\t\n\t<div class=\"img has-hover x md-x lg-x y md-y lg-y\" id=\"image_1072301236\">\n\t\t\t\t\t\t\t\t<div class=\"img-inner image-cover dark\" style=\"padding-top:80%;\">\n\t\t\t<img decoding=\"async\" width=\"1020\" height=\"679\" src=\"https:\/\/www.termesmontbrio.com\/wp-content\/uploads\/2024\/05\/HOTEL-TERMES-MONTBRIO-habitaciones-36-Estandar-1024x682.webp\" class=\"attachment-large size-large\" alt=\"HOTEL TERMES MONTBRIO habitaciones Estandar\" srcset=\"https:\/\/www.termesmontbrio.com\/wp-content\/uploads\/2024\/05\/HOTEL-TERMES-MONTBRIO-habitaciones-36-Estandar-1024x682.webp 1024w, https:\/\/www.termesmontbrio.com\/wp-content\/uploads\/2024\/05\/HOTEL-TERMES-MONTBRIO-habitaciones-36-Estandar-300x200.webp 300w, https:\/\/www.termesmontbrio.com\/wp-content\/uploads\/2024\/05\/HOTEL-TERMES-MONTBRIO-habitaciones-36-Estandar-768x512.webp 768w, https:\/\/www.termesmontbrio.com\/wp-content\/uploads\/2024\/05\/HOTEL-TERMES-MONTBRIO-habitaciones-36-Estandar.webp 1250w\" sizes=\"(max-width: 1020px) 100vw, 1020px\" \/>\t\t\t\t\t\t\n\t\t\t\t\t<\/div>\n\t\t\t\t\t\t\t\t\n<style>\n#image_1072301236 {\n  width: 100%;\n}\n<\/style>\n\t<\/div>\n\t\n\t<div class=\"img has-hover x md-x lg-x y md-y lg-y\" id=\"image_646239648\">\n\t\t\t\t\t\t\t\t<div class=\"img-inner image-cover dark\" style=\"padding-top:80%;\">\n\t\t\t<img decoding=\"async\" width=\"700\" height=\"525\" src=\"https:\/\/www.termesmontbrio.com\/wp-content\/uploads\/2025\/09\/hotel-termes-montbrio-balneario-centro-termoludico-spa-tarragona-habitacion-standard-1.webp\" class=\"attachment-large size-large\" alt=\"hotel termes montbrio balneario centro termoludico spa tarragona habitacion standard\" srcset=\"https:\/\/www.termesmontbrio.com\/wp-content\/uploads\/2025\/09\/hotel-termes-montbrio-balneario-centro-termoludico-spa-tarragona-habitacion-standard-1.webp 700w, https:\/\/www.termesmontbrio.com\/wp-content\/uploads\/2025\/09\/hotel-termes-montbrio-balneario-centro-termoludico-spa-tarragona-habitacion-standard-1-300x225.webp 300w\" sizes=\"(max-width: 700px) 100vw, 700px\" \/>\t\t\t\t\t\t\n\t\t\t\t\t<\/div>\n\t\t\t\t\t\t\t\t\n<style>\n#image_646239648 {\n  width: 100%;\n}\n<\/style>\n\t<\/div>\n\t\n     <\/div>\n\n     <div class=\"loading-spin dark large centered\"><\/div>\n\n\t<\/div>\n\n\n\t\t<\/div>\n\t\t\t\t\t<\/div>\n\n\t\n<\/div>\n\t<div id=\"gap-1338129568\" class=\"gap-element clearfix\" style=\"display:block; height:auto;\">\n\t\t\n<style>\n#gap-1338129568 {\n  padding-top: 40px;\n}\n<\/style>\n\t<\/div>\n\t\n\t\t<\/div>\n\t\t\t\t\n<style>\n#col-756372322 > .col-inner {\n  padding: 0px 0px 0px 0px;\n  margin: 30px 0px 0px 0px;\n}\n<\/style>\n\t<\/div>\n\n\t\n<\/div>\n<\/div>\n<div id=\"tab_classique-avec-jardin\" class=\"panel entry-content\" role=\"tabpanel\" aria-labelledby=\"tab-classique-avec-jardin\">\n<div class=\"row row-large\"  id=\"row-338070841\">\n\n\t<div id=\"col-935752761\" class=\"col small-12 large-12\"  >\n\t\t\t\t<div class=\"col-inner text-left\"  >\n\t\t\t\n\t\t\t\n<div class=\"row row-collapse row-full-width align-middle align-center row-box-shadow-3\"  id=\"row-132198687\">\n\n\t<div id=\"col-469371965\" class=\"col medium-12 small-12 large-4\"  >\n\t\t\t\t<div class=\"col-inner text-center\" style=\"background-color:rgb(255,255,255);\" >\n\t\t\t\n\t\t\t\n\t<div id=\"text-3496729995\" class=\"text\">\n\t\t\n<h2>Chambre classique avec jardin<\/h2>\n\t\t\n<style>\n#text-3496729995 {\n  text-align: left;\n}\n<\/style>\n\t<\/div>\n\t\n<div class=\"is-divider divider clearfix\" style=\"margin-top:10px;margin-bottom:10px;height:2px;\"><\/div>\n\t<div id=\"text-4130318601\" class=\"text\">\n\t\t\n<p>Chambre confortable avec des \u00e9quipements de base. Chambre confortable avec des \u00e9quipements de base. La chambre de jardin classique t&rsquo;offre tranquillit\u00e9 et confort<br \/>\n\t\t\n<style>\n#text-4130318601 {\n  font-size: 1rem;\n  text-align: left;\n}\n<\/style>\n\t<\/div>\n\t\n\t<div id=\"text-147603072\" class=\"text\">\n\t\t\n<p><i class=\"fa-regular fa-ruler-combined\"><\/i> 22 m\u00b2<br \/>\n<i class=\"fa-regular fa-people\"><\/i> 2 personnes<br \/>\n<i class=\"fa-light fa-bed-front\"><\/i> 1 Double ou 2 Twin<br \/>\n\t\t\n<style>\n#text-147603072 {\n  text-align: left;\n}\n<\/style>\n\t<\/div>\n\t\n<a href=\"https:\/\/reservas.termesmontbrio.com\/fr\/hotel\/termesmontbrio\/room?roomId=CLJ\" target=\"_blank\" class=\"button secondary box-shadow-2\" rel=\"noopener\" style=\"border-radius:99px;\">\n\t\t<span>r\u00e9server<\/span>\n\t<\/a>\n\n\t\t<\/div>\n\t\t\t\t\n<style>\n#col-469371965 > .col-inner {\n  padding: 10% 0% 5% 8%;\n  margin: 0px 0px 0px 0px;\n}\n@media (min-width:550px) {\n  #col-469371965 > .col-inner {\n    padding: 10% 7% 2% 7%;\n    margin: 0px 0px 0px 0px;\n  }\n}\n@media (min-width:850px) {\n  #col-469371965 > .col-inner {\n    padding: 5% 7% 5% 7%;\n  }\n}\n<\/style>\n\t<\/div>\n\n\t\n\n\t<div id=\"col-1029063720\" class=\"col medium-12 small-12 large-8 small-col-first\"  >\n\t\t\t\t<div class=\"col-inner\"  >\n\t\t\t\n\t\t\t\n<div class=\"slider-wrapper relative\" id=\"slider-1844372929\" >\n    <div class=\"slider slider-nav-dots-dashes-spaced slider-nav-circle slider-nav-large slider-nav-dark slider-style-normal slider-show-nav\"\n        data-flickity-options='{\n            \"cellAlign\": \"center\",\n            \"imagesLoaded\": true,\n            \"lazyLoad\": 1,\n            \"freeScroll\": true,\n            \"wrapAround\": true,\n            \"autoPlay\": false,\n            \"pauseAutoPlayOnHover\" : true,\n            \"prevNextButtons\": true,\n            \"contain\" : true,\n            \"adaptiveHeight\" : true,\n            \"dragThreshold\" : 10,\n            \"percentPosition\": true,\n            \"pageDots\": true,\n            \"rightToLeft\": false,\n            \"draggable\": true,\n            \"selectedAttraction\": 0.1,\n            \"parallax\" : 0,\n            \"friction\": 0.6        }'\n        >\n        \n\t<div class=\"img has-hover x md-x lg-x y md-y lg-y\" id=\"image_1510346807\">\n\t\t\t\t\t\t\t\t<div class=\"img-inner image-cover dark\" style=\"padding-top:80%;\">\n\t\t\t<img decoding=\"async\" width=\"1020\" height=\"680\" src=\"https:\/\/www.termesmontbrio.com\/wp-content\/uploads\/2025\/09\/Habitacion-Clasica-Jardin-Termes-Montbrio-1024x683.webp\" class=\"attachment-large size-large\" alt=\"Habitacion Clasica Jardin Termes Montbrio\" srcset=\"https:\/\/www.termesmontbrio.com\/wp-content\/uploads\/2025\/09\/Habitacion-Clasica-Jardin-Termes-Montbrio-1024x683.webp 1024w, https:\/\/www.termesmontbrio.com\/wp-content\/uploads\/2025\/09\/Habitacion-Clasica-Jardin-Termes-Montbrio-300x200.webp 300w, https:\/\/www.termesmontbrio.com\/wp-content\/uploads\/2025\/09\/Habitacion-Clasica-Jardin-Termes-Montbrio-768x512.webp 768w, https:\/\/www.termesmontbrio.com\/wp-content\/uploads\/2025\/09\/Habitacion-Clasica-Jardin-Termes-Montbrio.webp 1200w\" sizes=\"(max-width: 1020px) 100vw, 1020px\" \/>\t\t\t\t\t\t\n\t\t\t\t\t<\/div>\n\t\t\t\t\t\t\t\t\n<style>\n#image_1510346807 {\n  width: 100%;\n}\n<\/style>\n\t<\/div>\n\t\n\t<div class=\"img has-hover x md-x lg-x y md-y lg-y\" id=\"image_223616139\">\n\t\t\t\t\t\t\t\t<div class=\"img-inner image-cover dark\" style=\"padding-top:80%;\">\n\t\t\t<img decoding=\"async\" width=\"1020\" height=\"680\" src=\"https:\/\/www.termesmontbrio.com\/wp-content\/uploads\/2025\/09\/Hotel-Termes-Montbrio-Clasica-Jardin-1024x683.webp\" class=\"attachment-large size-large\" alt=\"Hotel Termes Montbrio Clasica Jardin\" srcset=\"https:\/\/www.termesmontbrio.com\/wp-content\/uploads\/2025\/09\/Hotel-Termes-Montbrio-Clasica-Jardin-1024x683.webp 1024w, https:\/\/www.termesmontbrio.com\/wp-content\/uploads\/2025\/09\/Hotel-Termes-Montbrio-Clasica-Jardin-300x200.webp 300w, https:\/\/www.termesmontbrio.com\/wp-content\/uploads\/2025\/09\/Hotel-Termes-Montbrio-Clasica-Jardin-768x512.webp 768w, https:\/\/www.termesmontbrio.com\/wp-content\/uploads\/2025\/09\/Hotel-Termes-Montbrio-Clasica-Jardin.webp 1200w\" sizes=\"(max-width: 1020px) 100vw, 1020px\" \/>\t\t\t\t\t\t\n\t\t\t\t\t<\/div>\n\t\t\t\t\t\t\t\t\n<style>\n#image_223616139 {\n  width: 100%;\n}\n<\/style>\n\t<\/div>\n\t\n\t<div class=\"img has-hover x md-x lg-x y md-y lg-y\" id=\"image_953158018\">\n\t\t\t\t\t\t\t\t<div class=\"img-inner image-cover dark\" style=\"padding-top:80%;\">\n\t\t\t<img decoding=\"async\" width=\"768\" height=\"512\" src=\"https:\/\/www.termesmontbrio.com\/wp-content\/uploads\/2024\/05\/HOTEL-TERMES-MONTBRIO-habitaciones-29-Clasica_-768x512.webp\" class=\"attachment-medium_large size-medium_large\" alt=\"HOTEL TERMES MONTBRIO habitaciones Clasica\" srcset=\"https:\/\/www.termesmontbrio.com\/wp-content\/uploads\/2024\/05\/HOTEL-TERMES-MONTBRIO-habitaciones-29-Clasica_-768x512.webp 768w, https:\/\/www.termesmontbrio.com\/wp-content\/uploads\/2024\/05\/HOTEL-TERMES-MONTBRIO-habitaciones-29-Clasica_-300x200.webp 300w, https:\/\/www.termesmontbrio.com\/wp-content\/uploads\/2024\/05\/HOTEL-TERMES-MONTBRIO-habitaciones-29-Clasica_-1024x683.webp 1024w, https:\/\/www.termesmontbrio.com\/wp-content\/uploads\/2024\/05\/HOTEL-TERMES-MONTBRIO-habitaciones-29-Clasica_.webp 1156w\" sizes=\"(max-width: 768px) 100vw, 768px\" \/>\t\t\t\t\t\t\n\t\t\t\t\t<\/div>\n\t\t\t\t\t\t\t\t\n<style>\n#image_953158018 {\n  width: 100%;\n}\n<\/style>\n\t<\/div>\n\t\n\t<div class=\"img has-hover x md-x lg-x y md-y lg-y\" id=\"image_334006265\">\n\t\t\t\t\t\t\t\t<div class=\"img-inner image-cover dark\" style=\"padding-top:80%;\">\n\t\t\t<img decoding=\"async\" width=\"1200\" height=\"800\" src=\"https:\/\/www.termesmontbrio.com\/wp-content\/uploads\/2025\/09\/Clasica-Jardin-Termes-Montbrio-Hotel.webp\" class=\"attachment-original size-original\" alt=\"Clasica Jardin Termes Montbrio Hotel\" srcset=\"https:\/\/www.termesmontbrio.com\/wp-content\/uploads\/2025\/09\/Clasica-Jardin-Termes-Montbrio-Hotel.webp 1200w, https:\/\/www.termesmontbrio.com\/wp-content\/uploads\/2025\/09\/Clasica-Jardin-Termes-Montbrio-Hotel-300x200.webp 300w, https:\/\/www.termesmontbrio.com\/wp-content\/uploads\/2025\/09\/Clasica-Jardin-Termes-Montbrio-Hotel-1024x683.webp 1024w, https:\/\/www.termesmontbrio.com\/wp-content\/uploads\/2025\/09\/Clasica-Jardin-Termes-Montbrio-Hotel-768x512.webp 768w\" sizes=\"(max-width: 1200px) 100vw, 1200px\" \/>\t\t\t\t\t\t\n\t\t\t\t\t<\/div>\n\t\t\t\t\t\t\t\t\n<style>\n#image_334006265 {\n  width: 100%;\n}\n<\/style>\n\t<\/div>\n\t\n     <\/div>\n\n     <div class=\"loading-spin dark large centered\"><\/div>\n\n\t<\/div>\n\n\n\t\t<\/div>\n\t\t\t\t\t<\/div>\n\n\t\n<\/div>\n\t<div id=\"gap-898217373\" class=\"gap-element clearfix\" style=\"display:block; height:auto;\">\n\t\t\n<style>\n#gap-898217373 {\n  padding-top: 40px;\n}\n<\/style>\n\t<\/div>\n\t\n\t\t<\/div>\n\t\t\t\t\n<style>\n#col-935752761 > .col-inner {\n  padding: 0px 0px 0px 0px;\n  margin: 30px 0px 0px 0px;\n}\n<\/style>\n\t<\/div>\n\n\t\n<\/div>\n<\/div>\n<div id=\"tab_classique-avec-balcon\" class=\"panel entry-content\" role=\"tabpanel\" aria-labelledby=\"tab-classique-avec-balcon\">\n<div class=\"row row-large\"  id=\"row-1204863236\">\n\n\t<div id=\"col-2052942677\" class=\"col small-12 large-12\"  >\n\t\t\t\t<div class=\"col-inner text-left\"  >\n\t\t\t\n\t\t\t\n<div class=\"row row-collapse row-full-width align-middle align-center row-box-shadow-3\"  id=\"row-987160539\">\n\n\t<div id=\"col-505698100\" class=\"col medium-12 small-12 large-4\"  >\n\t\t\t\t<div class=\"col-inner text-center\" style=\"background-color:rgb(255,255,255);\" >\n\t\t\t\n\t\t\t\n\t<div id=\"text-3108542023\" class=\"text\">\n\t\t\n<h2>Chambre classique avec balcon<\/h2>\n\t\t\n<style>\n#text-3108542023 {\n  text-align: left;\n}\n<\/style>\n\t<\/div>\n\t\n<div class=\"is-divider divider clearfix\" style=\"margin-top:10px;margin-bottom:10px;height:2px;\"><\/div>\n\t<div id=\"text-4242238973\" class=\"text\">\n\t\t\n<p>En plus de son confort et de son \u00e9quipement de base. Cette chambre se caract\u00e9rise par sa vue sur l&rsquo;ext\u00e9rieur et l&rsquo;air frais du grand balcon.<br \/>\n\t\t\n<style>\n#text-4242238973 {\n  font-size: 1rem;\n  text-align: left;\n}\n<\/style>\n\t<\/div>\n\t\n\t<div id=\"text-1871887767\" class=\"text\">\n\t\t\n<p><i class=\"fa-regular fa-ruler-combined\"><\/i> 22 m\u00b2<br \/>\n<i class=\"fa-regular fa-people\"><\/i> 2 personnes<br \/>\n<i class=\"fa-light fa-bed-front\"><\/i> 1 Double ou 2 Twin<br \/>\n\t\t\n<style>\n#text-1871887767 {\n  text-align: left;\n}\n<\/style>\n\t<\/div>\n\t\n<a href=\"https:\/\/reservas.termesmontbrio.com\/fr\/hotel\/termesmontbrio\/room?roomId=CLBAL\" target=\"_blank\" class=\"button secondary box-shadow-2\" rel=\"noopener\" style=\"border-radius:99px;\">\n\t\t<span>r\u00e9server<\/span>\n\t<\/a>\n\n\t\t<\/div>\n\t\t\t\t\n<style>\n#col-505698100 > .col-inner {\n  padding: 10% 0% 5% 8%;\n  margin: 0px 0px 0px 0px;\n}\n@media (min-width:550px) {\n  #col-505698100 > .col-inner {\n    padding: 10% 7% 2% 7%;\n    margin: 0px 0px 0px 0px;\n  }\n}\n@media (min-width:850px) {\n  #col-505698100 > .col-inner {\n    padding: 5% 7% 5% 7%;\n  }\n}\n<\/style>\n\t<\/div>\n\n\t\n\n\t<div id=\"col-2046950230\" class=\"col medium-12 small-12 large-8 small-col-first\"  >\n\t\t\t\t<div class=\"col-inner\"  >\n\t\t\t\n\t\t\t\n<div class=\"slider-wrapper relative\" id=\"slider-1401458978\" >\n    <div class=\"slider slider-nav-dots-dashes-spaced slider-nav-circle slider-nav-large slider-nav-dark slider-style-normal slider-show-nav\"\n        data-flickity-options='{\n            \"cellAlign\": \"center\",\n            \"imagesLoaded\": true,\n            \"lazyLoad\": 1,\n            \"freeScroll\": true,\n            \"wrapAround\": true,\n            \"autoPlay\": false,\n            \"pauseAutoPlayOnHover\" : true,\n            \"prevNextButtons\": true,\n            \"contain\" : true,\n            \"adaptiveHeight\" : true,\n            \"dragThreshold\" : 10,\n            \"percentPosition\": true,\n            \"pageDots\": true,\n            \"rightToLeft\": false,\n            \"draggable\": true,\n            \"selectedAttraction\": 0.1,\n            \"parallax\" : 0,\n            \"friction\": 0.6        }'\n        >\n        \n\t<div class=\"img has-hover x md-x lg-x y md-y lg-y\" id=\"image_1119200297\">\n\t\t\t\t\t\t\t\t<div class=\"img-inner image-cover dark\" style=\"padding-top:80%;\">\n\t\t\t<img decoding=\"async\" width=\"1020\" height=\"680\" src=\"https:\/\/www.termesmontbrio.com\/wp-content\/uploads\/2025\/09\/Clasica-Jardin-HOTEL-TERMES-MONTBRIO-Habitacions-27-1024x683.webp\" class=\"attachment-large size-large\" alt=\"Clasica Jardin HOTEL TERMES MONTBRI\u00d3 Habitacions\" srcset=\"https:\/\/www.termesmontbrio.com\/wp-content\/uploads\/2025\/09\/Clasica-Jardin-HOTEL-TERMES-MONTBRIO-Habitacions-27-1024x683.webp 1024w, https:\/\/www.termesmontbrio.com\/wp-content\/uploads\/2025\/09\/Clasica-Jardin-HOTEL-TERMES-MONTBRIO-Habitacions-27-300x200.webp 300w, https:\/\/www.termesmontbrio.com\/wp-content\/uploads\/2025\/09\/Clasica-Jardin-HOTEL-TERMES-MONTBRIO-Habitacions-27-768x512.webp 768w, https:\/\/www.termesmontbrio.com\/wp-content\/uploads\/2025\/09\/Clasica-Jardin-HOTEL-TERMES-MONTBRIO-Habitacions-27.webp 1200w\" sizes=\"(max-width: 1020px) 100vw, 1020px\" \/>\t\t\t\t\t\t\n\t\t\t\t\t<\/div>\n\t\t\t\t\t\t\t\t\n<style>\n#image_1119200297 {\n  width: 100%;\n}\n<\/style>\n\t<\/div>\n\t\n\t<div class=\"img has-hover x md-x lg-x y md-y lg-y\" id=\"image_1845211376\">\n\t\t\t\t\t\t\t\t<div class=\"img-inner image-cover dark\" style=\"padding-top:80%;\">\n\t\t\t<img decoding=\"async\" width=\"1020\" height=\"680\" src=\"https:\/\/www.termesmontbrio.com\/wp-content\/uploads\/2025\/09\/Habitacion-Clasica-Balcon-Termes-Montbrio-Hotel-1024x683.webp\" class=\"attachment-large size-large\" alt=\"Habitacion Clasica Balcon Termes Montbrio Hotel\" srcset=\"https:\/\/www.termesmontbrio.com\/wp-content\/uploads\/2025\/09\/Habitacion-Clasica-Balcon-Termes-Montbrio-Hotel-1024x683.webp 1024w, https:\/\/www.termesmontbrio.com\/wp-content\/uploads\/2025\/09\/Habitacion-Clasica-Balcon-Termes-Montbrio-Hotel-300x200.webp 300w, https:\/\/www.termesmontbrio.com\/wp-content\/uploads\/2025\/09\/Habitacion-Clasica-Balcon-Termes-Montbrio-Hotel-768x512.webp 768w, https:\/\/www.termesmontbrio.com\/wp-content\/uploads\/2025\/09\/Habitacion-Clasica-Balcon-Termes-Montbrio-Hotel.webp 1200w\" sizes=\"(max-width: 1020px) 100vw, 1020px\" \/>\t\t\t\t\t\t\n\t\t\t\t\t<\/div>\n\t\t\t\t\t\t\t\t\n<style>\n#image_1845211376 {\n  width: 100%;\n}\n<\/style>\n\t<\/div>\n\t\n\t<div class=\"img has-hover x md-x lg-x y md-y lg-y\" id=\"image_125463589\">\n\t\t\t\t\t\t\t\t<div class=\"img-inner image-cover dark\" style=\"padding-top:80%;\">\n\t\t\t<img decoding=\"async\" width=\"1020\" height=\"680\" src=\"https:\/\/www.termesmontbrio.com\/wp-content\/uploads\/2025\/09\/HOTEL-TERMES-MONTBRIO-Habitacion-Clasica-Balcon-9-1024x683.webp\" class=\"attachment-large size-large\" alt=\"HOTEL TERMES MONTBRI\u00d3 Habitacion Clasica Balcon\" srcset=\"https:\/\/www.termesmontbrio.com\/wp-content\/uploads\/2025\/09\/HOTEL-TERMES-MONTBRIO-Habitacion-Clasica-Balcon-9-1024x683.webp 1024w, https:\/\/www.termesmontbrio.com\/wp-content\/uploads\/2025\/09\/HOTEL-TERMES-MONTBRIO-Habitacion-Clasica-Balcon-9-300x200.webp 300w, https:\/\/www.termesmontbrio.com\/wp-content\/uploads\/2025\/09\/HOTEL-TERMES-MONTBRIO-Habitacion-Clasica-Balcon-9-768x512.webp 768w, https:\/\/www.termesmontbrio.com\/wp-content\/uploads\/2025\/09\/HOTEL-TERMES-MONTBRIO-Habitacion-Clasica-Balcon-9.webp 1200w\" sizes=\"(max-width: 1020px) 100vw, 1020px\" \/>\t\t\t\t\t\t\n\t\t\t\t\t<\/div>\n\t\t\t\t\t\t\t\t\n<style>\n#image_125463589 {\n  width: 100%;\n}\n<\/style>\n\t<\/div>\n\t\n\t<div class=\"img has-hover x md-x lg-x y md-y lg-y\" id=\"image_1599916184\">\n\t\t\t\t\t\t\t\t<div class=\"img-inner image-cover dark\" style=\"padding-top:80%;\">\n\t\t\t<img decoding=\"async\" width=\"1000\" height=\"666\" src=\"https:\/\/www.termesmontbrio.com\/wp-content\/uploads\/2025\/09\/03.Hab_.clasica.balcon-Termes_Montbrio.webp\" class=\"attachment-large size-large\" alt=\".Hab .clasica.balcon Termes Montbrio\" srcset=\"https:\/\/www.termesmontbrio.com\/wp-content\/uploads\/2025\/09\/03.Hab_.clasica.balcon-Termes_Montbrio.webp 1000w, https:\/\/www.termesmontbrio.com\/wp-content\/uploads\/2025\/09\/03.Hab_.clasica.balcon-Termes_Montbrio-300x200.webp 300w, https:\/\/www.termesmontbrio.com\/wp-content\/uploads\/2025\/09\/03.Hab_.clasica.balcon-Termes_Montbrio-768x511.webp 768w\" sizes=\"(max-width: 1000px) 100vw, 1000px\" \/>\t\t\t\t\t\t\n\t\t\t\t\t<\/div>\n\t\t\t\t\t\t\t\t\n<style>\n#image_1599916184 {\n  width: 100%;\n}\n<\/style>\n\t<\/div>\n\t\n\t<div class=\"img has-hover x md-x lg-x y md-y lg-y\" id=\"image_2101647136\">\n\t\t\t\t\t\t\t\t<div class=\"img-inner image-cover dark\" style=\"padding-top:80%;\">\n\t\t\t<img decoding=\"async\" width=\"1020\" height=\"680\" src=\"https:\/\/www.termesmontbrio.com\/wp-content\/uploads\/2025\/09\/HOTEL-TERMES-MONTBRIO-Habitacio-Clasica-Balco8-1024x683.webp\" class=\"attachment-large size-large\" alt=\"HOTEL TERMES MONTBRI\u00d3 Habitacio Clasica Balco\" srcset=\"https:\/\/www.termesmontbrio.com\/wp-content\/uploads\/2025\/09\/HOTEL-TERMES-MONTBRIO-Habitacio-Clasica-Balco8-1024x683.webp 1024w, https:\/\/www.termesmontbrio.com\/wp-content\/uploads\/2025\/09\/HOTEL-TERMES-MONTBRIO-Habitacio-Clasica-Balco8-300x200.webp 300w, https:\/\/www.termesmontbrio.com\/wp-content\/uploads\/2025\/09\/HOTEL-TERMES-MONTBRIO-Habitacio-Clasica-Balco8-768x512.webp 768w, https:\/\/www.termesmontbrio.com\/wp-content\/uploads\/2025\/09\/HOTEL-TERMES-MONTBRIO-Habitacio-Clasica-Balco8.webp 1200w\" sizes=\"(max-width: 1020px) 100vw, 1020px\" \/>\t\t\t\t\t\t\n\t\t\t\t\t<\/div>\n\t\t\t\t\t\t\t\t\n<style>\n#image_2101647136 {\n  width: 100%;\n}\n<\/style>\n\t<\/div>\n\t\n     <\/div>\n\n     <div class=\"loading-spin dark large centered\"><\/div>\n\n\t<\/div>\n\n\n\t\t<\/div>\n\t\t\t\t\t<\/div>\n\n\t\n<\/div>\n\t<div id=\"gap-1962322062\" class=\"gap-element clearfix\" style=\"display:block; height:auto;\">\n\t\t\n<style>\n#gap-1962322062 {\n  padding-top: 40px;\n}\n<\/style>\n\t<\/div>\n\t\n\t\t<\/div>\n\t\t\t\t\n<style>\n#col-2052942677 > .col-inner {\n  padding: 0px 0px 0px 0px;\n  margin: 30px 0px 0px 0px;\n}\n<\/style>\n\t<\/div>\n\n\t\n<\/div>\n<\/div>\n<div id=\"tab_familiale\" class=\"panel entry-content\" role=\"tabpanel\" aria-labelledby=\"tab-familiale\">\n<div class=\"row row-large\"  id=\"row-1507494994\">\n\n\t<div id=\"col-1666701513\" class=\"col small-12 large-12\"  >\n\t\t\t\t<div class=\"col-inner text-left\"  >\n\t\t\t\n\t\t\t\n<div class=\"row row-collapse row-full-width align-middle align-center row-box-shadow-3\"  id=\"row-1966435673\">\n\n\t<div id=\"col-954622637\" class=\"col medium-12 small-12 large-4\"  >\n\t\t\t\t<div class=\"col-inner text-center\" style=\"background-color:rgb(255,255,255);\" >\n\t\t\t\n\t\t\t\n\t<div id=\"text-975016915\" class=\"text\">\n\t\t\n<h2>Chambre familiale<\/h2>\n\t\t\n<style>\n#text-975016915 {\n  text-align: left;\n}\n<\/style>\n\t<\/div>\n\t\n<div class=\"is-divider divider clearfix\" style=\"margin-top:10px;margin-bottom:10px;height:2px;\"><\/div>\n\t<div id=\"text-280648703\" class=\"text\">\n\t\t\n<p>Chambre avec deux grands lits king size, grande fen\u00eatre donnant sur l&rsquo;entr\u00e9e et les environs. La salle familiale t&rsquo;offre la possibilit\u00e9 de partager le m\u00eame s\u00e9jour avec ta famille. Id\u00e9ale pour 4 personnes<br \/>\n\t\t\n<style>\n#text-280648703 {\n  font-size: 1rem;\n  text-align: left;\n}\n<\/style>\n\t<\/div>\n\t\n\t<div id=\"text-906537235\" class=\"text\">\n\t\t\n<p><i class=\"fa-regular fa-ruler-combined\"><\/i> 30 m\u00b2<br \/>\n<i class=\"fa-regular fa-people\"><\/i> 4 personnes<br \/>\n<i class=\"fa-light fa-bed-front\"><\/i> 2 Doubles<br \/>\n\t\t\n<style>\n#text-906537235 {\n  text-align: left;\n}\n<\/style>\n\t<\/div>\n\t\n<a href=\"https:\/\/reservas.termesmontbrio.com\/hotel\/termesmontbrio\/room?roomId=FAM\" target=\"_blank\" class=\"button secondary box-shadow-2\" rel=\"noopener\" style=\"border-radius:99px;\">\n\t\t<span>r\u00e9server<\/span>\n\t<\/a>\n\n\t\t<\/div>\n\t\t\t\t\n<style>\n#col-954622637 > .col-inner {\n  padding: 10% 0% 5% 8%;\n  margin: 0px 0px 0px 0px;\n}\n@media (min-width:550px) {\n  #col-954622637 > .col-inner {\n    padding: 10% 7% 2% 7%;\n    margin: 0px 0px 0px 0px;\n  }\n}\n@media (min-width:850px) {\n  #col-954622637 > .col-inner {\n    padding: 5% 7% 5% 7%;\n  }\n}\n<\/style>\n\t<\/div>\n\n\t\n\n\t<div id=\"col-858369061\" class=\"col medium-12 small-12 large-8 small-col-first\"  >\n\t\t\t\t<div class=\"col-inner\"  >\n\t\t\t\n\t\t\t\n<div class=\"slider-wrapper relative\" id=\"slider-795546136\" >\n    <div class=\"slider slider-nav-dots-dashes-spaced slider-nav-circle slider-nav-large slider-nav-dark slider-style-normal slider-show-nav\"\n        data-flickity-options='{\n            \"cellAlign\": \"center\",\n            \"imagesLoaded\": true,\n            \"lazyLoad\": 1,\n            \"freeScroll\": true,\n            \"wrapAround\": true,\n            \"autoPlay\": false,\n            \"pauseAutoPlayOnHover\" : true,\n            \"prevNextButtons\": true,\n            \"contain\" : true,\n            \"adaptiveHeight\" : true,\n            \"dragThreshold\" : 10,\n            \"percentPosition\": true,\n            \"pageDots\": true,\n            \"rightToLeft\": false,\n            \"draggable\": true,\n            \"selectedAttraction\": 0.1,\n            \"parallax\" : 0,\n            \"friction\": 0.6        }'\n        >\n        \n\t<div class=\"img has-hover x md-x lg-x y md-y lg-y\" id=\"image_2008234480\">\n\t\t\t\t\t\t\t\t<div class=\"img-inner image-cover dark\" style=\"padding-top:80%;\">\n\t\t\t<img decoding=\"async\" width=\"1000\" height=\"666\" src=\"https:\/\/www.termesmontbrio.com\/wp-content\/uploads\/2024\/02\/01.Familiar-Hotel-Termes-Montbrio.webp\" class=\"attachment-large size-large\" alt=\".Familiar Hotel Termes Montbrio\" srcset=\"https:\/\/www.termesmontbrio.com\/wp-content\/uploads\/2024\/02\/01.Familiar-Hotel-Termes-Montbrio.webp 1000w, https:\/\/www.termesmontbrio.com\/wp-content\/uploads\/2024\/02\/01.Familiar-Hotel-Termes-Montbrio-300x200.webp 300w, https:\/\/www.termesmontbrio.com\/wp-content\/uploads\/2024\/02\/01.Familiar-Hotel-Termes-Montbrio-768x511.webp 768w\" sizes=\"(max-width: 1000px) 100vw, 1000px\" \/>\t\t\t\t\t\t\n\t\t\t\t\t<\/div>\n\t\t\t\t\t\t\t\t\n<style>\n#image_2008234480 {\n  width: 100%;\n}\n<\/style>\n\t<\/div>\n\t\n\t<div class=\"img has-hover x md-x lg-x y md-y lg-y\" id=\"image_707817898\">\n\t\t\t\t\t\t\t\t<div class=\"img-inner image-cover dark\" style=\"padding-top:80%;\">\n\t\t\t<img decoding=\"async\" width=\"768\" height=\"512\" src=\"https:\/\/www.termesmontbrio.com\/wp-content\/uploads\/2024\/05\/HOTEL-TERMES-MONTBRIO-habitaciones-5-Familiar-768x512.webp\" class=\"attachment-medium_large size-medium_large\" alt=\"HOTEL TERMES MONTBRIO habitaciones Familiar\" srcset=\"https:\/\/www.termesmontbrio.com\/wp-content\/uploads\/2024\/05\/HOTEL-TERMES-MONTBRIO-habitaciones-5-Familiar-768x512.webp 768w, https:\/\/www.termesmontbrio.com\/wp-content\/uploads\/2024\/05\/HOTEL-TERMES-MONTBRIO-habitaciones-5-Familiar-300x200.webp 300w, https:\/\/www.termesmontbrio.com\/wp-content\/uploads\/2024\/05\/HOTEL-TERMES-MONTBRIO-habitaciones-5-Familiar-1024x683.webp 1024w, https:\/\/www.termesmontbrio.com\/wp-content\/uploads\/2024\/05\/HOTEL-TERMES-MONTBRIO-habitaciones-5-Familiar.webp 1239w\" sizes=\"(max-width: 768px) 100vw, 768px\" \/>\t\t\t\t\t\t\n\t\t\t\t\t<\/div>\n\t\t\t\t\t\t\t\t\n<style>\n#image_707817898 {\n  width: 100%;\n}\n<\/style>\n\t<\/div>\n\t\n\t<div class=\"img has-hover x md-x lg-x y md-y lg-y\" id=\"image_2048443512\">\n\t\t\t\t\t\t\t\t<div class=\"img-inner image-cover dark\" style=\"padding-top:80%;\">\n\t\t\t<img decoding=\"async\" width=\"768\" height=\"512\" src=\"https:\/\/www.termesmontbrio.com\/wp-content\/uploads\/2024\/05\/HOTEL-TERMES-MONTBRIO-habitaciones-2-Familiar-768x512.webp\" class=\"attachment-medium_large size-medium_large\" alt=\"HOTEL TERMES MONTBRIO habitaciones Familiar\" srcset=\"https:\/\/www.termesmontbrio.com\/wp-content\/uploads\/2024\/05\/HOTEL-TERMES-MONTBRIO-habitaciones-2-Familiar-768x512.webp 768w, https:\/\/www.termesmontbrio.com\/wp-content\/uploads\/2024\/05\/HOTEL-TERMES-MONTBRIO-habitaciones-2-Familiar-300x200.webp 300w, https:\/\/www.termesmontbrio.com\/wp-content\/uploads\/2024\/05\/HOTEL-TERMES-MONTBRIO-habitaciones-2-Familiar-1024x683.webp 1024w, https:\/\/www.termesmontbrio.com\/wp-content\/uploads\/2024\/05\/HOTEL-TERMES-MONTBRIO-habitaciones-2-Familiar.webp 1237w\" sizes=\"(max-width: 768px) 100vw, 768px\" \/>\t\t\t\t\t\t\n\t\t\t\t\t<\/div>\n\t\t\t\t\t\t\t\t\n<style>\n#image_2048443512 {\n  width: 100%;\n}\n<\/style>\n\t<\/div>\n\t\n\t<div class=\"img has-hover x md-x lg-x y md-y lg-y\" id=\"image_1795025354\">\n\t\t\t\t\t\t\t\t<div class=\"img-inner image-cover dark\" style=\"padding-top:80%;\">\n\t\t\t<img decoding=\"async\" width=\"768\" height=\"512\" src=\"https:\/\/www.termesmontbrio.com\/wp-content\/uploads\/2024\/05\/HOTEL-TERMES-MONTBRIO-habitaciones-34-Familiar-768x512.webp\" class=\"attachment-medium_large size-medium_large\" alt=\"HOTEL TERMES MONTBRIO habitaciones Familiar\" srcset=\"https:\/\/www.termesmontbrio.com\/wp-content\/uploads\/2024\/05\/HOTEL-TERMES-MONTBRIO-habitaciones-34-Familiar-768x512.webp 768w, https:\/\/www.termesmontbrio.com\/wp-content\/uploads\/2024\/05\/HOTEL-TERMES-MONTBRIO-habitaciones-34-Familiar-300x200.webp 300w, https:\/\/www.termesmontbrio.com\/wp-content\/uploads\/2024\/05\/HOTEL-TERMES-MONTBRIO-habitaciones-34-Familiar-1024x682.webp 1024w, https:\/\/www.termesmontbrio.com\/wp-content\/uploads\/2024\/05\/HOTEL-TERMES-MONTBRIO-habitaciones-34-Familiar.webp 1253w\" sizes=\"(max-width: 768px) 100vw, 768px\" \/>\t\t\t\t\t\t\n\t\t\t\t\t<\/div>\n\t\t\t\t\t\t\t\t\n<style>\n#image_1795025354 {\n  width: 100%;\n}\n<\/style>\n\t<\/div>\n\t\n     <\/div>\n\n     <div class=\"loading-spin dark large centered\"><\/div>\n\n\t<\/div>\n\n\n\t\t<\/div>\n\t\t\t\t\t<\/div>\n\n\t\n<\/div>\n\t<div id=\"gap-273875278\" class=\"gap-element clearfix\" style=\"display:block; height:auto;\">\n\t\t\n<style>\n#gap-273875278 {\n  padding-top: 40px;\n}\n<\/style>\n\t<\/div>\n\t\n\t\t<\/div>\n\t\t\t\t\n<style>\n#col-1666701513 > .col-inner {\n  padding: 0px 0px 0px 0px;\n  margin: 30px 0px 0px 0px;\n}\n<\/style>\n\t<\/div>\n\n\t\n<\/div>\n<\/div><\/div><\/div>\n\t\t<\/div>\n\n\t\t\n<style>\n#section_1721369311 {\n  padding-top: 0px;\n  padding-bottom: 0px;\n}\n<\/style>\n\t<\/section>\n\t\n\n\t<section class=\"section\" id=\"section_153727604\">\n\t\t<div class=\"section-bg fill\" >\n\t\t\t\t\t\t\t\t\t\n\t\t\t\n\n\t\t<\/div>\n\n\t\t\n\n\t\t<div class=\"section-content relative\">\n\t\t\t\n<span class=\"scroll-to\" data-label=\"Scroll to: #superior\" data-bullet=\"false\" data-link=\"#superior\" data-title=\"Habitaciones superiores\"><a name=\"superior\"><\/a><\/span>\n<div class=\"text-center\"><div class=\"is-divider divider clearfix\" style=\"max-width:500px;\"><\/div><\/div>\n\t<div id=\"gap-1633044349\" class=\"gap-element clearfix\" style=\"display:block; height:auto;\">\n\t\t\n<style>\n#gap-1633044349 {\n  padding-top: 30px;\n}\n<\/style>\n\t<\/div>\n\t\n\t<div id=\"text-2275699907\" class=\"text\">\n\t\t\n<h2 style=\"text-align: center;\">CHAMBRES SUP\u00c9RIEURES<\/h2>\n<p><i class=\"fa-solid fa-paw\"><\/i> <span style=\"font-size: 85%;\">Animaux accept\u00e9s<\/span><\/p>\n\t\t\n<style>\n#text-2275699907 {\n  text-align: center;\n}\n<\/style>\n\t<\/div>\n\t\n\n\t\t<div class=\"tabbed-content\">\n\t\t\t\n\t\t\t<ul class=\"nav nav-pills nav-uppercase nav-size-normal nav-center active-on-hover\" role=\"tablist\"><li id=\"tab-sup\u00e9rieure\" class=\"tab active has-icon\" role=\"presentation\"><a href=\"#tab_sup\u00e9rieure\" role=\"tab\" aria-selected=\"true\" aria-controls=\"tab_sup\u00e9rieure\"><span>Sup\u00e9rieure<\/span><\/a><\/li>\n<li id=\"tab-triple-sup\u00e9rieure\" class=\"tab has-icon\" role=\"presentation\"><a href=\"#tab_triple-sup\u00e9rieure\" tabindex=\"-1\" role=\"tab\" aria-selected=\"false\" aria-controls=\"tab_triple-sup\u00e9rieure\"><span>Triple sup\u00e9rieure<\/span><\/a><\/li>\n<li id=\"tab-deluxe\" class=\"tab has-icon\" role=\"presentation\"><a href=\"#tab_deluxe\" tabindex=\"-1\" role=\"tab\" aria-selected=\"false\" aria-controls=\"tab_deluxe\"><span>Deluxe<\/span><\/a><\/li>\n<li id=\"tab-balcon-deluxe\" class=\"tab has-icon\" role=\"presentation\"><a href=\"#tab_balcon-deluxe\" tabindex=\"-1\" role=\"tab\" aria-selected=\"false\" aria-controls=\"tab_balcon-deluxe\"><span>Balcon Deluxe<\/span><\/a><\/li>\n<li id=\"tab-premium\" class=\"tab has-icon\" role=\"presentation\"><a href=\"#tab_premium\" tabindex=\"-1\" role=\"tab\" aria-selected=\"false\" aria-controls=\"tab_premium\"><span>Premium<\/span><\/a><\/li><\/ul><div class=\"tab-panels\"><div id=\"tab_sup\u00e9rieure\" class=\"panel active entry-content\" role=\"tabpanel\" aria-labelledby=\"tab-sup\u00e9rieure\">\n<div class=\"row row-large\"  id=\"row-161723897\">\n\n\t<div id=\"col-1408088856\" class=\"col small-12 large-12\"  >\n\t\t\t\t<div class=\"col-inner text-left\"  >\n\t\t\t\n\t\t\t\n<div class=\"row row-collapse row-full-width align-middle align-center row-box-shadow-3\"  id=\"row-361068135\">\n\n\t<div id=\"col-1103387494\" class=\"col medium-12 small-12 large-4\"  >\n\t\t\t\t<div class=\"col-inner text-center\" style=\"background-color:rgb(255,255,255);\" >\n\t\t\t\n\t\t\t\n\t<div id=\"text-3629976339\" class=\"text\">\n\t\t\n<h2>Chambre sup\u00e9rieure<\/h2>\n\t\t\n<style>\n#text-3629976339 {\n  text-align: left;\n}\n<\/style>\n\t<\/div>\n\t\n<div class=\"is-divider divider clearfix\" style=\"margin-top:10px;margin-bottom:10px;height:2px;\"><\/div>\n\t<div id=\"text-1563485496\" class=\"text\">\n\t\t\n<p>Chambre plus spacieuse, \u00e9l\u00e9gante et lumineuse, avec un \u00e9quipement am\u00e9lior\u00e9, chambre avec parquet et salle de bain avec baignoire, baie vitr\u00e9e donnant sur notre jardin \u00e0 la fran\u00e7aise.<br \/>\n\t\t\n<style>\n#text-1563485496 {\n  font-size: 1rem;\n  text-align: left;\n}\n<\/style>\n\t<\/div>\n\t\n\t<div id=\"text-1416474923\" class=\"text\">\n\t\t\n<p><i class=\"fa-regular fa-ruler-combined\"><\/i> 28 m\u00b2<br \/>\n<i class=\"fa-regular fa-people\"><\/i> 2 adultes ou 2 adultes et 1 enfant<br \/>\n<i class=\"fa-light fa-bed-front\"><\/i> 1 Double ou 2 Twin<br \/>\n\t\t\n<style>\n#text-1416474923 {\n  text-align: left;\n}\n<\/style>\n\t<\/div>\n\t\n<a href=\"https:\/\/reservas.termesmontbrio.com\/fr\/hotel\/termesmontbrio\/room?roomId=SUP\" target=\"_blank\" class=\"button secondary box-shadow-2\" rel=\"noopener\" style=\"border-radius:99px;\">\n\t\t<span>r\u00e9server<\/span>\n\t<\/a>\n\n\t\t<\/div>\n\t\t\t\t\n<style>\n#col-1103387494 > .col-inner {\n  padding: 10% 0% 5% 8%;\n  margin: 0px 0px 0px 0px;\n}\n@media (min-width:550px) {\n  #col-1103387494 > .col-inner {\n    padding: 10% 7% 2% 7%;\n    margin: 0px 0px 0px 0px;\n  }\n}\n@media (min-width:850px) {\n  #col-1103387494 > .col-inner {\n    padding: 5% 7% 5% 7%;\n  }\n}\n<\/style>\n\t<\/div>\n\n\t\n\n\t<div id=\"col-689283768\" class=\"col medium-12 small-12 large-8 small-col-first\"  >\n\t\t\t\t<div class=\"col-inner\"  >\n\t\t\t\n\t\t\t\n<div class=\"slider-wrapper relative\" id=\"slider-1208423882\" >\n    <div class=\"slider slider-nav-dots-dashes-spaced slider-nav-circle slider-nav-large slider-nav-dark slider-style-normal slider-show-nav\"\n        data-flickity-options='{\n            \"cellAlign\": \"center\",\n            \"imagesLoaded\": true,\n            \"lazyLoad\": 1,\n            \"freeScroll\": true,\n            \"wrapAround\": true,\n            \"autoPlay\": false,\n            \"pauseAutoPlayOnHover\" : true,\n            \"prevNextButtons\": true,\n            \"contain\" : true,\n            \"adaptiveHeight\" : true,\n            \"dragThreshold\" : 10,\n            \"percentPosition\": true,\n            \"pageDots\": true,\n            \"rightToLeft\": false,\n            \"draggable\": true,\n            \"selectedAttraction\": 0.1,\n            \"parallax\" : 0,\n            \"friction\": 0.6        }'\n        >\n        \n\t<div class=\"img has-hover x md-x lg-x y md-y lg-y\" id=\"image_1235933815\">\n\t\t\t\t\t\t\t\t<div class=\"img-inner image-cover dark\" style=\"padding-top:80%;\">\n\t\t\t<img decoding=\"async\" width=\"1000\" height=\"666\" src=\"https:\/\/www.termesmontbrio.com\/wp-content\/uploads\/2024\/02\/04.Hab_.Superior_Termes_Montbrio.ok_.webp\" class=\"attachment-large size-large\" alt=\".Hab.Superior Termes Montbrio.ok\" srcset=\"https:\/\/www.termesmontbrio.com\/wp-content\/uploads\/2024\/02\/04.Hab_.Superior_Termes_Montbrio.ok_.webp 1000w, https:\/\/www.termesmontbrio.com\/wp-content\/uploads\/2024\/02\/04.Hab_.Superior_Termes_Montbrio.ok_-300x200.webp 300w, https:\/\/www.termesmontbrio.com\/wp-content\/uploads\/2024\/02\/04.Hab_.Superior_Termes_Montbrio.ok_-768x511.webp 768w\" sizes=\"(max-width: 1000px) 100vw, 1000px\" \/>\t\t\t\t\t\t\n\t\t\t\t\t<\/div>\n\t\t\t\t\t\t\t\t\n<style>\n#image_1235933815 {\n  width: 100%;\n}\n<\/style>\n\t<\/div>\n\t\n\t<div class=\"img has-hover x md-x lg-x y md-y lg-y\" id=\"image_1138753671\">\n\t\t\t\t\t\t\t\t<div class=\"img-inner image-cover dark\" style=\"padding-top:80%;\">\n\t\t\t<img decoding=\"async\" width=\"682\" height=\"1024\" src=\"https:\/\/www.termesmontbrio.com\/wp-content\/uploads\/2024\/05\/HOTEL-TERMES-MONTBRIO-habitaciones-16-Superior-doble-individual-682x1024.webp\" class=\"attachment-large size-large\" alt=\"HOTEL TERMES MONTBRIO habitaciones Superior doble individual\" srcset=\"https:\/\/www.termesmontbrio.com\/wp-content\/uploads\/2024\/05\/HOTEL-TERMES-MONTBRIO-habitaciones-16-Superior-doble-individual-682x1024.webp 682w, https:\/\/www.termesmontbrio.com\/wp-content\/uploads\/2024\/05\/HOTEL-TERMES-MONTBRIO-habitaciones-16-Superior-doble-individual-200x300.webp 200w, https:\/\/www.termesmontbrio.com\/wp-content\/uploads\/2024\/05\/HOTEL-TERMES-MONTBRIO-habitaciones-16-Superior-doble-individual-768x1152.webp 768w, https:\/\/www.termesmontbrio.com\/wp-content\/uploads\/2024\/05\/HOTEL-TERMES-MONTBRIO-habitaciones-16-Superior-doble-individual.webp 835w\" sizes=\"(max-width: 682px) 100vw, 682px\" \/>\t\t\t\t\t\t\n\t\t\t\t\t<\/div>\n\t\t\t\t\t\t\t\t\n<style>\n#image_1138753671 {\n  width: 100%;\n}\n<\/style>\n\t<\/div>\n\t\n\t<div class=\"img has-hover x md-x lg-x y md-y lg-y\" id=\"image_1680658714\">\n\t\t\t\t\t\t\t\t<div class=\"img-inner image-cover dark\" style=\"padding-top:80%;\">\n\t\t\t<img decoding=\"async\" width=\"1020\" height=\"680\" src=\"https:\/\/www.termesmontbrio.com\/wp-content\/uploads\/2024\/05\/HOTEL-TERMES-MONTBRIO-habitaciones-58-superior-doble_individual-1024x683.webp\" class=\"attachment-large size-large\" alt=\"HOTEL TERMES MONTBRIO habitaciones superior doble individual\" srcset=\"https:\/\/www.termesmontbrio.com\/wp-content\/uploads\/2024\/05\/HOTEL-TERMES-MONTBRIO-habitaciones-58-superior-doble_individual-1024x683.webp 1024w, https:\/\/www.termesmontbrio.com\/wp-content\/uploads\/2024\/05\/HOTEL-TERMES-MONTBRIO-habitaciones-58-superior-doble_individual-300x200.webp 300w, https:\/\/www.termesmontbrio.com\/wp-content\/uploads\/2024\/05\/HOTEL-TERMES-MONTBRIO-habitaciones-58-superior-doble_individual-768x512.webp 768w, https:\/\/www.termesmontbrio.com\/wp-content\/uploads\/2024\/05\/HOTEL-TERMES-MONTBRIO-habitaciones-58-superior-doble_individual.webp 1221w\" sizes=\"(max-width: 1020px) 100vw, 1020px\" \/>\t\t\t\t\t\t\n\t\t\t\t\t<\/div>\n\t\t\t\t\t\t\t\t\n<style>\n#image_1680658714 {\n  width: 100%;\n}\n<\/style>\n\t<\/div>\n\t\n\t<div class=\"img has-hover x md-x lg-x y md-y lg-y\" id=\"image_1956504746\">\n\t\t\t\t\t\t\t\t<div class=\"img-inner image-cover dark\" style=\"padding-top:80%;\">\n\t\t\t<img decoding=\"async\" width=\"1020\" height=\"680\" src=\"https:\/\/www.termesmontbrio.com\/wp-content\/uploads\/2024\/05\/HOTEL-TERMES-MONTBRIO-habitaciones-64-Superior_-1024x683.webp\" class=\"attachment-large size-large\" alt=\"HOTEL TERMES MONTBRIO habitaciones Superior\" srcset=\"https:\/\/www.termesmontbrio.com\/wp-content\/uploads\/2024\/05\/HOTEL-TERMES-MONTBRIO-habitaciones-64-Superior_-1024x683.webp 1024w, https:\/\/www.termesmontbrio.com\/wp-content\/uploads\/2024\/05\/HOTEL-TERMES-MONTBRIO-habitaciones-64-Superior_-300x200.webp 300w, https:\/\/www.termesmontbrio.com\/wp-content\/uploads\/2024\/05\/HOTEL-TERMES-MONTBRIO-habitaciones-64-Superior_-768x512.webp 768w, https:\/\/www.termesmontbrio.com\/wp-content\/uploads\/2024\/05\/HOTEL-TERMES-MONTBRIO-habitaciones-64-Superior_.webp 1197w\" sizes=\"(max-width: 1020px) 100vw, 1020px\" \/>\t\t\t\t\t\t\n\t\t\t\t\t<\/div>\n\t\t\t\t\t\t\t\t\n<style>\n#image_1956504746 {\n  width: 100%;\n}\n<\/style>\n\t<\/div>\n\t\n     <\/div>\n\n     <div class=\"loading-spin dark large centered\"><\/div>\n\n\t<\/div>\n\n\n\t\t<\/div>\n\t\t\t\t\t<\/div>\n\n\t\n<\/div>\n\t<div id=\"gap-159697758\" class=\"gap-element clearfix\" style=\"display:block; height:auto;\">\n\t\t\n<style>\n#gap-159697758 {\n  padding-top: 40px;\n}\n<\/style>\n\t<\/div>\n\t\n\t\t<\/div>\n\t\t\t\t\n<style>\n#col-1408088856 > .col-inner {\n  padding: 0px 0px 0px 0px;\n  margin: 30px 0px 0px 0px;\n}\n<\/style>\n\t<\/div>\n\n\t\n<\/div>\n<\/div>\n<div id=\"tab_triple-sup\u00e9rieure\" class=\"panel entry-content\" role=\"tabpanel\" aria-labelledby=\"tab-triple-sup\u00e9rieure\">\n<div class=\"row row-large\"  id=\"row-1394306213\">\n\n\t<div id=\"col-1373284968\" class=\"col small-12 large-12\"  >\n\t\t\t\t<div class=\"col-inner text-left\"  >\n\t\t\t\n\t\t\t\n<div class=\"row row-collapse row-full-width align-middle align-center row-box-shadow-3\"  id=\"row-190484346\">\n\n\t<div id=\"col-852301526\" class=\"col medium-12 small-12 large-4\"  >\n\t\t\t\t<div class=\"col-inner text-center\" style=\"background-color:rgb(255,255,255);\" >\n\t\t\t\n\t\t\t\n\t<div id=\"text-2404045299\" class=\"text\">\n\t\t\n<h2>Chambre triple sup\u00e9rieure<\/h2>\n\t\t\n<style>\n#text-2404045299 {\n  text-align: left;\n}\n<\/style>\n\t<\/div>\n\t\n<div class=\"is-divider divider clearfix\" style=\"margin-top:10px;margin-bottom:10px;height:2px;\"><\/div>\n\t<div id=\"text-2995811052\" class=\"text\">\n\t\t\n<p>Chambre plus spacieuse, \u00e9l\u00e9gante et lumineuse, avec un \u00e9quipement am\u00e9lior\u00e9 et une grande fen\u00eatre avec vue. Profite d&rsquo;un s\u00e9jour encore plus confortable. Id\u00e9ale pour 3 adultes.<br \/>\n\t\t\n<style>\n#text-2995811052 {\n  font-size: 1rem;\n  text-align: left;\n}\n<\/style>\n\t<\/div>\n\t\n\t<div id=\"text-447709717\" class=\"text\">\n\t\t\n<p><i class=\"fa-regular fa-ruler-combined\"><\/i> 28 m\u00b2<br \/>\n<i class=\"fa-regular fa-people\"><\/i> 3 personnes<br \/>\n<i class=\"fa-light fa-bed-front\"><\/i> 1 Double et 1 Twin<br \/>\n\t\t\n<style>\n#text-447709717 {\n  text-align: left;\n}\n<\/style>\n\t<\/div>\n\t\n<a href=\"https:\/\/reservas.termesmontbrio.com\/hotel\/termesmontbrio\/room?roomId=TRPSUP\" target=\"_blank\" class=\"button secondary box-shadow-2\" rel=\"noopener\" style=\"border-radius:99px;\">\n\t\t<span>r\u00e9server<\/span>\n\t<\/a>\n\n\t\t<\/div>\n\t\t\t\t\n<style>\n#col-852301526 > .col-inner {\n  padding: 10% 0% 5% 8%;\n  margin: 0px 0px 0px 0px;\n}\n@media (min-width:550px) {\n  #col-852301526 > .col-inner {\n    padding: 10% 7% 2% 7%;\n    margin: 0px 0px 0px 0px;\n  }\n}\n@media (min-width:850px) {\n  #col-852301526 > .col-inner {\n    padding: 5% 7% 5% 7%;\n  }\n}\n<\/style>\n\t<\/div>\n\n\t\n\n\t<div id=\"col-1547789831\" class=\"col medium-12 small-12 large-8 small-col-first\"  >\n\t\t\t\t<div class=\"col-inner\"  >\n\t\t\t\n\t\t\t\n<div class=\"slider-wrapper relative\" id=\"slider-22468112\" >\n    <div class=\"slider slider-nav-dots-dashes-spaced slider-nav-circle slider-nav-large slider-nav-dark slider-style-normal slider-show-nav\"\n        data-flickity-options='{\n            \"cellAlign\": \"center\",\n            \"imagesLoaded\": true,\n            \"lazyLoad\": 1,\n            \"freeScroll\": true,\n            \"wrapAround\": true,\n            \"autoPlay\": false,\n            \"pauseAutoPlayOnHover\" : true,\n            \"prevNextButtons\": true,\n            \"contain\" : true,\n            \"adaptiveHeight\" : true,\n            \"dragThreshold\" : 10,\n            \"percentPosition\": true,\n            \"pageDots\": true,\n            \"rightToLeft\": false,\n            \"draggable\": true,\n            \"selectedAttraction\": 0.1,\n            \"parallax\" : 0,\n            \"friction\": 0.6        }'\n        >\n        \n\t<div class=\"img has-hover x md-x lg-x y md-y lg-y\" id=\"image_1692801771\">\n\t\t\t\t\t\t\t\t<div class=\"img-inner image-cover dark\" style=\"padding-top:80%;\">\n\t\t\t<img decoding=\"async\" width=\"1000\" height=\"666\" src=\"https:\/\/www.termesmontbrio.com\/wp-content\/uploads\/2024\/02\/Triple-Superior-Termes-Montbrio.webp\" class=\"attachment-large size-large\" alt=\"Triple Superior Termes Montbrio\" srcset=\"https:\/\/www.termesmontbrio.com\/wp-content\/uploads\/2024\/02\/Triple-Superior-Termes-Montbrio.webp 1000w, https:\/\/www.termesmontbrio.com\/wp-content\/uploads\/2024\/02\/Triple-Superior-Termes-Montbrio-300x200.webp 300w, https:\/\/www.termesmontbrio.com\/wp-content\/uploads\/2024\/02\/Triple-Superior-Termes-Montbrio-768x511.webp 768w\" sizes=\"(max-width: 1000px) 100vw, 1000px\" \/>\t\t\t\t\t\t\n\t\t\t\t\t<\/div>\n\t\t\t\t\t\t\t\t\n<style>\n#image_1692801771 {\n  width: 100%;\n}\n<\/style>\n\t<\/div>\n\t\n\t<div class=\"img has-hover x md-x lg-x y md-y lg-y\" id=\"image_1783342950\">\n\t\t\t\t\t\t\t\t<div class=\"img-inner image-cover dark\" style=\"padding-top:80%;\">\n\t\t\t<img decoding=\"async\" width=\"1020\" height=\"679\" src=\"https:\/\/www.termesmontbrio.com\/wp-content\/uploads\/2024\/05\/HOTEL-TERMES-MONTBRIO-habitaciones-79-Triple-Superior_-1024x682.webp\" class=\"attachment-large size-large\" alt=\"HOTEL TERMES MONTBRIO habitaciones Triple Superior\" srcset=\"https:\/\/www.termesmontbrio.com\/wp-content\/uploads\/2024\/05\/HOTEL-TERMES-MONTBRIO-habitaciones-79-Triple-Superior_-1024x682.webp 1024w, https:\/\/www.termesmontbrio.com\/wp-content\/uploads\/2024\/05\/HOTEL-TERMES-MONTBRIO-habitaciones-79-Triple-Superior_-300x200.webp 300w, https:\/\/www.termesmontbrio.com\/wp-content\/uploads\/2024\/05\/HOTEL-TERMES-MONTBRIO-habitaciones-79-Triple-Superior_-768x512.webp 768w, https:\/\/www.termesmontbrio.com\/wp-content\/uploads\/2024\/05\/HOTEL-TERMES-MONTBRIO-habitaciones-79-Triple-Superior_.webp 1253w\" sizes=\"(max-width: 1020px) 100vw, 1020px\" \/>\t\t\t\t\t\t\n\t\t\t\t\t<\/div>\n\t\t\t\t\t\t\t\t\n<style>\n#image_1783342950 {\n  width: 100%;\n}\n<\/style>\n\t<\/div>\n\t\n\t<div class=\"img has-hover x md-x lg-x y md-y lg-y\" id=\"image_466073168\">\n\t\t\t\t\t\t\t\t<div class=\"img-inner image-cover dark\" style=\"padding-top:80%;\">\n\t\t\t<img decoding=\"async\" width=\"1020\" height=\"679\" src=\"https:\/\/www.termesmontbrio.com\/wp-content\/uploads\/2024\/05\/HOTEL-TERMES-MONTBRIO-habitaciones-78-Triple-Superior_-1024x682.webp\" class=\"attachment-large size-large\" alt=\"HOTEL TERMES MONTBRIO habitaciones Triple Superior\" srcset=\"https:\/\/www.termesmontbrio.com\/wp-content\/uploads\/2024\/05\/HOTEL-TERMES-MONTBRIO-habitaciones-78-Triple-Superior_-1024x682.webp 1024w, https:\/\/www.termesmontbrio.com\/wp-content\/uploads\/2024\/05\/HOTEL-TERMES-MONTBRIO-habitaciones-78-Triple-Superior_-300x200.webp 300w, https:\/\/www.termesmontbrio.com\/wp-content\/uploads\/2024\/05\/HOTEL-TERMES-MONTBRIO-habitaciones-78-Triple-Superior_-768x512.webp 768w, https:\/\/www.termesmontbrio.com\/wp-content\/uploads\/2024\/05\/HOTEL-TERMES-MONTBRIO-habitaciones-78-Triple-Superior_.webp 1223w\" sizes=\"(max-width: 1020px) 100vw, 1020px\" \/>\t\t\t\t\t\t\n\t\t\t\t\t<\/div>\n\t\t\t\t\t\t\t\t\n<style>\n#image_466073168 {\n  width: 100%;\n}\n<\/style>\n\t<\/div>\n\t\n\t<div class=\"img has-hover x md-x lg-x y md-y lg-y\" id=\"image_347443658\">\n\t\t\t\t\t\t\t\t<div class=\"img-inner image-cover dark\" style=\"padding-top:80%;\">\n\t\t\t<img decoding=\"async\" width=\"768\" height=\"512\" src=\"https:\/\/www.termesmontbrio.com\/wp-content\/uploads\/2025\/09\/HOTEL-TERMES-MONTBRIO-Habitacions-Triple-Superior-768x512.webp\" class=\"attachment-medium_large size-medium_large\" alt=\"HOTEL TERMES MONTBRI\u00d3 Habitacions Triple Superior\" srcset=\"https:\/\/www.termesmontbrio.com\/wp-content\/uploads\/2025\/09\/HOTEL-TERMES-MONTBRIO-Habitacions-Triple-Superior-768x512.webp 768w, https:\/\/www.termesmontbrio.com\/wp-content\/uploads\/2025\/09\/HOTEL-TERMES-MONTBRIO-Habitacions-Triple-Superior-300x200.webp 300w, https:\/\/www.termesmontbrio.com\/wp-content\/uploads\/2025\/09\/HOTEL-TERMES-MONTBRIO-Habitacions-Triple-Superior-1024x683.webp 1024w, https:\/\/www.termesmontbrio.com\/wp-content\/uploads\/2025\/09\/HOTEL-TERMES-MONTBRIO-Habitacions-Triple-Superior.webp 1200w\" sizes=\"(max-width: 768px) 100vw, 768px\" \/>\t\t\t\t\t\t\n\t\t\t\t\t<\/div>\n\t\t\t\t\t\t\t\t\n<style>\n#image_347443658 {\n  width: 100%;\n}\n<\/style>\n\t<\/div>\n\t\n     <\/div>\n\n     <div class=\"loading-spin dark large centered\"><\/div>\n\n\t<\/div>\n\n\n\t\t<\/div>\n\t\t\t\t\t<\/div>\n\n\t\n<\/div>\n\t<div id=\"gap-239997367\" class=\"gap-element clearfix\" style=\"display:block; height:auto;\">\n\t\t\n<style>\n#gap-239997367 {\n  padding-top: 40px;\n}\n<\/style>\n\t<\/div>\n\t\n\t\t<\/div>\n\t\t\t\t\n<style>\n#col-1373284968 > .col-inner {\n  padding: 0px 0px 0px 0px;\n  margin: 30px 0px 0px 0px;\n}\n<\/style>\n\t<\/div>\n\n\t\n<\/div>\n<\/div>\n<div id=\"tab_deluxe\" class=\"panel entry-content\" role=\"tabpanel\" aria-labelledby=\"tab-deluxe\">\n<div class=\"row row-large\"  id=\"row-129226249\">\n\n\t<div id=\"col-1980656643\" class=\"col small-12 large-12\"  >\n\t\t\t\t<div class=\"col-inner text-left\"  >\n\t\t\t\n\t\t\t\n<div class=\"row row-collapse row-full-width align-middle align-center row-box-shadow-3\"  id=\"row-1229524244\">\n\n\t<div id=\"col-422915335\" class=\"col medium-12 small-12 large-4\"  >\n\t\t\t\t<div class=\"col-inner text-center\" style=\"background-color:rgb(255,255,255);\" >\n\t\t\t\n\t\t\t\n\t<div id=\"text-2273132862\" class=\"text\">\n\t\t\n<h2>Chambre Deluxe<\/h2>\n\t\t\n<style>\n#text-2273132862 {\n  text-align: left;\n}\n<\/style>\n\t<\/div>\n\t\n<div class=\"is-divider divider clearfix\" style=\"margin-top:10px;margin-bottom:10px;height:2px;\"><\/div>\n\t<div id=\"text-2892146420\" class=\"text\">\n\t\t\n<p>Chambre spacieuse, \u00e9l\u00e9gante et lumineuse avec un \u00e9quipement am\u00e9lior\u00e9, chambre avec parquet et salle de bain avec baignoire, baie vitr\u00e9e donnant sur la piscine ext\u00e9rieure de l&rsquo;h\u00f4tel. Profitez d&rsquo;un s\u00e9jour encore plus confortable Id\u00e9al pour 2 ou 3 personnes (2 adultes ou 2 adultes et 1 enfant).<br \/>\n\t\t\n<style>\n#text-2892146420 {\n  font-size: 1rem;\n  text-align: left;\n}\n<\/style>\n\t<\/div>\n\t\n\t<div id=\"text-2414660058\" class=\"text\">\n\t\t\n<p><i class=\"fa-regular fa-ruler-combined\"><\/i> 28 m\u00b2<br \/>\n<i class=\"fa-regular fa-people\"><\/i> 3 personnes<br \/>\n<i class=\"fa-light fa-bed-front\"><\/i> 1 Double et 1 Twin<br \/>\n\t\t\n<style>\n#text-2414660058 {\n  text-align: left;\n}\n<\/style>\n\t<\/div>\n\t\n<a href=\"https:\/\/reservas.termesmontbrio.com\/fr\/hotel\/termesmontbrio\/room?roomId=DLX\" target=\"_blank\" class=\"button secondary box-shadow-2\" rel=\"noopener\" style=\"border-radius:99px;\">\n\t\t<span>r\u00e9server<\/span>\n\t<\/a>\n\n\t\t<\/div>\n\t\t\t\t\n<style>\n#col-422915335 > .col-inner {\n  padding: 10% 0% 5% 8%;\n  margin: 0px 0px 0px 0px;\n}\n@media (min-width:550px) {\n  #col-422915335 > .col-inner {\n    padding: 10% 7% 2% 7%;\n    margin: 0px 0px 0px 0px;\n  }\n}\n@media (min-width:850px) {\n  #col-422915335 > .col-inner {\n    padding: 5% 7% 5% 7%;\n  }\n}\n<\/style>\n\t<\/div>\n\n\t\n\n\t<div id=\"col-1880713276\" class=\"col medium-12 small-12 large-8 small-col-first\"  >\n\t\t\t\t<div class=\"col-inner\"  >\n\t\t\t\n\t\t\t\n<div class=\"slider-wrapper relative\" id=\"slider-1831579449\" >\n    <div class=\"slider slider-nav-dots-dashes-spaced slider-nav-circle slider-nav-large slider-nav-dark slider-style-normal slider-show-nav\"\n        data-flickity-options='{\n            \"cellAlign\": \"center\",\n            \"imagesLoaded\": true,\n            \"lazyLoad\": 1,\n            \"freeScroll\": true,\n            \"wrapAround\": true,\n            \"autoPlay\": false,\n            \"pauseAutoPlayOnHover\" : true,\n            \"prevNextButtons\": true,\n            \"contain\" : true,\n            \"adaptiveHeight\" : true,\n            \"dragThreshold\" : 10,\n            \"percentPosition\": true,\n            \"pageDots\": true,\n            \"rightToLeft\": false,\n            \"draggable\": true,\n            \"selectedAttraction\": 0.1,\n            \"parallax\" : 0,\n            \"friction\": 0.6        }'\n        >\n        \n\t<div class=\"img has-hover x md-x lg-x y md-y lg-y\" id=\"image_1779480725\">\n\t\t\t\t\t\t\t\t<div class=\"img-inner image-cover dark\" style=\"padding-top:80%;\">\n\t\t\t<img decoding=\"async\" width=\"1020\" height=\"679\" src=\"https:\/\/www.termesmontbrio.com\/wp-content\/uploads\/2024\/05\/HOTEL-TERMES-MONTBRIO-habitaciones-86-Deluxe_-1024x682.webp\" class=\"attachment-large size-large\" alt=\"HOTEL TERMES MONTBRIO habitaciones Deluxe\" srcset=\"https:\/\/www.termesmontbrio.com\/wp-content\/uploads\/2024\/05\/HOTEL-TERMES-MONTBRIO-habitaciones-86-Deluxe_-1024x682.webp 1024w, https:\/\/www.termesmontbrio.com\/wp-content\/uploads\/2024\/05\/HOTEL-TERMES-MONTBRIO-habitaciones-86-Deluxe_-300x200.webp 300w, https:\/\/www.termesmontbrio.com\/wp-content\/uploads\/2024\/05\/HOTEL-TERMES-MONTBRIO-habitaciones-86-Deluxe_-768x512.webp 768w, https:\/\/www.termesmontbrio.com\/wp-content\/uploads\/2024\/05\/HOTEL-TERMES-MONTBRIO-habitaciones-86-Deluxe_.webp 1253w\" sizes=\"(max-width: 1020px) 100vw, 1020px\" \/>\t\t\t\t\t\t\n\t\t\t\t\t<\/div>\n\t\t\t\t\t\t\t\t\n<style>\n#image_1779480725 {\n  width: 100%;\n}\n<\/style>\n\t<\/div>\n\t\n\t<div class=\"img has-hover x md-x lg-x y md-y lg-y\" id=\"image_750230592\">\n\t\t\t\t\t\t\t\t<div class=\"img-inner image-cover dark\" style=\"padding-top:80%;\">\n\t\t\t<img decoding=\"async\" width=\"1020\" height=\"679\" src=\"https:\/\/www.termesmontbrio.com\/wp-content\/uploads\/2024\/05\/HOTEL-TERMES-MONTBRIO-habitaciones-62-Deluxe-1024x682.webp\" class=\"attachment-large size-large\" alt=\"HOTEL TERMES MONTBRIO habitaciones Deluxe\" srcset=\"https:\/\/www.termesmontbrio.com\/wp-content\/uploads\/2024\/05\/HOTEL-TERMES-MONTBRIO-habitaciones-62-Deluxe-1024x682.webp 1024w, https:\/\/www.termesmontbrio.com\/wp-content\/uploads\/2024\/05\/HOTEL-TERMES-MONTBRIO-habitaciones-62-Deluxe-300x200.webp 300w, https:\/\/www.termesmontbrio.com\/wp-content\/uploads\/2024\/05\/HOTEL-TERMES-MONTBRIO-habitaciones-62-Deluxe-768x512.webp 768w, https:\/\/www.termesmontbrio.com\/wp-content\/uploads\/2024\/05\/HOTEL-TERMES-MONTBRIO-habitaciones-62-Deluxe.webp 1250w\" sizes=\"(max-width: 1020px) 100vw, 1020px\" \/>\t\t\t\t\t\t\n\t\t\t\t\t<\/div>\n\t\t\t\t\t\t\t\t\n<style>\n#image_750230592 {\n  width: 100%;\n}\n<\/style>\n\t<\/div>\n\t\n\t<div class=\"img has-hover x md-x lg-x y md-y lg-y\" id=\"image_1148018323\">\n\t\t\t\t\t\t\t\t<div class=\"img-inner image-cover dark\" style=\"padding-top:80%;\">\n\t\t\t<img decoding=\"async\" width=\"1020\" height=\"680\" src=\"https:\/\/www.termesmontbrio.com\/wp-content\/uploads\/2024\/05\/HOTEL-TERMES-MONTBRIO-habitaciones-85-Deluxe_-1024x683.webp\" class=\"attachment-large size-large\" alt=\"HOTEL TERMES MONTBRIO habitaciones Deluxe\" srcset=\"https:\/\/www.termesmontbrio.com\/wp-content\/uploads\/2024\/05\/HOTEL-TERMES-MONTBRIO-habitaciones-85-Deluxe_-1024x683.webp 1024w, https:\/\/www.termesmontbrio.com\/wp-content\/uploads\/2024\/05\/HOTEL-TERMES-MONTBRIO-habitaciones-85-Deluxe_-300x200.webp 300w, https:\/\/www.termesmontbrio.com\/wp-content\/uploads\/2024\/05\/HOTEL-TERMES-MONTBRIO-habitaciones-85-Deluxe_-768x512.webp 768w, https:\/\/www.termesmontbrio.com\/wp-content\/uploads\/2024\/05\/HOTEL-TERMES-MONTBRIO-habitaciones-85-Deluxe_.webp 1242w\" sizes=\"(max-width: 1020px) 100vw, 1020px\" \/>\t\t\t\t\t\t\n\t\t\t\t\t<\/div>\n\t\t\t\t\t\t\t\t\n<style>\n#image_1148018323 {\n  width: 100%;\n}\n<\/style>\n\t<\/div>\n\t\n\t<div class=\"img has-hover x md-x lg-x y md-y lg-y\" id=\"image_1238172879\">\n\t\t\t\t\t\t\t\t<div class=\"img-inner image-cover dark\" style=\"padding-top:80%;\">\n\t\t\t<img decoding=\"async\" width=\"768\" height=\"512\" src=\"https:\/\/www.termesmontbrio.com\/wp-content\/uploads\/2024\/05\/HOTEL-TERMES-MONTBRIO-habitaciones-63-Deluxe-768x512.webp\" class=\"attachment-medium_large size-medium_large\" alt=\"HOTEL TERMES MONTBRIO habitaciones Deluxe\" srcset=\"https:\/\/www.termesmontbrio.com\/wp-content\/uploads\/2024\/05\/HOTEL-TERMES-MONTBRIO-habitaciones-63-Deluxe-768x512.webp 768w, https:\/\/www.termesmontbrio.com\/wp-content\/uploads\/2024\/05\/HOTEL-TERMES-MONTBRIO-habitaciones-63-Deluxe-300x200.webp 300w, https:\/\/www.termesmontbrio.com\/wp-content\/uploads\/2024\/05\/HOTEL-TERMES-MONTBRIO-habitaciones-63-Deluxe-1024x683.webp 1024w, https:\/\/www.termesmontbrio.com\/wp-content\/uploads\/2024\/05\/HOTEL-TERMES-MONTBRIO-habitaciones-63-Deluxe.webp 1237w\" sizes=\"(max-width: 768px) 100vw, 768px\" \/>\t\t\t\t\t\t\n\t\t\t\t\t<\/div>\n\t\t\t\t\t\t\t\t\n<style>\n#image_1238172879 {\n  width: 100%;\n}\n<\/style>\n\t<\/div>\n\t\n     <\/div>\n\n     <div class=\"loading-spin dark large centered\"><\/div>\n\n\t<\/div>\n\n\n\t\t<\/div>\n\t\t\t\t\t<\/div>\n\n\t\n<\/div>\n\t<div id=\"gap-136194549\" class=\"gap-element clearfix\" style=\"display:block; height:auto;\">\n\t\t\n<style>\n#gap-136194549 {\n  padding-top: 40px;\n}\n<\/style>\n\t<\/div>\n\t\n\t\t<\/div>\n\t\t\t\t\n<style>\n#col-1980656643 > .col-inner {\n  padding: 0px 0px 0px 0px;\n  margin: 30px 0px 0px 0px;\n}\n<\/style>\n\t<\/div>\n\n\t\n<\/div>\n<\/div>\n<div id=\"tab_balcon-deluxe\" class=\"panel entry-content\" role=\"tabpanel\" aria-labelledby=\"tab-balcon-deluxe\">\n<div class=\"row row-large\"  id=\"row-261967855\">\n\n\t<div id=\"col-1999669876\" class=\"col small-12 large-12\"  >\n\t\t\t\t<div class=\"col-inner text-left\"  >\n\t\t\t\n\t\t\t\n<div class=\"row row-collapse row-full-width align-middle align-center row-box-shadow-3\"  id=\"row-2137366437\">\n\n\t<div id=\"col-2086583218\" class=\"col medium-12 small-12 large-4\"  >\n\t\t\t\t<div class=\"col-inner text-center\" style=\"background-color:rgb(255,255,255);\" >\n\t\t\t\n\t\t\t\n\t<div id=\"text-2279310254\" class=\"text\">\n\t\t\n<h2>Chambre de luxe avec balcon<\/h2>\n\t\t\n<style>\n#text-2279310254 {\n  text-align: left;\n}\n<\/style>\n\t<\/div>\n\t\n<div class=\"is-divider divider clearfix\" style=\"margin-top:10px;margin-bottom:10px;height:2px;\"><\/div>\n\t<div id=\"text-3813341456\" class=\"text\">\n\t\t\n<p>Chambre spacieuse, \u00e9l\u00e9gante et lumineuse avec \u00e9quipement am\u00e9lior\u00e9, chambre avec parquet et salle de bains avec baignoire, balcon donnant sur la piscine ext\u00e9rieure de l&rsquo;h\u00f4tel. Profitez d&rsquo;un s\u00e9jour encore plus confortable Id\u00e9al pour 2 ou 3 personnes (2 adultes ou 2 adultes et 1 enfant).<br \/>\n\t\t\n<style>\n#text-3813341456 {\n  font-size: 1rem;\n  text-align: left;\n}\n<\/style>\n\t<\/div>\n\t\n\t<div id=\"text-1145549045\" class=\"text\">\n\t\t\n<p><i class=\"fa-regular fa-ruler-combined\"><\/i> 28 m\u00b2<br \/>\n<i class=\"fa-regular fa-people\"><\/i> 3 personnes<br \/>\n<i class=\"fa-light fa-bed-front\"><\/i> 1 Double et 1 Twin<br \/>\n\t\t\n<style>\n#text-1145549045 {\n  text-align: left;\n}\n<\/style>\n\t<\/div>\n\t\n<a href=\"https:\/\/reservas.termesmontbrio.com\/hotel\/termesmontbrio\/room?roomId=DLXB\" target=\"_blank\" class=\"button secondary box-shadow-2\" rel=\"noopener\" style=\"border-radius:99px;\">\n\t\t<span>r\u00e9server<\/span>\n\t<\/a>\n\n\t\t<\/div>\n\t\t\t\t\n<style>\n#col-2086583218 > .col-inner {\n  padding: 10% 0% 5% 8%;\n  margin: 0px 0px 0px 0px;\n}\n@media (min-width:550px) {\n  #col-2086583218 > .col-inner {\n    padding: 10% 7% 2% 7%;\n    margin: 0px 0px 0px 0px;\n  }\n}\n@media (min-width:850px) {\n  #col-2086583218 > .col-inner {\n    padding: 5% 7% 5% 7%;\n  }\n}\n<\/style>\n\t<\/div>\n\n\t\n\n\t<div id=\"col-2054301503\" class=\"col medium-12 small-12 large-8 small-col-first\"  >\n\t\t\t\t<div class=\"col-inner\"  >\n\t\t\t\n\t\t\t\n<div class=\"slider-wrapper relative\" id=\"slider-848680624\" >\n    <div class=\"slider slider-nav-dots-dashes-spaced slider-nav-circle slider-nav-large slider-nav-dark slider-style-normal slider-show-nav\"\n        data-flickity-options='{\n            \"cellAlign\": \"center\",\n            \"imagesLoaded\": true,\n            \"lazyLoad\": 1,\n            \"freeScroll\": true,\n            \"wrapAround\": true,\n            \"autoPlay\": false,\n            \"pauseAutoPlayOnHover\" : true,\n            \"prevNextButtons\": true,\n            \"contain\" : true,\n            \"adaptiveHeight\" : true,\n            \"dragThreshold\" : 10,\n            \"percentPosition\": true,\n            \"pageDots\": true,\n            \"rightToLeft\": false,\n            \"draggable\": true,\n            \"selectedAttraction\": 0.1,\n            \"parallax\" : 0,\n            \"friction\": 0.6        }'\n        >\n        \n\t<div class=\"img has-hover x md-x lg-x y md-y lg-y\" id=\"image_1706451376\">\n\t\t\t\t\t\t\t\t<div class=\"img-inner image-cover dark\" style=\"padding-top:80%;\">\n\t\t\t<img decoding=\"async\" width=\"1020\" height=\"680\" src=\"https:\/\/www.termesmontbrio.com\/wp-content\/uploads\/2025\/09\/Hotel-Termes-Montbrio-Deluxe-Balcon-Habitacion-1024x683.webp\" class=\"attachment-large size-large\" alt=\"Hotel Termes Montbrio Deluxe Balcon Habitacion\" srcset=\"https:\/\/www.termesmontbrio.com\/wp-content\/uploads\/2025\/09\/Hotel-Termes-Montbrio-Deluxe-Balcon-Habitacion-1024x683.webp 1024w, https:\/\/www.termesmontbrio.com\/wp-content\/uploads\/2025\/09\/Hotel-Termes-Montbrio-Deluxe-Balcon-Habitacion-300x200.webp 300w, https:\/\/www.termesmontbrio.com\/wp-content\/uploads\/2025\/09\/Hotel-Termes-Montbrio-Deluxe-Balcon-Habitacion-768x512.webp 768w, https:\/\/www.termesmontbrio.com\/wp-content\/uploads\/2025\/09\/Hotel-Termes-Montbrio-Deluxe-Balcon-Habitacion.webp 1200w\" sizes=\"(max-width: 1020px) 100vw, 1020px\" \/>\t\t\t\t\t\t\n\t\t\t\t\t<\/div>\n\t\t\t\t\t\t\t\t\n<style>\n#image_1706451376 {\n  width: 100%;\n}\n<\/style>\n\t<\/div>\n\t\n\t<div class=\"img has-hover x md-x lg-x y md-y lg-y\" id=\"image_1408957054\">\n\t\t\t\t\t\t\t\t<div class=\"img-inner image-cover dark\" style=\"padding-top:80%;\">\n\t\t\t<img decoding=\"async\" width=\"1020\" height=\"680\" src=\"https:\/\/www.termesmontbrio.com\/wp-content\/uploads\/2025\/09\/Hotel-Termes-Montbrio-Habitacio-Deluxe-Balco-1024x683.webp\" class=\"attachment-large size-large\" alt=\"Hotel Termes Montbrio Habitacio Deluxe Balco\" srcset=\"https:\/\/www.termesmontbrio.com\/wp-content\/uploads\/2025\/09\/Hotel-Termes-Montbrio-Habitacio-Deluxe-Balco-1024x683.webp 1024w, https:\/\/www.termesmontbrio.com\/wp-content\/uploads\/2025\/09\/Hotel-Termes-Montbrio-Habitacio-Deluxe-Balco-300x200.webp 300w, https:\/\/www.termesmontbrio.com\/wp-content\/uploads\/2025\/09\/Hotel-Termes-Montbrio-Habitacio-Deluxe-Balco-768x512.webp 768w, https:\/\/www.termesmontbrio.com\/wp-content\/uploads\/2025\/09\/Hotel-Termes-Montbrio-Habitacio-Deluxe-Balco.webp 1200w\" sizes=\"(max-width: 1020px) 100vw, 1020px\" \/>\t\t\t\t\t\t\n\t\t\t\t\t<\/div>\n\t\t\t\t\t\t\t\t\n<style>\n#image_1408957054 {\n  width: 100%;\n}\n<\/style>\n\t<\/div>\n\t\n\t<div class=\"img has-hover x md-x lg-x y md-y lg-y\" id=\"image_1947141202\">\n\t\t\t\t\t\t\t\t<div class=\"img-inner image-cover dark\" style=\"padding-top:80%;\">\n\t\t\t<img decoding=\"async\" width=\"1020\" height=\"680\" src=\"https:\/\/www.termesmontbrio.com\/wp-content\/uploads\/2025\/09\/Habitacion-Deluxe-Balcon-Termes-Montbrio-1024x683.webp\" class=\"attachment-large size-large\" alt=\"Habitacion Deluxe Balcon Termes Montbrio\" srcset=\"https:\/\/www.termesmontbrio.com\/wp-content\/uploads\/2025\/09\/Habitacion-Deluxe-Balcon-Termes-Montbrio-1024x683.webp 1024w, https:\/\/www.termesmontbrio.com\/wp-content\/uploads\/2025\/09\/Habitacion-Deluxe-Balcon-Termes-Montbrio-300x200.webp 300w, https:\/\/www.termesmontbrio.com\/wp-content\/uploads\/2025\/09\/Habitacion-Deluxe-Balcon-Termes-Montbrio-768x512.webp 768w, https:\/\/www.termesmontbrio.com\/wp-content\/uploads\/2025\/09\/Habitacion-Deluxe-Balcon-Termes-Montbrio.webp 1200w\" sizes=\"(max-width: 1020px) 100vw, 1020px\" \/>\t\t\t\t\t\t\n\t\t\t\t\t<\/div>\n\t\t\t\t\t\t\t\t\n<style>\n#image_1947141202 {\n  width: 100%;\n}\n<\/style>\n\t<\/div>\n\t\n\t<div class=\"img has-hover x md-x lg-x y md-y lg-y\" id=\"image_1021223469\">\n\t\t\t\t\t\t\t\t<div class=\"img-inner image-cover dark\" style=\"padding-top:80%;\">\n\t\t\t<img decoding=\"async\" width=\"768\" height=\"512\" src=\"https:\/\/www.termesmontbrio.com\/wp-content\/uploads\/2024\/05\/HOTEL-TERMES-MONTBRIO-habitaciones-63-Deluxe-768x512.webp\" class=\"attachment-medium_large size-medium_large\" alt=\"HOTEL TERMES MONTBRIO habitaciones Deluxe\" srcset=\"https:\/\/www.termesmontbrio.com\/wp-content\/uploads\/2024\/05\/HOTEL-TERMES-MONTBRIO-habitaciones-63-Deluxe-768x512.webp 768w, https:\/\/www.termesmontbrio.com\/wp-content\/uploads\/2024\/05\/HOTEL-TERMES-MONTBRIO-habitaciones-63-Deluxe-300x200.webp 300w, https:\/\/www.termesmontbrio.com\/wp-content\/uploads\/2024\/05\/HOTEL-TERMES-MONTBRIO-habitaciones-63-Deluxe-1024x683.webp 1024w, https:\/\/www.termesmontbrio.com\/wp-content\/uploads\/2024\/05\/HOTEL-TERMES-MONTBRIO-habitaciones-63-Deluxe.webp 1237w\" sizes=\"(max-width: 768px) 100vw, 768px\" \/>\t\t\t\t\t\t\n\t\t\t\t\t<\/div>\n\t\t\t\t\t\t\t\t\n<style>\n#image_1021223469 {\n  width: 100%;\n}\n<\/style>\n\t<\/div>\n\t\n\t<div class=\"img has-hover x md-x lg-x y md-y lg-y\" id=\"image_989500133\">\n\t\t\t\t\t\t\t\t<div class=\"img-inner image-cover dark\" style=\"padding-top:80%;\">\n\t\t\t<img decoding=\"async\" width=\"768\" height=\"512\" src=\"https:\/\/www.termesmontbrio.com\/wp-content\/uploads\/2025\/09\/Deluxe-Balcon-Termes-Montbrio-Hotel-768x512.webp\" class=\"attachment-medium_large size-medium_large\" alt=\"Deluxe Balcon Termes Montbrio Hotel\" srcset=\"https:\/\/www.termesmontbrio.com\/wp-content\/uploads\/2025\/09\/Deluxe-Balcon-Termes-Montbrio-Hotel-768x512.webp 768w, https:\/\/www.termesmontbrio.com\/wp-content\/uploads\/2025\/09\/Deluxe-Balcon-Termes-Montbrio-Hotel-300x200.webp 300w, https:\/\/www.termesmontbrio.com\/wp-content\/uploads\/2025\/09\/Deluxe-Balcon-Termes-Montbrio-Hotel-1024x683.webp 1024w, https:\/\/www.termesmontbrio.com\/wp-content\/uploads\/2025\/09\/Deluxe-Balcon-Termes-Montbrio-Hotel.webp 1200w\" sizes=\"(max-width: 768px) 100vw, 768px\" \/>\t\t\t\t\t\t\n\t\t\t\t\t<\/div>\n\t\t\t\t\t\t\t\t\n<style>\n#image_989500133 {\n  width: 100%;\n}\n<\/style>\n\t<\/div>\n\t\n     <\/div>\n\n     <div class=\"loading-spin dark large centered\"><\/div>\n\n\t<\/div>\n\n\n\t\t<\/div>\n\t\t\t\t\t<\/div>\n\n\t\n<\/div>\n\t<div id=\"gap-1143997124\" class=\"gap-element clearfix\" style=\"display:block; height:auto;\">\n\t\t\n<style>\n#gap-1143997124 {\n  padding-top: 40px;\n}\n<\/style>\n\t<\/div>\n\t\n\t\t<\/div>\n\t\t\t\t\n<style>\n#col-1999669876 > .col-inner {\n  padding: 0px 0px 0px 0px;\n  margin: 30px 0px 0px 0px;\n}\n<\/style>\n\t<\/div>\n\n\t\n<\/div>\n<\/div>\n<div id=\"tab_premium\" class=\"panel entry-content\" role=\"tabpanel\" aria-labelledby=\"tab-premium\">\n<div class=\"row row-large\"  id=\"row-1450163600\">\n\n\t<div id=\"col-922799174\" class=\"col small-12 large-12\"  >\n\t\t\t\t<div class=\"col-inner text-left\"  >\n\t\t\t\n\t\t\t\n<div class=\"row row-collapse row-full-width align-middle align-center row-box-shadow-3\"  id=\"row-766326775\">\n\n\t<div id=\"col-1432013417\" class=\"col medium-12 small-12 large-4\"  >\n\t\t\t\t<div class=\"col-inner text-center\" style=\"background-color:rgb(255,255,255);\" >\n\t\t\t\n\t\t\t\n\t<div id=\"text-297750890\" class=\"text\">\n\t\t\n<h2>Chambre Premium<\/h2>\n\t\t\n<style>\n#text-297750890 {\n  text-align: left;\n}\n<\/style>\n\t<\/div>\n\t\n<div class=\"is-divider divider clearfix\" style=\"margin-top:10px;margin-bottom:10px;height:2px;\"><\/div>\n\t<div id=\"text-1500249754\" class=\"text\">\n\t\t\n<p>Chambre spacieuse, \u00e9l\u00e9gante et lumineuse avec \u00e9quipement am\u00e9lior\u00e9, chambre avec parquet et salle de bains avec baignoire, balcon donnant sur la piscine ext\u00e9rieure de l&rsquo;h\u00f4tel. Profitez d&rsquo;un s\u00e9jour encore plus confortable Id\u00e9al pour 2 ou 3 personnes (2 adultes ou 2 adultes et 1 enfant).<br \/>\n\t\t\n<style>\n#text-1500249754 {\n  font-size: 1rem;\n  text-align: left;\n}\n<\/style>\n\t<\/div>\n\t\n\t<div id=\"text-1670922485\" class=\"text\">\n\t\t\n<p><i class=\"fa-regular fa-ruler-combined\"><\/i> 28 m\u00b2<br \/>\n<i class=\"fa-regular fa-people\"><\/i> 3 personnes<br \/>\n<i class=\"fa-light fa-bed-front\"><\/i> 1 Double et 1 Twin<br \/>\n\t\t\n<style>\n#text-1670922485 {\n  text-align: left;\n}\n<\/style>\n\t<\/div>\n\t\n<a href=\"https:\/\/reservas.termesmontbrio.com\/fr\/hotel\/termesmontbrio\/room?roomId=PRE\" target=\"_blank\" class=\"button secondary box-shadow-2\" rel=\"noopener\" style=\"border-radius:99px;\">\n\t\t<span>r\u00e9server<\/span>\n\t<\/a>\n\n\t\t<\/div>\n\t\t\t\t\n<style>\n#col-1432013417 > .col-inner {\n  padding: 10% 0% 5% 8%;\n  margin: 0px 0px 0px 0px;\n}\n@media (min-width:550px) {\n  #col-1432013417 > .col-inner {\n    padding: 10% 7% 2% 7%;\n    margin: 0px 0px 0px 0px;\n  }\n}\n@media (min-width:850px) {\n  #col-1432013417 > .col-inner {\n    padding: 5% 7% 5% 7%;\n  }\n}\n<\/style>\n\t<\/div>\n\n\t\n\n\t<div id=\"col-1254764393\" class=\"col medium-12 small-12 large-8 small-col-first\"  >\n\t\t\t\t<div class=\"col-inner\"  >\n\t\t\t\n\t\t\t\n<div class=\"slider-wrapper relative\" id=\"slider-1804286946\" >\n    <div class=\"slider slider-nav-dots-dashes-spaced slider-nav-circle slider-nav-large slider-nav-dark slider-style-normal slider-show-nav\"\n        data-flickity-options='{\n            \"cellAlign\": \"center\",\n            \"imagesLoaded\": true,\n            \"lazyLoad\": 1,\n            \"freeScroll\": true,\n            \"wrapAround\": true,\n            \"autoPlay\": false,\n            \"pauseAutoPlayOnHover\" : true,\n            \"prevNextButtons\": true,\n            \"contain\" : true,\n            \"adaptiveHeight\" : true,\n            \"dragThreshold\" : 10,\n            \"percentPosition\": true,\n            \"pageDots\": true,\n            \"rightToLeft\": false,\n            \"draggable\": true,\n            \"selectedAttraction\": 0.1,\n            \"parallax\" : 0,\n            \"friction\": 0.6        }'\n        >\n        \n\t<div class=\"img has-hover x md-x lg-x y md-y lg-y\" id=\"image_938464971\">\n\t\t\t\t\t\t\t\t<div class=\"img-inner image-cover dark\" style=\"padding-top:80%;\">\n\t\t\t<img decoding=\"async\" width=\"768\" height=\"512\" src=\"https:\/\/www.termesmontbrio.com\/wp-content\/uploads\/2024\/05\/HOTEL-TERMES-MONTBRIO-habitaciones-48-Premium-con-terraza-768x512.webp\" class=\"attachment-medium_large size-medium_large\" alt=\"HOTEL TERMES MONTBRIO habitaciones Premium con terraza\" srcset=\"https:\/\/www.termesmontbrio.com\/wp-content\/uploads\/2024\/05\/HOTEL-TERMES-MONTBRIO-habitaciones-48-Premium-con-terraza-768x512.webp 768w, https:\/\/www.termesmontbrio.com\/wp-content\/uploads\/2024\/05\/HOTEL-TERMES-MONTBRIO-habitaciones-48-Premium-con-terraza-300x200.webp 300w, https:\/\/www.termesmontbrio.com\/wp-content\/uploads\/2024\/05\/HOTEL-TERMES-MONTBRIO-habitaciones-48-Premium-con-terraza-1024x683.webp 1024w, https:\/\/www.termesmontbrio.com\/wp-content\/uploads\/2024\/05\/HOTEL-TERMES-MONTBRIO-habitaciones-48-Premium-con-terraza.webp 1243w\" sizes=\"(max-width: 768px) 100vw, 768px\" \/>\t\t\t\t\t\t\n\t\t\t\t\t<\/div>\n\t\t\t\t\t\t\t\t\n<style>\n#image_938464971 {\n  width: 100%;\n}\n<\/style>\n\t<\/div>\n\t\n\t<div class=\"img has-hover x md-x lg-x y md-y lg-y\" id=\"image_1995795561\">\n\t\t\t\t\t\t\t\t<div class=\"img-inner image-cover dark\" style=\"padding-top:80%;\">\n\t\t\t<img decoding=\"async\" width=\"1020\" height=\"680\" src=\"https:\/\/www.termesmontbrio.com\/wp-content\/uploads\/2024\/05\/HOTEL-TERMES-MONTBRIO-habitaciones-49-Premium-con-terraza-1024x683.webp\" class=\"attachment-large size-large\" alt=\"HOTEL TERMES MONTBRIO habitaciones Premium con terraza\" srcset=\"https:\/\/www.termesmontbrio.com\/wp-content\/uploads\/2024\/05\/HOTEL-TERMES-MONTBRIO-habitaciones-49-Premium-con-terraza-1024x683.webp 1024w, https:\/\/www.termesmontbrio.com\/wp-content\/uploads\/2024\/05\/HOTEL-TERMES-MONTBRIO-habitaciones-49-Premium-con-terraza-300x200.webp 300w, https:\/\/www.termesmontbrio.com\/wp-content\/uploads\/2024\/05\/HOTEL-TERMES-MONTBRIO-habitaciones-49-Premium-con-terraza-768x512.webp 768w, https:\/\/www.termesmontbrio.com\/wp-content\/uploads\/2024\/05\/HOTEL-TERMES-MONTBRIO-habitaciones-49-Premium-con-terraza.webp 1240w\" sizes=\"(max-width: 1020px) 100vw, 1020px\" \/>\t\t\t\t\t\t\n\t\t\t\t\t<\/div>\n\t\t\t\t\t\t\t\t\n<style>\n#image_1995795561 {\n  width: 100%;\n}\n<\/style>\n\t<\/div>\n\t\n\t<div class=\"img has-hover x md-x lg-x y md-y lg-y\" id=\"image_390667217\">\n\t\t\t\t\t\t\t\t<div class=\"img-inner image-cover dark\" style=\"padding-top:80%;\">\n\t\t\t<img decoding=\"async\" width=\"1020\" height=\"680\" src=\"https:\/\/www.termesmontbrio.com\/wp-content\/uploads\/2025\/09\/Habitacion-Premium-Hotel-Termes-Montbrio-1024x683.webp\" class=\"attachment-large size-large\" alt=\"Habitacion Premium Hotel Termes Montbrio\" srcset=\"https:\/\/www.termesmontbrio.com\/wp-content\/uploads\/2025\/09\/Habitacion-Premium-Hotel-Termes-Montbrio-1024x683.webp 1024w, https:\/\/www.termesmontbrio.com\/wp-content\/uploads\/2025\/09\/Habitacion-Premium-Hotel-Termes-Montbrio-300x200.webp 300w, https:\/\/www.termesmontbrio.com\/wp-content\/uploads\/2025\/09\/Habitacion-Premium-Hotel-Termes-Montbrio-768x512.webp 768w, https:\/\/www.termesmontbrio.com\/wp-content\/uploads\/2025\/09\/Habitacion-Premium-Hotel-Termes-Montbrio.webp 1200w\" sizes=\"(max-width: 1020px) 100vw, 1020px\" \/>\t\t\t\t\t\t\n\t\t\t\t\t<\/div>\n\t\t\t\t\t\t\t\t\n<style>\n#image_390667217 {\n  width: 100%;\n}\n<\/style>\n\t<\/div>\n\t\n\t<div class=\"img has-hover x md-x lg-x y md-y lg-y\" id=\"image_2086024504\">\n\t\t\t\t\t\t\t\t<div class=\"img-inner image-cover dark\" style=\"padding-top:80%;\">\n\t\t\t<img decoding=\"async\" width=\"768\" height=\"512\" src=\"https:\/\/www.termesmontbrio.com\/wp-content\/uploads\/2024\/05\/HOTEL-TERMES-MONTBRIO-habitaciones-46-Premium-con-terraza-768x512.webp\" class=\"attachment-medium_large size-medium_large\" alt=\"HOTEL TERMES MONTBRIO habitaciones Premium con terraza\" srcset=\"https:\/\/www.termesmontbrio.com\/wp-content\/uploads\/2024\/05\/HOTEL-TERMES-MONTBRIO-habitaciones-46-Premium-con-terraza-768x512.webp 768w, https:\/\/www.termesmontbrio.com\/wp-content\/uploads\/2024\/05\/HOTEL-TERMES-MONTBRIO-habitaciones-46-Premium-con-terraza-300x200.webp 300w, https:\/\/www.termesmontbrio.com\/wp-content\/uploads\/2024\/05\/HOTEL-TERMES-MONTBRIO-habitaciones-46-Premium-con-terraza-1024x683.webp 1024w, https:\/\/www.termesmontbrio.com\/wp-content\/uploads\/2024\/05\/HOTEL-TERMES-MONTBRIO-habitaciones-46-Premium-con-terraza.webp 1215w\" sizes=\"(max-width: 768px) 100vw, 768px\" \/>\t\t\t\t\t\t\n\t\t\t\t\t<\/div>\n\t\t\t\t\t\t\t\t\n<style>\n#image_2086024504 {\n  width: 100%;\n}\n<\/style>\n\t<\/div>\n\t\n\t<div class=\"img has-hover x md-x lg-x y md-y lg-y\" id=\"image_792424957\">\n\t\t\t\t\t\t\t\t<div class=\"img-inner image-cover dark\" style=\"padding-top:80%;\">\n\t\t\t<img decoding=\"async\" width=\"768\" height=\"512\" src=\"https:\/\/www.termesmontbrio.com\/wp-content\/uploads\/2025\/09\/Premium-Room-Hotel-Termes-Montbrio-768x512.webp\" class=\"attachment-medium_large size-medium_large\" alt=\"Premium Room Hotel Termes Montbrio\" srcset=\"https:\/\/www.termesmontbrio.com\/wp-content\/uploads\/2025\/09\/Premium-Room-Hotel-Termes-Montbrio-768x512.webp 768w, https:\/\/www.termesmontbrio.com\/wp-content\/uploads\/2025\/09\/Premium-Room-Hotel-Termes-Montbrio-300x200.webp 300w, https:\/\/www.termesmontbrio.com\/wp-content\/uploads\/2025\/09\/Premium-Room-Hotel-Termes-Montbrio-1024x683.webp 1024w, https:\/\/www.termesmontbrio.com\/wp-content\/uploads\/2025\/09\/Premium-Room-Hotel-Termes-Montbrio.webp 1200w\" sizes=\"(max-width: 768px) 100vw, 768px\" \/>\t\t\t\t\t\t\n\t\t\t\t\t<\/div>\n\t\t\t\t\t\t\t\t\n<style>\n#image_792424957 {\n  width: 100%;\n}\n<\/style>\n\t<\/div>\n\t\n\t<div class=\"img has-hover x md-x lg-x y md-y lg-y\" id=\"image_278839063\">\n\t\t\t\t\t\t\t\t<div class=\"img-inner image-cover dark\" style=\"padding-top:80%;\">\n\t\t\t<img decoding=\"async\" width=\"1020\" height=\"680\" src=\"https:\/\/www.termesmontbrio.com\/wp-content\/uploads\/2025\/09\/Amenities-Premium-Room-Hotel-Termes-Montbrio-1024x683.webp\" class=\"attachment-large size-large\" alt=\"Amenities Premium Room Hotel Termes Montbrio\" srcset=\"https:\/\/www.termesmontbrio.com\/wp-content\/uploads\/2025\/09\/Amenities-Premium-Room-Hotel-Termes-Montbrio-1024x683.webp 1024w, https:\/\/www.termesmontbrio.com\/wp-content\/uploads\/2025\/09\/Amenities-Premium-Room-Hotel-Termes-Montbrio-300x200.webp 300w, https:\/\/www.termesmontbrio.com\/wp-content\/uploads\/2025\/09\/Amenities-Premium-Room-Hotel-Termes-Montbrio-768x512.webp 768w, https:\/\/www.termesmontbrio.com\/wp-content\/uploads\/2025\/09\/Amenities-Premium-Room-Hotel-Termes-Montbrio.webp 1200w\" sizes=\"(max-width: 1020px) 100vw, 1020px\" \/>\t\t\t\t\t\t\n\t\t\t\t\t<\/div>\n\t\t\t\t\t\t\t\t\n<style>\n#image_278839063 {\n  width: 100%;\n}\n<\/style>\n\t<\/div>\n\t\n     <\/div>\n\n     <div class=\"loading-spin dark large centered\"><\/div>\n\n\t<\/div>\n\n\n\t\t<\/div>\n\t\t\t\t\t<\/div>\n\n\t\n<\/div>\n\t<div id=\"gap-89417606\" class=\"gap-element clearfix\" style=\"display:block; height:auto;\">\n\t\t\n<style>\n#gap-89417606 {\n  padding-top: 40px;\n}\n<\/style>\n\t<\/div>\n\t\n\t\t<\/div>\n\t\t\t\t\n<style>\n#col-922799174 > .col-inner {\n  padding: 0px 0px 0px 0px;\n  margin: 30px 0px 0px 0px;\n}\n<\/style>\n\t<\/div>\n\n\t\n<\/div>\n<\/div><\/div><\/div>\n\t\t<\/div>\n\n\t\t\n<style>\n#section_153727604 {\n  padding-top: 0px;\n  padding-bottom: 0px;\n}\n<\/style>\n\t<\/section>\n\t\n\n\t<section class=\"section\" id=\"section_876883615\">\n\t\t<div class=\"section-bg fill\" >\n\t\t\t\t\t\t\t\t\t\n\t\t\t\n\n\t\t<\/div>\n\n\t\t\n\n\t\t<div class=\"section-content relative\">\n\t\t\t\n<span class=\"scroll-to\" data-label=\"Scroll to: #Suites\" data-bullet=\"false\" data-link=\"#Suites\" data-title=\"Suites\"><a name=\"Suites\"><\/a><\/span>\n<div class=\"text-center\"><div class=\"is-divider divider clearfix\" style=\"max-width:500px;\"><\/div><\/div>\n\t<div id=\"gap-1347503180\" class=\"gap-element clearfix\" style=\"display:block; height:auto;\">\n\t\t\n<style>\n#gap-1347503180 {\n  padding-top: 30px;\n}\n<\/style>\n\t<\/div>\n\t\n\n\t\t<div class=\"tabbed-content\">\n\t\t\t<h4 class=\"uppercase text-center\">Suites<\/h4>\n\t\t\t<ul class=\"nav nav-pills nav-uppercase nav-size-normal nav-center active-on-hover\" role=\"tablist\"><li id=\"tab-suite-classique\" class=\"tab active has-icon\" role=\"presentation\"><a href=\"#tab_suite-classique\" role=\"tab\" aria-selected=\"true\" aria-controls=\"tab_suite-classique\"><span>Suite classique<\/span><\/a><\/li>\n<li id=\"tab-suite-\u00e0-th\u00e8me\" class=\"tab has-icon\" role=\"presentation\"><a href=\"#tab_suite-\u00e0-th\u00e8me\" tabindex=\"-1\" role=\"tab\" aria-selected=\"false\" aria-controls=\"tab_suite-\u00e0-th\u00e8me\"><span>Suite \u00e0 th\u00e8me<\/span><\/a><\/li><\/ul><div class=\"tab-panels\"><div id=\"tab_suite-classique\" class=\"panel active entry-content\" role=\"tabpanel\" aria-labelledby=\"tab-suite-classique\">\n<div class=\"row row-large\"  id=\"row-479522248\">\n\n\t<div id=\"col-1646640297\" class=\"col small-12 large-12\"  >\n\t\t\t\t<div class=\"col-inner text-left\"  >\n\t\t\t\n\t\t\t\n<div class=\"row row-collapse row-full-width align-middle align-center row-box-shadow-3\"  id=\"row-1833053619\">\n\n\t<div id=\"col-398175537\" class=\"col medium-12 small-12 large-4\"  >\n\t\t\t\t<div class=\"col-inner text-center\" style=\"background-color:rgb(255,255,255);\" >\n\t\t\t\n\t\t\t\n\t<div id=\"text-800220594\" class=\"text\">\n\t\t\n<h2>Suite classique<\/h2>\n\t\t\n<style>\n#text-800220594 {\n  text-align: left;\n}\n<\/style>\n\t<\/div>\n\t\n<div class=\"is-divider divider clearfix\" style=\"margin-top:10px;margin-bottom:10px;height:2px;\"><\/div>\n\t<div id=\"text-2173906759\" class=\"text\">\n\t\t\n<p>La suite classique te permet de profiter d&rsquo;une exp\u00e9rience de bien-\u00eatre exceptionnelle et exclusive. Compos\u00e9 de deux espaces, d&rsquo;une salle de bain enti\u00e8rement \u00e9quip\u00e9e avec jacuzzi &#8211; baignoire et d&rsquo;un balcon avec d&rsquo;excellentes vues car il est situ\u00e9 au plus haut \u00e9tage de l&rsquo;h\u00f4tel.<br \/>\n\t\t\n<style>\n#text-2173906759 {\n  font-size: 1rem;\n  text-align: left;\n}\n<\/style>\n\t<\/div>\n\t\n\t<div id=\"text-1127410451\" class=\"text\">\n\t\t\n<p><i class=\"fa-regular fa-ruler-combined\"><\/i> 53 m\u00b2<br \/><i class=\"fa-regular fa-people\"><\/i> 2 personnes<br \/><i class=\"fa-light fa-bed-front\"><\/i> 1 Double<\/p>\n\t\t\n<style>\n#text-1127410451 {\n  text-align: left;\n}\n<\/style>\n\t<\/div>\n\t\n<a href=\"https:\/\/reservas.termesmontbrio.com\/fr\/hotel\/termesmontbrio\/room?roomId=SUCLAS\" target=\"_blank\" class=\"button secondary box-shadow-2\" rel=\"noopener\" style=\"border-radius:99px;\">\n\t\t<span>r\u00e9server<\/span>\n\t<\/a>\n\n\t\t<\/div>\n\t\t\t\t\n<style>\n#col-398175537 > .col-inner {\n  padding: 10% 0% 5% 8%;\n  margin: 0px 0px 0px 0px;\n}\n@media (min-width:550px) {\n  #col-398175537 > .col-inner {\n    padding: 10% 7% 2% 7%;\n    margin: 0px 0px 0px 0px;\n  }\n}\n@media (min-width:850px) {\n  #col-398175537 > .col-inner {\n    padding: 5% 7% 5% 7%;\n  }\n}\n<\/style>\n\t<\/div>\n\n\t\n\n\t<div id=\"col-2076568820\" class=\"col medium-12 small-12 large-8 small-col-first\"  >\n\t\t\t\t<div class=\"col-inner\"  >\n\t\t\t\n\t\t\t\n<div class=\"slider-wrapper relative\" id=\"slider-1412598300\" >\n    <div class=\"slider slider-nav-dots-dashes-spaced slider-nav-circle slider-nav-large slider-nav-dark slider-style-normal slider-show-nav\"\n        data-flickity-options='{\n            \"cellAlign\": \"center\",\n            \"imagesLoaded\": true,\n            \"lazyLoad\": 1,\n            \"freeScroll\": true,\n            \"wrapAround\": true,\n            \"autoPlay\": false,\n            \"pauseAutoPlayOnHover\" : true,\n            \"prevNextButtons\": true,\n            \"contain\" : true,\n            \"adaptiveHeight\" : true,\n            \"dragThreshold\" : 10,\n            \"percentPosition\": true,\n            \"pageDots\": true,\n            \"rightToLeft\": false,\n            \"draggable\": true,\n            \"selectedAttraction\": 0.1,\n            \"parallax\" : 0,\n            \"friction\": 0.6        }'\n        >\n        \n\t<div class=\"img has-hover x md-x lg-x y md-y lg-y\" id=\"image_1392973388\">\n\t\t\t\t\t\t\t\t<div class=\"img-inner image-cover dark\" style=\"padding-top:80%;\">\n\t\t\t<img decoding=\"async\" width=\"1020\" height=\"679\" src=\"https:\/\/www.termesmontbrio.com\/wp-content\/uploads\/2024\/05\/HOTEL-TERMES-MONTBRIO-habitaciones-101-Suite-Classica_-1024x682.webp\" class=\"attachment-large size-large\" alt=\"HOTEL TERMES MONTBRIO habitaciones Suite Classica\" srcset=\"https:\/\/www.termesmontbrio.com\/wp-content\/uploads\/2024\/05\/HOTEL-TERMES-MONTBRIO-habitaciones-101-Suite-Classica_-1024x682.webp 1024w, https:\/\/www.termesmontbrio.com\/wp-content\/uploads\/2024\/05\/HOTEL-TERMES-MONTBRIO-habitaciones-101-Suite-Classica_-300x200.webp 300w, https:\/\/www.termesmontbrio.com\/wp-content\/uploads\/2024\/05\/HOTEL-TERMES-MONTBRIO-habitaciones-101-Suite-Classica_-768x512.webp 768w, https:\/\/www.termesmontbrio.com\/wp-content\/uploads\/2024\/05\/HOTEL-TERMES-MONTBRIO-habitaciones-101-Suite-Classica_.webp 1253w\" sizes=\"(max-width: 1020px) 100vw, 1020px\" \/>\t\t\t\t\t\t\n\t\t\t\t\t<\/div>\n\t\t\t\t\t\t\t\t\n<style>\n#image_1392973388 {\n  width: 100%;\n}\n<\/style>\n\t<\/div>\n\t\n\t<div class=\"img has-hover x md-x lg-x y md-y lg-y\" id=\"image_149951598\">\n\t\t\t\t\t\t\t\t<div class=\"img-inner image-cover dark\" style=\"padding-top:80%;\">\n\t\t\t<img decoding=\"async\" width=\"1020\" height=\"680\" src=\"https:\/\/www.termesmontbrio.com\/wp-content\/uploads\/2024\/05\/HOTEL-TERMES-MONTBRIO-habitaciones-104-Suite-Classica_-1024x683.webp\" class=\"attachment-large size-large\" alt=\"HOTEL TERMES MONTBRIO habitaciones Suite Classica\" srcset=\"https:\/\/www.termesmontbrio.com\/wp-content\/uploads\/2024\/05\/HOTEL-TERMES-MONTBRIO-habitaciones-104-Suite-Classica_-1024x683.webp 1024w, https:\/\/www.termesmontbrio.com\/wp-content\/uploads\/2024\/05\/HOTEL-TERMES-MONTBRIO-habitaciones-104-Suite-Classica_-300x200.webp 300w, https:\/\/www.termesmontbrio.com\/wp-content\/uploads\/2024\/05\/HOTEL-TERMES-MONTBRIO-habitaciones-104-Suite-Classica_-768x512.webp 768w, https:\/\/www.termesmontbrio.com\/wp-content\/uploads\/2024\/05\/HOTEL-TERMES-MONTBRIO-habitaciones-104-Suite-Classica_.webp 1245w\" sizes=\"(max-width: 1020px) 100vw, 1020px\" \/>\t\t\t\t\t\t\n\t\t\t\t\t<\/div>\n\t\t\t\t\t\t\t\t\n<style>\n#image_149951598 {\n  width: 100%;\n}\n<\/style>\n\t<\/div>\n\t\n\t<div class=\"img has-hover x md-x lg-x y md-y lg-y\" id=\"image_960045204\">\n\t\t\t\t\t\t\t\t<div class=\"img-inner image-cover dark\" style=\"padding-top:80%;\">\n\t\t\t<img decoding=\"async\" width=\"1020\" height=\"680\" src=\"https:\/\/www.termesmontbrio.com\/wp-content\/uploads\/2024\/05\/HOTEL-TERMES-MONTBRIO-habitaciones-113-Suite-Classica_-1024x683.webp\" class=\"attachment-large size-large\" alt=\"HOTEL TERMES MONTBRIO habitaciones Suite Classica\" srcset=\"https:\/\/www.termesmontbrio.com\/wp-content\/uploads\/2024\/05\/HOTEL-TERMES-MONTBRIO-habitaciones-113-Suite-Classica_-1024x683.webp 1024w, https:\/\/www.termesmontbrio.com\/wp-content\/uploads\/2024\/05\/HOTEL-TERMES-MONTBRIO-habitaciones-113-Suite-Classica_-300x200.webp 300w, https:\/\/www.termesmontbrio.com\/wp-content\/uploads\/2024\/05\/HOTEL-TERMES-MONTBRIO-habitaciones-113-Suite-Classica_-768x512.webp 768w, https:\/\/www.termesmontbrio.com\/wp-content\/uploads\/2024\/05\/HOTEL-TERMES-MONTBRIO-habitaciones-113-Suite-Classica_.webp 1248w\" sizes=\"(max-width: 1020px) 100vw, 1020px\" \/>\t\t\t\t\t\t\n\t\t\t\t\t<\/div>\n\t\t\t\t\t\t\t\t\n<style>\n#image_960045204 {\n  width: 100%;\n}\n<\/style>\n\t<\/div>\n\t\n\t<div class=\"img has-hover x md-x lg-x y md-y lg-y\" id=\"image_497822494\">\n\t\t\t\t\t\t\t\t<div class=\"img-inner image-cover dark\" style=\"padding-top:80%;\">\n\t\t\t<img decoding=\"async\" width=\"1020\" height=\"679\" src=\"https:\/\/www.termesmontbrio.com\/wp-content\/uploads\/2024\/05\/HOTEL-TERMES-MONTBRIO-habitaciones-103-Suite-Classica_-1024x682.webp\" class=\"attachment-large size-large\" alt=\"HOTEL TERMES MONTBRIO habitaciones Suite Classica\" srcset=\"https:\/\/www.termesmontbrio.com\/wp-content\/uploads\/2024\/05\/HOTEL-TERMES-MONTBRIO-habitaciones-103-Suite-Classica_-1024x682.webp 1024w, https:\/\/www.termesmontbrio.com\/wp-content\/uploads\/2024\/05\/HOTEL-TERMES-MONTBRIO-habitaciones-103-Suite-Classica_-300x200.webp 300w, https:\/\/www.termesmontbrio.com\/wp-content\/uploads\/2024\/05\/HOTEL-TERMES-MONTBRIO-habitaciones-103-Suite-Classica_-768x512.webp 768w, https:\/\/www.termesmontbrio.com\/wp-content\/uploads\/2024\/05\/HOTEL-TERMES-MONTBRIO-habitaciones-103-Suite-Classica_.webp 1253w\" sizes=\"(max-width: 1020px) 100vw, 1020px\" \/>\t\t\t\t\t\t\n\t\t\t\t\t<\/div>\n\t\t\t\t\t\t\t\t\n<style>\n#image_497822494 {\n  width: 100%;\n}\n<\/style>\n\t<\/div>\n\t\n\t<div class=\"img has-hover x md-x lg-x y md-y lg-y\" id=\"image_387931098\">\n\t\t\t\t\t\t\t\t<div class=\"img-inner image-cover dark\" style=\"padding-top:80%;\">\n\t\t\t<img decoding=\"async\" width=\"1020\" height=\"680\" src=\"https:\/\/www.termesmontbrio.com\/wp-content\/uploads\/2024\/05\/HOTEL-TERMES-MONTBRIO-habitaciones-106-Suite-Classica_-1024x683.webp\" class=\"attachment-large size-large\" alt=\"HOTEL TERMES MONTBRIO habitaciones Suite Classica\" srcset=\"https:\/\/www.termesmontbrio.com\/wp-content\/uploads\/2024\/05\/HOTEL-TERMES-MONTBRIO-habitaciones-106-Suite-Classica_-1024x683.webp 1024w, https:\/\/www.termesmontbrio.com\/wp-content\/uploads\/2024\/05\/HOTEL-TERMES-MONTBRIO-habitaciones-106-Suite-Classica_-300x200.webp 300w, https:\/\/www.termesmontbrio.com\/wp-content\/uploads\/2024\/05\/HOTEL-TERMES-MONTBRIO-habitaciones-106-Suite-Classica_-768x512.webp 768w, https:\/\/www.termesmontbrio.com\/wp-content\/uploads\/2024\/05\/HOTEL-TERMES-MONTBRIO-habitaciones-106-Suite-Classica_.webp 1206w\" sizes=\"(max-width: 1020px) 100vw, 1020px\" \/>\t\t\t\t\t\t\n\t\t\t\t\t<\/div>\n\t\t\t\t\t\t\t\t\n<style>\n#image_387931098 {\n  width: 100%;\n}\n<\/style>\n\t<\/div>\n\t\n\t<div class=\"img has-hover x md-x lg-x y md-y lg-y\" id=\"image_1596060312\">\n\t\t\t\t\t\t\t\t<div class=\"img-inner image-cover dark\" style=\"padding-top:80%;\">\n\t\t\t<img decoding=\"async\" width=\"1020\" height=\"679\" src=\"https:\/\/www.termesmontbrio.com\/wp-content\/uploads\/2024\/05\/HOTEL-TERMES-MONTBRIO-habitaciones-110-Suite-Classica_-1024x682.webp\" class=\"attachment-large size-large\" alt=\"HOTEL TERMES MONTBRIO habitaciones Suite Classica\" srcset=\"https:\/\/www.termesmontbrio.com\/wp-content\/uploads\/2024\/05\/HOTEL-TERMES-MONTBRIO-habitaciones-110-Suite-Classica_-1024x682.webp 1024w, https:\/\/www.termesmontbrio.com\/wp-content\/uploads\/2024\/05\/HOTEL-TERMES-MONTBRIO-habitaciones-110-Suite-Classica_-300x200.webp 300w, https:\/\/www.termesmontbrio.com\/wp-content\/uploads\/2024\/05\/HOTEL-TERMES-MONTBRIO-habitaciones-110-Suite-Classica_-768x512.webp 768w, https:\/\/www.termesmontbrio.com\/wp-content\/uploads\/2024\/05\/HOTEL-TERMES-MONTBRIO-habitaciones-110-Suite-Classica_.webp 1250w\" sizes=\"(max-width: 1020px) 100vw, 1020px\" \/>\t\t\t\t\t\t\n\t\t\t\t\t<\/div>\n\t\t\t\t\t\t\t\t\n<style>\n#image_1596060312 {\n  width: 100%;\n}\n<\/style>\n\t<\/div>\n\t\n     <\/div>\n\n     <div class=\"loading-spin dark large centered\"><\/div>\n\n\t<\/div>\n\n\n\t\t<\/div>\n\t\t\t\t\t<\/div>\n\n\t\n<\/div>\n\t<div id=\"gap-533644267\" class=\"gap-element clearfix\" style=\"display:block; height:auto;\">\n\t\t\n<style>\n#gap-533644267 {\n  padding-top: 40px;\n}\n<\/style>\n\t<\/div>\n\t\n\t\t<\/div>\n\t\t\t\t\n<style>\n#col-1646640297 > .col-inner {\n  padding: 0px 0px 0px 0px;\n  margin: 30px 0px 0px 0px;\n}\n<\/style>\n\t<\/div>\n\n\t\n<\/div>\n<\/div>\n<div id=\"tab_suite-\u00e0-th\u00e8me\" class=\"panel entry-content\" role=\"tabpanel\" aria-labelledby=\"tab-suite-\u00e0-th\u00e8me\">\n<div class=\"row row-large\"  id=\"row-935025491\">\n\n\t<div id=\"col-1015567993\" class=\"col small-12 large-12\"  >\n\t\t\t\t<div class=\"col-inner text-left\"  >\n\t\t\t\n\t\t\t\n<div class=\"row row-collapse row-full-width align-middle align-center row-box-shadow-3\"  id=\"row-415230659\">\n\n\t<div id=\"col-112810774\" class=\"col medium-12 small-12 large-4\"  >\n\t\t\t\t<div class=\"col-inner text-center\" style=\"background-color:rgb(255,255,255);\" >\n\t\t\t\n\t\t\t\n\t<div id=\"text-1859217767\" class=\"text\">\n\t\t\n<h2>Suite \u00e0 th\u00e8me<\/h2>\n\t\t\n<style>\n#text-1859217767 {\n  text-align: left;\n}\n<\/style>\n\t<\/div>\n\t\n<div class=\"is-divider divider clearfix\" style=\"margin-top:10px;margin-bottom:10px;height:2px;\"><\/div>\n\t<div id=\"text-2979685153\" class=\"text\">\n\t\t\n<p>La suite th\u00e9matique te permet de profiter d&rsquo;une exp\u00e9rience de bien-\u00eatre exceptionnelle et exclusive. Compos\u00e9 de deux espaces, d&rsquo;une salle de bain enti\u00e8rement \u00e9quip\u00e9e avec jacuzzi &#8211; baignoire et d&rsquo;un balcon avec d&rsquo;excellentes vues car il est situ\u00e9 au plus haut \u00e9tage de l&rsquo;h\u00f4tel.<br \/>\n\t\t\n<style>\n#text-2979685153 {\n  font-size: 1rem;\n  text-align: left;\n}\n<\/style>\n\t<\/div>\n\t\n\t<div id=\"text-2796823931\" class=\"text\">\n\t\t\n<p><i class=\"fa-regular fa-ruler-combined\"><\/i> 53 m\u00b2<br \/><i class=\"fa-regular fa-people\"><\/i> 2 personnes<br \/><i class=\"fa-light fa-bed-front\"><\/i> 1 Double<\/p>\n\t\t\n<style>\n#text-2796823931 {\n  text-align: left;\n}\n<\/style>\n\t<\/div>\n\t\n<a href=\"https:\/\/reservas.termesmontbrio.com\/fr\/hotel\/termesmontbrio\/room?roomId=SUTEM\" target=\"_blank\" class=\"button secondary box-shadow-2\" rel=\"noopener\" style=\"border-radius:99px;\">\n\t\t<span>r\u00e9server<\/span>\n\t<\/a>\n\n\t\t<\/div>\n\t\t\t\t\n<style>\n#col-112810774 > .col-inner {\n  padding: 10% 0% 5% 8%;\n  margin: 0px 0px 0px 0px;\n}\n@media (min-width:550px) {\n  #col-112810774 > .col-inner {\n    padding: 10% 7% 2% 7%;\n    margin: 0px 0px 0px 0px;\n  }\n}\n@media (min-width:850px) {\n  #col-112810774 > .col-inner {\n    padding: 5% 7% 5% 7%;\n  }\n}\n<\/style>\n\t<\/div>\n\n\t\n\n\t<div id=\"col-207641310\" class=\"col medium-12 small-12 large-8 small-col-first\"  >\n\t\t\t\t<div class=\"col-inner\"  >\n\t\t\t\n\t\t\t\n<div class=\"slider-wrapper relative\" id=\"slider-1644959090\" >\n    <div class=\"slider slider-nav-dots-dashes-spaced slider-nav-circle slider-nav-large slider-nav-dark slider-style-normal slider-show-nav\"\n        data-flickity-options='{\n            \"cellAlign\": \"center\",\n            \"imagesLoaded\": true,\n            \"lazyLoad\": 1,\n            \"freeScroll\": true,\n            \"wrapAround\": true,\n            \"autoPlay\": false,\n            \"pauseAutoPlayOnHover\" : true,\n            \"prevNextButtons\": true,\n            \"contain\" : true,\n            \"adaptiveHeight\" : true,\n            \"dragThreshold\" : 10,\n            \"percentPosition\": true,\n            \"pageDots\": true,\n            \"rightToLeft\": false,\n            \"draggable\": true,\n            \"selectedAttraction\": 0.1,\n            \"parallax\" : 0,\n            \"friction\": 0.6        }'\n        >\n        \n\t<div class=\"img has-hover x md-x lg-x y md-y lg-y\" id=\"image_1977225709\">\n\t\t\t\t\t\t\t\t<div class=\"img-inner image-cover dark\" style=\"padding-top:80%;\">\n\t\t\t<img decoding=\"async\" width=\"1020\" height=\"679\" src=\"https:\/\/www.termesmontbrio.com\/wp-content\/uploads\/2024\/05\/HOTEL-TERMES-MONTBRIO-habitaciones-121-Suite-tematica-Japonesa_-1024x682.webp\" class=\"attachment-large size-large\" alt=\"HOTEL TERMES MONTBRIO habitaciones Suite tematica Japonesa\" srcset=\"https:\/\/www.termesmontbrio.com\/wp-content\/uploads\/2024\/05\/HOTEL-TERMES-MONTBRIO-habitaciones-121-Suite-tematica-Japonesa_-1024x682.webp 1024w, https:\/\/www.termesmontbrio.com\/wp-content\/uploads\/2024\/05\/HOTEL-TERMES-MONTBRIO-habitaciones-121-Suite-tematica-Japonesa_-300x200.webp 300w, https:\/\/www.termesmontbrio.com\/wp-content\/uploads\/2024\/05\/HOTEL-TERMES-MONTBRIO-habitaciones-121-Suite-tematica-Japonesa_-768x512.webp 768w, https:\/\/www.termesmontbrio.com\/wp-content\/uploads\/2024\/05\/HOTEL-TERMES-MONTBRIO-habitaciones-121-Suite-tematica-Japonesa_.webp 1253w\" sizes=\"(max-width: 1020px) 100vw, 1020px\" \/>\t\t\t\t\t\t\n\t\t\t\t\t<\/div>\n\t\t\t\t\t\t\t\t\n<style>\n#image_1977225709 {\n  width: 100%;\n}\n<\/style>\n\t<\/div>\n\t\n\t<div class=\"img has-hover x md-x lg-x y md-y lg-y\" id=\"image_345900734\">\n\t\t\t\t\t\t\t\t<div class=\"img-inner image-cover dark\" style=\"padding-top:80%;\">\n\t\t\t<img decoding=\"async\" width=\"1020\" height=\"680\" src=\"https:\/\/www.termesmontbrio.com\/wp-content\/uploads\/2025\/09\/Suite-Tematica-Termes-Montbrio-1024x683.webp\" class=\"attachment-large size-large\" alt=\"Suite Tem\u00e1tica Termes Montbri\u00f3\" srcset=\"https:\/\/www.termesmontbrio.com\/wp-content\/uploads\/2025\/09\/Suite-Tematica-Termes-Montbrio-1024x683.webp 1024w, https:\/\/www.termesmontbrio.com\/wp-content\/uploads\/2025\/09\/Suite-Tematica-Termes-Montbrio-300x200.webp 300w, https:\/\/www.termesmontbrio.com\/wp-content\/uploads\/2025\/09\/Suite-Tematica-Termes-Montbrio-768x512.webp 768w, https:\/\/www.termesmontbrio.com\/wp-content\/uploads\/2025\/09\/Suite-Tematica-Termes-Montbrio.webp 1200w\" sizes=\"(max-width: 1020px) 100vw, 1020px\" \/>\t\t\t\t\t\t\n\t\t\t\t\t<\/div>\n\t\t\t\t\t\t\t\t\n<style>\n#image_345900734 {\n  width: 100%;\n}\n<\/style>\n\t<\/div>\n\t\n\t<div class=\"img has-hover x md-x lg-x y md-y lg-y\" id=\"image_298563493\">\n\t\t\t\t\t\t\t\t<div class=\"img-inner image-cover dark\" style=\"padding-top:80%;\">\n\t\t\t<img decoding=\"async\" width=\"900\" height=\"675\" src=\"https:\/\/www.termesmontbrio.com\/wp-content\/uploads\/2024\/03\/alojamiento-tarragona-hotel-termes-montbrio-suites-tematicas-japonesa.webp\" class=\"attachment-large size-large\" alt=\"alojamiento tarragona hotel termes montbrio suites tematicas japonesa\" srcset=\"https:\/\/www.termesmontbrio.com\/wp-content\/uploads\/2024\/03\/alojamiento-tarragona-hotel-termes-montbrio-suites-tematicas-japonesa.webp 900w, https:\/\/www.termesmontbrio.com\/wp-content\/uploads\/2024\/03\/alojamiento-tarragona-hotel-termes-montbrio-suites-tematicas-japonesa-300x225.webp 300w, https:\/\/www.termesmontbrio.com\/wp-content\/uploads\/2024\/03\/alojamiento-tarragona-hotel-termes-montbrio-suites-tematicas-japonesa-768x576.webp 768w\" sizes=\"(max-width: 900px) 100vw, 900px\" \/>\t\t\t\t\t\t\n\t\t\t\t\t<\/div>\n\t\t\t\t\t\t\t\t\n<style>\n#image_298563493 {\n  width: 100%;\n}\n<\/style>\n\t<\/div>\n\t\n\t<div class=\"img has-hover x md-x lg-x y md-y lg-y\" id=\"image_96576618\">\n\t\t\t\t\t\t\t\t<div class=\"img-inner image-cover dark\" style=\"padding-top:80%;\">\n\t\t\t<img decoding=\"async\" width=\"1020\" height=\"679\" src=\"https:\/\/www.termesmontbrio.com\/wp-content\/uploads\/2024\/05\/HOTEL-TERMES-MONTBRIO-habitaciones-126-Suite-tematica-Japonesa_-1024x682.webp\" class=\"attachment-large size-large\" alt=\"HOTEL TERMES MONTBRIO habitaciones Suite tematica Japonesa\" srcset=\"https:\/\/www.termesmontbrio.com\/wp-content\/uploads\/2024\/05\/HOTEL-TERMES-MONTBRIO-habitaciones-126-Suite-tematica-Japonesa_-1024x682.webp 1024w, https:\/\/www.termesmontbrio.com\/wp-content\/uploads\/2024\/05\/HOTEL-TERMES-MONTBRIO-habitaciones-126-Suite-tematica-Japonesa_-300x200.webp 300w, https:\/\/www.termesmontbrio.com\/wp-content\/uploads\/2024\/05\/HOTEL-TERMES-MONTBRIO-habitaciones-126-Suite-tematica-Japonesa_-768x512.webp 768w, https:\/\/www.termesmontbrio.com\/wp-content\/uploads\/2024\/05\/HOTEL-TERMES-MONTBRIO-habitaciones-126-Suite-tematica-Japonesa_.webp 1223w\" sizes=\"(max-width: 1020px) 100vw, 1020px\" \/>\t\t\t\t\t\t\n\t\t\t\t\t<\/div>\n\t\t\t\t\t\t\t\t\n<style>\n#image_96576618 {\n  width: 100%;\n}\n<\/style>\n\t<\/div>\n\t\n\t<div class=\"img has-hover x md-x lg-x y md-y lg-y\" id=\"image_1718289348\">\n\t\t\t\t\t\t\t\t<div class=\"img-inner image-cover dark\" style=\"padding-top:80%;\">\n\t\t\t<img decoding=\"async\" width=\"1020\" height=\"679\" src=\"https:\/\/www.termesmontbrio.com\/wp-content\/uploads\/2024\/05\/HOTEL-TERMES-MONTBRIO-habitaciones-120-Suite-tematica-Japonesa_-1024x682.webp\" class=\"attachment-large size-large\" alt=\"HOTEL TERMES MONTBRIO habitaciones Suite tematica Japonesa\" srcset=\"https:\/\/www.termesmontbrio.com\/wp-content\/uploads\/2024\/05\/HOTEL-TERMES-MONTBRIO-habitaciones-120-Suite-tematica-Japonesa_-1024x682.webp 1024w, https:\/\/www.termesmontbrio.com\/wp-content\/uploads\/2024\/05\/HOTEL-TERMES-MONTBRIO-habitaciones-120-Suite-tematica-Japonesa_-300x200.webp 300w, https:\/\/www.termesmontbrio.com\/wp-content\/uploads\/2024\/05\/HOTEL-TERMES-MONTBRIO-habitaciones-120-Suite-tematica-Japonesa_-768x512.webp 768w, https:\/\/www.termesmontbrio.com\/wp-content\/uploads\/2024\/05\/HOTEL-TERMES-MONTBRIO-habitaciones-120-Suite-tematica-Japonesa_.webp 1228w\" sizes=\"(max-width: 1020px) 100vw, 1020px\" \/>\t\t\t\t\t\t\n\t\t\t\t\t<\/div>\n\t\t\t\t\t\t\t\t\n<style>\n#image_1718289348 {\n  width: 100%;\n}\n<\/style>\n\t<\/div>\n\t\n\t<div class=\"img has-hover x md-x lg-x y md-y lg-y\" id=\"image_1231984727\">\n\t\t\t\t\t\t\t\t<div class=\"img-inner image-cover dark\" style=\"padding-top:80%;\">\n\t\t\t<img decoding=\"async\" width=\"1020\" height=\"679\" src=\"https:\/\/www.termesmontbrio.com\/wp-content\/uploads\/2024\/05\/HOTEL-TERMES-MONTBRIO-habitaciones-130-Suite-tematica-Japonesa_-1024x682.webp\" class=\"attachment-large size-large\" alt=\"HOTEL TERMES MONTBRIO habitaciones Suite tematica Japonesa\" srcset=\"https:\/\/www.termesmontbrio.com\/wp-content\/uploads\/2024\/05\/HOTEL-TERMES-MONTBRIO-habitaciones-130-Suite-tematica-Japonesa_-1024x682.webp 1024w, https:\/\/www.termesmontbrio.com\/wp-content\/uploads\/2024\/05\/HOTEL-TERMES-MONTBRIO-habitaciones-130-Suite-tematica-Japonesa_-300x200.webp 300w, https:\/\/www.termesmontbrio.com\/wp-content\/uploads\/2024\/05\/HOTEL-TERMES-MONTBRIO-habitaciones-130-Suite-tematica-Japonesa_-768x512.webp 768w, https:\/\/www.termesmontbrio.com\/wp-content\/uploads\/2024\/05\/HOTEL-TERMES-MONTBRIO-habitaciones-130-Suite-tematica-Japonesa_.webp 1253w\" sizes=\"(max-width: 1020px) 100vw, 1020px\" \/>\t\t\t\t\t\t\n\t\t\t\t\t<\/div>\n\t\t\t\t\t\t\t\t\n<style>\n#image_1231984727 {\n  width: 100%;\n}\n<\/style>\n\t<\/div>\n\t\n\t<div class=\"img has-hover x md-x lg-x y md-y lg-y\" id=\"image_1501167075\">\n\t\t\t\t\t\t\t\t<div class=\"img-inner image-cover dark\" style=\"padding-top:80%;\">\n\t\t\t<img decoding=\"async\" width=\"1020\" height=\"680\" src=\"https:\/\/www.termesmontbrio.com\/wp-content\/uploads\/2025\/09\/Bathroom-Suite-Tematica-Termes-Montbrio-Hotel-1024x683.webp\" class=\"attachment-large size-large\" alt=\"Bathroom Suite Tematica Termes Montbrio Hotel\" srcset=\"https:\/\/www.termesmontbrio.com\/wp-content\/uploads\/2025\/09\/Bathroom-Suite-Tematica-Termes-Montbrio-Hotel-1024x683.webp 1024w, https:\/\/www.termesmontbrio.com\/wp-content\/uploads\/2025\/09\/Bathroom-Suite-Tematica-Termes-Montbrio-Hotel-300x200.webp 300w, https:\/\/www.termesmontbrio.com\/wp-content\/uploads\/2025\/09\/Bathroom-Suite-Tematica-Termes-Montbrio-Hotel-768x512.webp 768w, https:\/\/www.termesmontbrio.com\/wp-content\/uploads\/2025\/09\/Bathroom-Suite-Tematica-Termes-Montbrio-Hotel.webp 1200w\" sizes=\"(max-width: 1020px) 100vw, 1020px\" \/>\t\t\t\t\t\t\n\t\t\t\t\t<\/div>\n\t\t\t\t\t\t\t\t\n<style>\n#image_1501167075 {\n  width: 100%;\n}\n<\/style>\n\t<\/div>\n\t\n     <\/div>\n\n     <div class=\"loading-spin dark large centered\"><\/div>\n\n\t<\/div>\n\n\n\t\t<\/div>\n\t\t\t\t\t<\/div>\n\n\t\n<\/div>\n\t<div id=\"gap-1503204295\" class=\"gap-element clearfix\" style=\"display:block; height:auto;\">\n\t\t\n<style>\n#gap-1503204295 {\n  padding-top: 40px;\n}\n<\/style>\n\t<\/div>\n\t\n\t\t<\/div>\n\t\t\t\t\n<style>\n#col-1015567993 > .col-inner {\n  padding: 0px 0px 0px 0px;\n  margin: 30px 0px 0px 0px;\n}\n<\/style>\n\t<\/div>\n\n\t\n<\/div>\n<\/div><\/div><\/div>\n\t\t<\/div>\n\n\t\t\n<style>\n#section_876883615 {\n  padding-top: 0px;\n  padding-bottom: 0px;\n}\n<\/style>\n\t<\/section>\n\t\n\t<div id=\"gap-1154951081\" class=\"gap-element clearfix\" style=\"display:block; height:auto;\">\n\t\t\n<style>\n#gap-1154951081 {\n  padding-top: 0px;\n}\n@media (min-width:550px) {\n  #gap-1154951081 {\n    padding-top: 40px;\n  }\n}\n<\/style>\n\t<\/div>\n\t\n\n\t<section class=\"section\" id=\"section_2082290753\">\n\t\t<div class=\"section-bg fill\" >\n\t\t\t\t\t\t\t\t\t\n\t\t\t\n\n\t\t<\/div>\n\n\t\t\n\n\t\t<div class=\"section-content relative\">\n\t\t\t\n\n\t<section class=\"section\" id=\"section_354977681\">\n\t\t<div class=\"section-bg fill\" >\n\t\t\t\t\t\t\t\t\t\n\t\t\t\n\n\t\t<\/div>\n\n\t\t\n\n\t\t<div class=\"section-content relative\">\n\t\t\t\n\n<div class=\"row row-collapse row-full-width align-center\"  id=\"row-1101287025\">\n\n\n\t<div id=\"col-1902176048\" class=\"col small-12 large-12\"  >\n\t\t\t\t<div class=\"col-inner\"  >\n\t\t\t\n\t\t\t\n\n\n  <div class=\"banner has-hover\" id=\"banner-1839411626\">\n          <div class=\"banner-inner fill\">\n        <div class=\"banner-bg fill\" >\n            <img decoding=\"async\" width=\"1536\" height=\"1024\" src=\"https:\/\/www.termesmontbrio.com\/wp-content\/uploads\/2024\/10\/HOTEL-TERMES-DE-MONTBRIO_MODELS-AQUATONIC-6-1536x1024.webp\" class=\"bg attachment-1536x1536 size-1536x1536\" alt=\"HOTEL TERMES DE MONTBRIO\u0301 MODELS AQUATONIC\" \/>                        <div class=\"overlay\"><\/div>            \n                    <\/div>\n\t\t\n        <div class=\"banner-layers container\">\n            <div class=\"fill banner-link\"><\/div>            \n\n   <div id=\"text-box-248414908\" class=\"text-box banner-layer x50 md-x50 lg-x50 y50 md-y50 lg-y50 res-text\">\n                                <div class=\"text-box-content text dark\">\n              \n              <div class=\"text-inner text-center\">\n                  \n\n\n              <\/div>\n           <\/div>\n                            \n<style>\n#text-box-248414908 {\n  width: 60%;\n}\n#text-box-248414908 .text-box-content {\n  font-size: 100%;\n}\n@media (min-width:550px) {\n  #text-box-248414908 {\n    width: 60%;\n  }\n}\n<\/style>\n    <\/div>\n \n\n        <\/div>\n      <\/div>\n\n            \n<style>\n#banner-1839411626 {\n  padding-top: 300px;\n  background-color: rgb(255, 255, 255);\n}\n#banner-1839411626 .overlay {\n  background-color: rgba(0, 0, 0, 0.372);\n}\n#banner-1839411626 .banner-bg img {\n  object-position: 57% 39%;\n}\n@media (min-width:550px) {\n  #banner-1839411626 {\n    padding-top: 502px;\n  }\n}\n<\/style>\n  <\/div>\n\n\n<div class=\"row row-collapse\"  id=\"row-1788621544\">\n\n\n\t<div id=\"col-134921915\" class=\"col medium-12 small-12 large-6\"  >\n\t\t\t\t<div class=\"col-inner dark\" style=\"background-color:#356d91;\" >\n\t\t\t\n\t\t\t\n\n\t<div id=\"text-3940958422\" class=\"text\">\n\t\t\n\n<h3><a href=\"fr\/bons-cadeau\"><i class=\"fa-solid fa-gift\"><\/i> Ch\u00e8ques-cadeaux<\/a><\/h3>\n\t\t\n<style>\n#text-3940958422 {\n  font-size: 1.6rem;\n}\n<\/style>\n\t<\/div>\n\t\n<p><strong>Donnez des moments de bien-\u00eatre et de bonheur en cadeau. <\/strong><span style=\"font-weight: 400;\">Offrez une d\u00e9connexion dans notre spa thermal, des d\u00eeners gastronomiques ou des s\u00e9jours de luxe, et faites de votre cadeau une exp\u00e9rience inoubliable.<\/span><\/p>\n\t<div id=\"gap-999953769\" class=\"gap-element clearfix\" style=\"display:block; height:auto;\">\n\t\t\n<style>\n#gap-999953769 {\n  padding-top: 10px;\n}\n<\/style>\n\t<\/div>\n\t\n\n<a href=\"https:\/\/www.termesmontbrio.com\/fr\/bons-cadeau\/\" class=\"button white is-small\" style=\"padding:7px 30px 7px 30px;\">\n\t\t<span>VOIR LES CH\u00c8QUES<\/span>\n\t<i class=\"icon-angle-right\" aria-hidden=\"true\"><\/i><\/a>\n\n\n\n\t\t<\/div>\n\t\t\t\t\n<style>\n#col-134921915 > .col-inner {\n  padding: 40px 30px 40px 30px;\n  margin: -40px 0px 0px 0px;\n}\n@media (min-width:550px) {\n  #col-134921915 > .col-inner {\n    padding: 20px 60px 20px 60px;\n    margin: -39px 0px 0px 0px;\n  }\n}\n@media (min-width:850px) {\n  #col-134921915 > .col-inner {\n    margin: -410px 0px 0px 0px;\n  }\n}\n<\/style>\n\t<\/div>\n\n\t\n\n<\/div>\n\n\t\t<\/div>\n\t\t\t\t\t<\/div>\n\n\t\n\n<\/div>\n\n\t\t<\/div>\n\n\t\t\n<style>\n#section_354977681 {\n  padding-top: 0px;\n  padding-bottom: 0px;\n}\n<\/style>\n\t<\/section>\n\t\n\t\t<\/div>\n\n\t\t\n<style>\n#section_2082290753 {\n  padding-top: 0px;\n  padding-bottom: 0px;\n}\n<\/style>\n\t<\/section>\n\t\n\n\t<section class=\"section\" id=\"section_86830218\">\n\t\t<div class=\"section-bg fill\" >\n\t\t\t\t\t\t\t\t\t\n\t\t\t\n\n\t\t<\/div>\n\n\t\t\n\n\t\t<div class=\"section-content relative\">\n\t\t\t\r\n\r\n<div class=\"row row-small align-equal\"  id=\"row-1740092804\">\r\n\r\n\n\t<div id=\"col-1318646941\" class=\"col small-12 large-12\"  >\n\t\t\t\t<div class=\"col-inner text-center\"  >\n\t\t\t\n\t\t\t\r\n\r\n\t<div id=\"text-4196493152\" class=\"text\">\n\t\t\r\n\r\n<h3 class=\"thin-font\">S'\u00e9vader \u00e0 Termes Montbri\u00f3<\/h3>\r\n<h2 class=\"uppercase\">PROMOTIONS ET ESCAPADES<\/h2>\r\n\t\t\n<style>\n#text-4196493152 {\n  text-align: center;\n}\n<\/style>\n\t<\/div>\n\t\r\n\t<div id=\"gap-16711374\" class=\"gap-element clearfix\" style=\"display:block; height:auto;\">\n\t\t\n<style>\n#gap-16711374 {\n  padding-top: 20px;\n}\n<\/style>\n\t<\/div>\n\t\r\n\r\n\n\t\t<div class=\"tabbed-content\">\n\t\t\t\n\t\t\t<ul class=\"nav nav-pills nav-uppercase nav-size-normal nav-center active-on-hover\" role=\"tablist\"><li id=\"tab-offres-d&#039;h\u00f4tel\" class=\"tab active has-icon\" role=\"presentation\"><a href=\"#tab_offres-d&#039;h\u00f4tel\" role=\"tab\" aria-selected=\"true\" aria-controls=\"tab_offres-d&#039;h\u00f4tel\"><span>Offres d&#039;h\u00f4tel<\/span><\/a><\/li>\n<li id=\"tab-offres-d&#039;un-jour\" class=\"tab has-icon\" role=\"presentation\"><a href=\"#tab_offres-d&#039;un-jour\" tabindex=\"-1\" role=\"tab\" aria-selected=\"false\" aria-controls=\"tab_offres-d&#039;un-jour\"><span>Offres d&#039;un jour<\/span><\/a><\/li>\n<li id=\"tab-ch\u00e8ques-cadeaux\" class=\"tab has-icon\" role=\"presentation\"><a href=\"#tab_ch\u00e8ques-cadeaux\" tabindex=\"-1\" role=\"tab\" aria-selected=\"false\" aria-controls=\"tab_ch\u00e8ques-cadeaux\"><span>ch\u00e8ques cadeaux<\/span><\/a><\/li><\/ul><div class=\"tab-panels\"><div id=\"tab_offres-d&#039;h\u00f4tel\" class=\"panel active entry-content\" role=\"tabpanel\" aria-labelledby=\"tab-offres-d&#039;h\u00f4tel\">\r\n\r\n<div class=\"slider-wrapper relative\" id=\"slider-733886488\" >\n    <div class=\"slider slider-nav-dots-dashes-spaced slider-nav-simple slider-nav-large slider-nav-light slider-nav-outside slider-style-normal slider-show-nav\"\n        data-flickity-options='{\n            \"cellAlign\": \"center\",\n            \"imagesLoaded\": true,\n            \"lazyLoad\": 1,\n            \"freeScroll\": false,\n            \"wrapAround\": true,\n            \"autoPlay\": 7000,\n            \"pauseAutoPlayOnHover\" : true,\n            \"prevNextButtons\": true,\n            \"contain\" : true,\n            \"adaptiveHeight\" : true,\n            \"dragThreshold\" : 10,\n            \"percentPosition\": true,\n            \"pageDots\": true,\n            \"rightToLeft\": false,\n            \"draggable\": false,\n            \"selectedAttraction\": 0.1,\n            \"parallax\" : 0,\n            \"friction\": 0.6        }'\n        >\n        \r\n\r\n<div class=\"row align-center\"  id=\"row-1074871098\">\r\n\r\n\n\t<div id=\"col-501956978\" class=\"col medium-4 small-12 large-4\"  >\n\t\t\t\t<div class=\"col-inner text-center\" style=\"background-color:rgb(255, 255, 255);\" >\n\t\t\t\n\t\t\t\r\n\r\n\t<div class=\"box has-hover   has-hover box-shadow-2 box-shadow-4-hover box-bounce box-text-bottom\" >\n\n\t\t<div class=\"box-image\" >\n\t\t\t<a href=\"https:\/\/www.termesmontbrio.com\/fr\/offres\/aquatonic-day\/\" >\t\t\t<div class=\"image-overlay-add image-cover\" style=\"padding-top:250px;\">\n\t\t\t\t<img decoding=\"async\" width=\"974\" height=\"681\" src=\"https:\/\/www.termesmontbrio.com\/wp-content\/uploads\/2024\/03\/hotel-termes-de-montbrio-ofertas-tarragona-spa-termal-parejas-aquatonic-2.webp\" class=\"attachment- size-\" alt=\"hotel termes de montbrio ofertas tarragona spa termal parejas aquatonic\" srcset=\"https:\/\/www.termesmontbrio.com\/wp-content\/uploads\/2024\/03\/hotel-termes-de-montbrio-ofertas-tarragona-spa-termal-parejas-aquatonic-2.webp 974w, https:\/\/www.termesmontbrio.com\/wp-content\/uploads\/2024\/03\/hotel-termes-de-montbrio-ofertas-tarragona-spa-termal-parejas-aquatonic-2-300x210.webp 300w, https:\/\/www.termesmontbrio.com\/wp-content\/uploads\/2024\/03\/hotel-termes-de-montbrio-ofertas-tarragona-spa-termal-parejas-aquatonic-2-768x537.webp 768w\" sizes=\"(max-width: 974px) 100vw, 974px\" \/>\t\t\t\t<div class=\"overlay\" style=\"background-color:rgba(0, 0, 0, 0.2)\"><\/div>\t\t\t\t\t\t\t<\/div>\n\t\t\t<\/a>\t\t<\/div>\n\n\t\t<div class=\"box-text text-center is-large\" >\n\t\t\t<div class=\"box-text-inner\">\n\t\t\t\t\r\n\r\n\t<div id=\"text-882245449\" class=\"text\">\n\t\t\r\n\r\n<p style=\"font-weight: 500;\"><span style=\"color: #000000;\"><a style=\"color: #000000;\" href=\"https:\/\/www.termesmontbrio.com\/fr\/offres\/aquatonic-day\/\">Aquatonic Day<\/a><\/span><\/p>\r\n\t\t\n<style>\n#text-882245449 {\n  font-size: 1.6rem;\n  text-align: center;\n}\n<\/style>\n\t<\/div>\n\t\r\n\t<div id=\"text-2738961950\" class=\"text\">\n\t\t\r\n\r\nD\u00e9tendez-vous dans notre centre d'eau thermale Aquatonic.\r\n\t\t\n<style>\n#text-2738961950 {\n  font-size: 1rem;\n  text-align: center;\n}\n@media (min-width:550px) {\n  #text-2738961950 {\n    font-size: 1rem;\n  }\n}\n<\/style>\n\t<\/div>\n\t\r\n\t<div id=\"text-3568364079\" class=\"text\">\n\t\t\r\n\r\n<span style=\"color: #000000;\"><span style=\"font-size: 80%;\">\u00c0 partir de<\/span> <span style=\"font-size: 100%;\">\u20ac91<\/span><\/span>\r\n\t\t\n<style>\n#text-3568364079 {\n  text-align: center;\n}\n<\/style>\n\t<\/div>\n\t\r\n<a data-animate=\"fadeInRight\" href=\"https:\/\/www.termesmontbrio.com\/fr\/offres\/aquatonic-day\/\" class=\"button secondary is-small\" style=\"border-radius:50px;\">\n\t\t<span>R\u00e9server<\/span>\n\t<i class=\"icon-angle-right\" aria-hidden=\"true\"><\/i><\/a>\n\r\n\r\n\r\n\t\t\t<\/div>\n\t\t<\/div>\n\t<\/div>\n\t\r\n\r\n\t\t<\/div>\n\t\t\t\t\t<\/div>\n\n\t\r\n\n\t<div id=\"col-1795283075\" class=\"col medium-4 small-12 large-4\"  >\n\t\t\t\t<div class=\"col-inner box-shadow-2\" style=\"background-color:rgb(255, 255, 255);\" >\n\t\t\t\n\t\t\t\r\n\r\n\t<div class=\"box has-hover   has-hover box-bounce box-text-bottom\" >\n\n\t\t<div class=\"box-image\" >\n\t\t\t<a href=\"https:\/\/www.termesmontbrio.com\/fr\/offres\/romantique-escape-tarragona-catalogne\/\" >\t\t\t<div class=\"image-overlay-add image-cover\" style=\"padding-top:250px;\">\n\t\t\t\t<img decoding=\"async\" width=\"1948\" height=\"1299\" src=\"https:\/\/www.termesmontbrio.com\/wp-content\/uploads\/2024\/10\/HOTEL-TERMES-DE-MONTBRIO_MODELS-AQUATONIC-19.webp\" class=\"attachment- size-\" alt=\"HOTEL TERMES DE MONTBRIO\u0301 MODELS AQUATONIC\" srcset=\"https:\/\/www.termesmontbrio.com\/wp-content\/uploads\/2024\/10\/HOTEL-TERMES-DE-MONTBRIO_MODELS-AQUATONIC-19.webp 1948w, https:\/\/www.termesmontbrio.com\/wp-content\/uploads\/2024\/10\/HOTEL-TERMES-DE-MONTBRIO_MODELS-AQUATONIC-19-300x200.webp 300w, https:\/\/www.termesmontbrio.com\/wp-content\/uploads\/2024\/10\/HOTEL-TERMES-DE-MONTBRIO_MODELS-AQUATONIC-19-1024x683.webp 1024w, https:\/\/www.termesmontbrio.com\/wp-content\/uploads\/2024\/10\/HOTEL-TERMES-DE-MONTBRIO_MODELS-AQUATONIC-19-768x512.webp 768w, https:\/\/www.termesmontbrio.com\/wp-content\/uploads\/2024\/10\/HOTEL-TERMES-DE-MONTBRIO_MODELS-AQUATONIC-19-1536x1024.webp 1536w\" sizes=\"(max-width: 1948px) 100vw, 1948px\" \/>\t\t\t\t<div class=\"overlay\" style=\"background-color:rgba(0, 0, 0, 0.2)\"><\/div>\t\t\t\t\t\t\t<\/div>\n\t\t\t<\/a>\t\t<\/div>\n\n\t\t<div class=\"box-text text-center is-large\" >\n\t\t\t<div class=\"box-text-inner\">\n\t\t\t\t\r\n\r\n\t<div id=\"text-4126402759\" class=\"text\">\n\t\t\r\n\r\n<p style=\"font-weight: 500;\"><span style=\"color: #000000;\"><a style=\"color: #000000;\" href=\"https:\/\/www.termesmontbrio.com\/fr\/offres\/romantique-escape-tarragona-catalogne\/\">Escapade romantique<\/a><\/span><\/p>\r\n\t\t\n<style>\n#text-4126402759 {\n  font-size: 1.6rem;\n  text-align: center;\n}\n<\/style>\n\t<\/div>\n\t\r\n\t<div id=\"text-1558121456\" class=\"text\">\n\t\t\r\n\r\n<p>H\u00e9bergement + Petit-d\u00e9jeuner + Cava + D\u00eener + Spa thermal<\/p>\r\n\t\t\n<style>\n#text-1558121456 {\n  font-size: 1rem;\n  text-align: center;\n}\n<\/style>\n\t<\/div>\n\t\r\n\t<div id=\"text-2963227415\" class=\"text\">\n\t\t\r\n\r\n<p><span style=\"color: #000000;\"><span style=\"font-size: 80%;\">\u00c0 partir de <\/span><span style=\"font-size: 100%;\">\u20ac186<\/span><\/span><\/p>\r\n\t\t\n<style>\n#text-2963227415 {\n  text-align: center;\n}\n<\/style>\n\t<\/div>\n\t\r\n<a data-animate=\"fadeInRight\" href=\"https:\/\/www.termesmontbrio.com\/fr\/offres\/romantique-escape-tarragona-catalogne\/\" class=\"button secondary is-small\" style=\"border-radius:50px;\">\n\t\t<span>r\u00e9server<\/span>\n\t<i class=\"icon-angle-right\" aria-hidden=\"true\"><\/i><\/a>\n\r\n\r\n\r\n\t\t\t<\/div>\n\t\t<\/div>\n\t<\/div>\n\t\r\n\r\n\t\t<\/div>\n\t\t\t\t\t<\/div>\n\n\t\r\n\n\t<div id=\"col-1475579884\" class=\"col medium-4 small-12 large-4\"  >\n\t\t\t\t<div class=\"col-inner box-shadow-2\" style=\"background-color:rgb(255, 255, 255);\" >\n\t\t\t\n\t\t\t\r\n\r\n\t<div class=\"box has-hover  hidden has-hover box-bounce box-text-bottom\" >\n\n\t\t<div class=\"box-image\" >\n\t\t\t<a href=\"https:\/\/reservas.termesmontbrio.com\/fr\/hotel\/termesmontbrio\" target=\"_blank\" rel=\"noopener\" >\t\t\t<div class=\"image-overlay-add image-cover\" style=\"padding-top:250px;\">\n\t\t\t\t<img decoding=\"async\" width=\"1217\" height=\"1826\" src=\"https:\/\/www.termesmontbrio.com\/wp-content\/uploads\/2024\/10\/HOTEL-TERMES-DE-MONTBRIO_MODELS-AQUATONIC-4.webp\" class=\"attachment- size-\" alt=\"HOTEL TERMES DE MONTBRIO\u0301 MODELS AQUATONIC\" srcset=\"https:\/\/www.termesmontbrio.com\/wp-content\/uploads\/2024\/10\/HOTEL-TERMES-DE-MONTBRIO_MODELS-AQUATONIC-4.webp 1217w, https:\/\/www.termesmontbrio.com\/wp-content\/uploads\/2024\/10\/HOTEL-TERMES-DE-MONTBRIO_MODELS-AQUATONIC-4-200x300.webp 200w, https:\/\/www.termesmontbrio.com\/wp-content\/uploads\/2024\/10\/HOTEL-TERMES-DE-MONTBRIO_MODELS-AQUATONIC-4-682x1024.webp 682w, https:\/\/www.termesmontbrio.com\/wp-content\/uploads\/2024\/10\/HOTEL-TERMES-DE-MONTBRIO_MODELS-AQUATONIC-4-768x1152.webp 768w, https:\/\/www.termesmontbrio.com\/wp-content\/uploads\/2024\/10\/HOTEL-TERMES-DE-MONTBRIO_MODELS-AQUATONIC-4-1024x1536.webp 1024w\" sizes=\"(max-width: 1217px) 100vw, 1217px\" \/>\t\t\t\t<div class=\"overlay\" style=\"background-color:rgba(0, 0, 0, 0.2)\"><\/div>\t\t\t\t\t\t\t<\/div>\n\t\t\t<\/a>\t\t<\/div>\n\n\t\t<div class=\"box-text text-center is-large\" >\n\t\t\t<div class=\"box-text-inner\">\n\t\t\t\t\r\n\r\n\t<div id=\"text-1541647571\" class=\"text\">\n\t\t\r\n\r\n<p style=\"font-weight: 500;\"><span style=\"color: #000000;\"><a style=\"color: #000000;\" href=\"https:\/\/reservas.termesmontbrio.com\/fr\/hotel\/termesmontbrio\" target=\"_blank\" rel=\"noopener\">Offre de derni\u00e8re minute <\/a><\/span><\/p>\r\n\t\t\n<style>\n#text-1541647571 {\n  font-size: 1.6rem;\n  text-align: center;\n}\n<\/style>\n\t<\/div>\n\t\r\n\t<div id=\"text-2349795463\" class=\"text\">\n\t\t\r\n\r\nEscapade thermale pour les plus de 55 ans sur la Costa Daurada.\r\n\t\t\n<style>\n#text-2349795463 {\n  font-size: 1rem;\n  text-align: center;\n}\n<\/style>\n\t<\/div>\n\t\r\n\t<div id=\"text-1634015080\" class=\"text\">\n\t\t\r\n\r\n<span style=\"color: #000000;\"><span style=\"font-size: 80%;\">\u00c0 partir de<\/span> <span style=\"font-size: 100%;\">\u20ac91<\/span><\/span>\r\n\t\t\n<style>\n#text-1634015080 {\n  text-align: center;\n}\n<\/style>\n\t<\/div>\n\t\r\n<a data-animate=\"fadeInRight\" href=\"https:\/\/reservas.termesmontbrio.com\/fr\/hotel\/termesmontbrio\" target=\"_blank\" class=\"button secondary is-small\" rel=\"noopener\" style=\"border-radius:50px;\">\n\t\t<span>r\u00e9server<\/span>\n\t<i class=\"icon-angle-right\" aria-hidden=\"true\"><\/i><\/a>\n\r\n\r\n\r\n\t\t\t<\/div>\n\t\t<\/div>\n\t<\/div>\n\t\r\n\t<div class=\"box has-hover   has-hover box-bounce box-text-bottom\" >\n\n\t\t<div class=\"box-image\" >\n\t\t\t<a href=\"https:\/\/www.termesmontbrio.com\/ofertas\/ultima-hora-hotel-tarragona\/\" >\t\t\t<div class=\"image-overlay-add image-cover\" style=\"padding-top:250px;\">\n\t\t\t\t<img decoding=\"async\" width=\"1991\" height=\"1327\" src=\"https:\/\/www.termesmontbrio.com\/wp-content\/uploads\/2024\/10\/HOTEL-TERMES-DE-MONTBRIO_MODELS-PISCINA-5.webp\" class=\"attachment- size-\" alt=\"HOTEL TERMES DE MONTBRIO\u0301 MODELS PISCINA\" srcset=\"https:\/\/www.termesmontbrio.com\/wp-content\/uploads\/2024\/10\/HOTEL-TERMES-DE-MONTBRIO_MODELS-PISCINA-5.webp 1991w, https:\/\/www.termesmontbrio.com\/wp-content\/uploads\/2024\/10\/HOTEL-TERMES-DE-MONTBRIO_MODELS-PISCINA-5-300x200.webp 300w, https:\/\/www.termesmontbrio.com\/wp-content\/uploads\/2024\/10\/HOTEL-TERMES-DE-MONTBRIO_MODELS-PISCINA-5-1024x682.webp 1024w, https:\/\/www.termesmontbrio.com\/wp-content\/uploads\/2024\/10\/HOTEL-TERMES-DE-MONTBRIO_MODELS-PISCINA-5-768x512.webp 768w, https:\/\/www.termesmontbrio.com\/wp-content\/uploads\/2024\/10\/HOTEL-TERMES-DE-MONTBRIO_MODELS-PISCINA-5-1536x1024.webp 1536w\" sizes=\"(max-width: 1991px) 100vw, 1991px\" \/>\t\t\t\t<div class=\"overlay\" style=\"background-color:rgba(0, 0, 0, 0.2)\"><\/div>\t\t\t\t\t\t\t<\/div>\n\t\t\t<\/a>\t\t<\/div>\n\n\t\t<div class=\"box-text text-center is-large\" >\n\t\t\t<div class=\"box-text-inner\">\n\t\t\t\t\r\n\r\n\t<div id=\"text-1333991739\" class=\"text\">\n\t\t\r\n\r\n<p style=\"font-weight: 500;\"><span style=\"color: #000000;\"><a style=\"color: #000000;\" href=\"https:\/\/www.termesmontbrio.com\/ofertas\/ultima-hora-hotel-tarragona\/\" target=\"_blank\" rel=\"noopener\">Offre de derni\u00e8re minute<\/a><\/span><\/p>\r\n\r\n\t\t\n<style>\n#text-1333991739 {\n  font-size: 1.6rem;\n  text-align: center;\n}\n<\/style>\n\t<\/div>\n\t\r\n\t<div id=\"text-2395197640\" class=\"text\">\n\t\t\r\n\r\n<p>B\u00e9n\u00e9ficiez d'une r\u00e9duction de 10 % sur le meilleur tarif disponible<\/p>\r\n\t\t\n<style>\n#text-2395197640 {\n  font-size: 1rem;\n  text-align: center;\n}\n<\/style>\n\t<\/div>\n\t\r\n\t<div id=\"text-1704751574\" class=\"text\">\n\t\t\r\n\r\n<p><span style=\"color: #000000;\"><span style=\"font-size: 80%;\"><span style=\"font-size: 100%;\">\u00c0 partir de \u20ac80<\/span><\/span><\/span><\/p>\r\n\t\t\n<style>\n#text-1704751574 {\n  text-align: center;\n}\n<\/style>\n\t<\/div>\n\t\r\n<a data-animate=\"fadeInRight\" href=\"https:\/\/www.termesmontbrio.com\/ofertas\/ultima-hora-hotel-tarragona\/\" class=\"button secondary is-small\" style=\"border-radius:50px;\">\n\t\t<span>r\u00e9server<\/span>\n\t<i class=\"icon-angle-right\" aria-hidden=\"true\"><\/i><\/a>\n\r\n\r\n\r\n\t\t\t<\/div>\n\t\t<\/div>\n\t<\/div>\n\t\r\n\r\n\t\t<\/div>\n\t\t\t\t\t<\/div>\n\n\t\r\n\r\n<\/div>\r\n\r\n     <\/div>\n\n     <div class=\"loading-spin dark large centered\"><\/div>\n\n\t\n<style>\n#slider-733886488 {\n  margin-bottom: 0px;\n}\n@media (min-width:550px) {\n  #slider-733886488 {\n    margin-bottom: 20px;\n  }\n}\n<\/style>\n<\/div>\n\n\r\n\r\n<\/div>\n<div id=\"tab_offres-d&#039;un-jour\" class=\"panel entry-content\" role=\"tabpanel\" aria-labelledby=\"tab-offres-d&#039;un-jour\">\r\n\r\n<div class=\"slider-wrapper relative\" id=\"slider-532748805\" >\n    <div class=\"slider slider-nav-dots-dashes-spaced slider-nav-simple slider-nav-large slider-nav-light slider-nav-outside slider-style-normal slider-show-nav\"\n        data-flickity-options='{\n            \"cellAlign\": \"center\",\n            \"imagesLoaded\": true,\n            \"lazyLoad\": 1,\n            \"freeScroll\": false,\n            \"wrapAround\": true,\n            \"autoPlay\": 7000,\n            \"pauseAutoPlayOnHover\" : true,\n            \"prevNextButtons\": true,\n            \"contain\" : true,\n            \"adaptiveHeight\" : true,\n            \"dragThreshold\" : 10,\n            \"percentPosition\": true,\n            \"pageDots\": true,\n            \"rightToLeft\": false,\n            \"draggable\": false,\n            \"selectedAttraction\": 0.1,\n            \"parallax\" : 0,\n            \"friction\": 0.6        }'\n        >\n        \r\n\r\n<div class=\"row align-equal align-center\"  id=\"row-799089584\">\r\n\r\n\n\t<div id=\"col-962164853\" class=\"col medium-4 small-12 large-4\"  >\n\t\t\t\t<div class=\"col-inner\" style=\"background-color:rgb(255, 255, 255);\" >\n\t\t\t\n\t\t\t\r\n\r\n\t<div class=\"box has-hover   has-hover box-shadow-2 box-shadow-4-hover box-bounce box-text-bottom\" >\n\n\t\t<div class=\"box-image\" >\n\t\t\t<a href=\"https:\/\/www.centrotel.es\/newCRSUI3\/Booking\/ItemsSelection.aspx?CRSName=termesmontbrio&#038;idEstablishmentSRT=3&#038;idPT=79,85,80,86,87,84,102&#038;idP=372,376,393,583,391,392,395,584,373,377,576,394,374,378,396,585,375,379,397,577,578,579,581,582,616&#038;idLanguage=fr-FR%20&#038;head=1&#038;oneDay=1&#038;sidpt=-1\" target=\"_blank\" rel=\"noopener\" >\t\t\t<div class=\"image-overlay-add image-cover\" style=\"padding-top:250px;\">\n\t\t\t\t<img decoding=\"async\" width=\"451\" height=\"451\" src=\"https:\/\/www.termesmontbrio.com\/wp-content\/uploads\/2024\/03\/hotel-termes-de-montbrio-ofertas-tarragona-spa-termal-parejas-aquatonic-6.webp\" class=\"attachment- size-\" alt=\"hotel termes de montbrio ofertas tarragona spa termal parejas aquatonic\" srcset=\"https:\/\/www.termesmontbrio.com\/wp-content\/uploads\/2024\/03\/hotel-termes-de-montbrio-ofertas-tarragona-spa-termal-parejas-aquatonic-6.webp 451w, https:\/\/www.termesmontbrio.com\/wp-content\/uploads\/2024\/03\/hotel-termes-de-montbrio-ofertas-tarragona-spa-termal-parejas-aquatonic-6-300x300.webp 300w, https:\/\/www.termesmontbrio.com\/wp-content\/uploads\/2024\/03\/hotel-termes-de-montbrio-ofertas-tarragona-spa-termal-parejas-aquatonic-6-150x150.webp 150w\" sizes=\"(max-width: 451px) 100vw, 451px\" \/>\t\t\t\t<div class=\"overlay\" style=\"background-color:rgba(0, 0, 0, 0.2)\"><\/div>\t\t\t\t\t\t\t<\/div>\n\t\t\t<\/a>\t\t<\/div>\n\n\t\t<div class=\"box-text text-center is-large\" >\n\t\t\t<div class=\"box-text-inner\">\n\t\t\t\t\r\n\r\n\t<div id=\"text-2388076357\" class=\"text\">\n\t\t\r\n\r\n<p style=\"font-weight: 500;\"><span style=\"color: #000000;\"><a style=\"color: #000000;\" href=\"https:\/\/www.centrotel.es\/newCRSUI3\/Booking\/ItemsSelection.aspx?CRSName=termesmontbrio&amp;idEstablishmentSRT=3&amp;idPT=79,85,80,86,87,84,102&amp;idP=372,376,393,583,391,392,395,584,373,377,576,394,374,378,396,585,375,379,397,577,578,579,581,582,616&amp;idLanguage=fr-FR%20&amp;head=1&amp;oneDay=1&amp;sidpt=-1\" target=\"_blank\" rel=\"noopener\">Billet Aquatonic<\/a><\/span><\/p>\r\n\t\t\n<style>\n#text-2388076357 {\n  font-size: 1.6rem;\n  text-align: center;\n}\n<\/style>\n\t<\/div>\n\t\r\n\t<div id=\"text-2545355461\" class=\"text\">\n\t\t\r\n\r\nD\u00e9tendez-vous dans notre centre d'eau thermale Aquatonic.\r\n\t\t\n<style>\n#text-2545355461 {\n  font-size: 1rem;\n  text-align: center;\n}\n@media (min-width:550px) {\n  #text-2545355461 {\n    font-size: 1rem;\n  }\n}\n<\/style>\n\t<\/div>\n\t\r\n\t<div id=\"text-2587971319\" class=\"text\">\n\t\t\r\n\r\n<span style=\"color: #000000;\"><span style=\"font-size: 80%;\">\u00c0 partir de<\/span> <span style=\"font-size: 100%;\">\u20ac32<\/span><\/span>\r\n\t\t\n<style>\n#text-2587971319 {\n  text-align: center;\n}\n<\/style>\n\t<\/div>\n\t\r\n<a data-animate=\"fadeInRight\" href=\"https:\/\/www.centrotel.es\/newCRSUI3\/Booking\/ItemsSelection.aspx?CRSName=termesmontbrio&#038;idEstablishmentSRT=3&#038;idPT=79,85,80,86,87,84,102&#038;idP=372,376,393,583,391,392,395,584,373,377,576,394,374,378,396,585,375,379,397,577,578,579,581,582,616&#038;idLanguage=fr-FR%20&#038;head=1&#038;oneDay=1&#038;sidpt=-1\" target=\"_blank\" class=\"button secondary is-small\" rel=\"noopener\" style=\"border-radius:50px;\">\n\t\t<span>R\u00e9server<\/span>\n\t<i class=\"icon-angle-right\" aria-hidden=\"true\"><\/i><\/a>\n\r\n\r\n\r\n\t\t\t<\/div>\n\t\t<\/div>\n\t<\/div>\n\t\r\n\r\n\t\t<\/div>\n\t\t\t\t\t<\/div>\n\n\t\r\n\n\t<div id=\"col-1133126068\" class=\"col medium-4 small-12 large-4\"  >\n\t\t\t\t<div class=\"col-inner box-shadow-2\" style=\"background-color:rgb(255, 255, 255);\" >\n\t\t\t\n\t\t\t\r\n\r\n\t<div class=\"box has-hover   has-hover box-bounce box-text-bottom\" >\n\n\t\t<div class=\"box-image\" >\n\t\t\t<a href=\"https:\/\/www.centrotel.es\/newCRSUI3\/Booking\/ItemsSelection.aspx?CRSName=termesmontbrio&#038;idEstablishmentSRT=3&#038;idPT=1&#038;idP=568,575,571&#038;head=1&#038;oneDay=1&#038;idLanguage=fr-FR&#038;cp=1\" target=\"_blank\" rel=\"noopener\" >\t\t\t<div class=\"image-overlay-add image-cover\" style=\"padding-top:250px;\">\n\t\t\t\t<img decoding=\"async\" width=\"451\" height=\"326\" src=\"https:\/\/www.termesmontbrio.com\/wp-content\/uploads\/2024\/03\/Aquatonic-Night-offer-hotel-spa-termal-tarragona-termes-montbrio-e1709636701449.webp\" class=\"attachment- size-\" alt=\"Aquatonic Night offer hotel spa termal tarragona termes montbrio\" srcset=\"https:\/\/www.termesmontbrio.com\/wp-content\/uploads\/2024\/03\/Aquatonic-Night-offer-hotel-spa-termal-tarragona-termes-montbrio-e1709636701449.webp 451w, https:\/\/www.termesmontbrio.com\/wp-content\/uploads\/2024\/03\/Aquatonic-Night-offer-hotel-spa-termal-tarragona-termes-montbrio-e1709636701449-300x217.webp 300w\" sizes=\"(max-width: 451px) 100vw, 451px\" \/>\t\t\t\t<div class=\"overlay\" style=\"background-color:rgba(0, 0, 0, 0.2)\"><\/div>\t\t\t\t\t\t\t<\/div>\n\t\t\t<\/a>\t\t<\/div>\n\n\t\t<div class=\"box-text text-center is-large\" >\n\t\t\t<div class=\"box-text-inner\">\n\t\t\t\t\r\n\r\n\t<div id=\"text-2388780697\" class=\"text\">\n\t\t\r\n\r\n<p><span style=\"color: #000000;\"><a style=\"color: #000000;\" href=\"https:\/\/www.centrotel.es\/newCRSUI3\/Booking\/ItemsSelection.aspx?CRSName=termesmontbrio&amp;idEstablishmentSRT=3&amp;idPT=1&amp;idP=519&amp;oneDay=1&amp;idLanguage=fr-FR&amp;head=1&amp;cp=1\" target=\"_blank\" rel=\"noopener\">Aquatonic + D\u00e9jeuner<\/a><\/span><\/p>\r\n\t\t\n<style>\n#text-2388780697 {\n  font-size: 1.6rem;\n  text-align: center;\n}\n<\/style>\n\t<\/div>\n\t\r\n\t<div id=\"text-2504803379\" class=\"text\">\n\t\t\r\n\r\n<p>D\u00e9connectez et mangez avec nous.<\/p>\r\n\t\t\n<style>\n#text-2504803379 {\n  font-size: 1rem;\n  text-align: center;\n}\n<\/style>\n\t<\/div>\n\t\r\n\t<div id=\"text-1979952679\" class=\"text\">\n\t\t\r\n\r\n<p><span style=\"color: #000000;\"><span style=\"font-size: 80%;\">\u00c0 partir de <\/span><span style=\"font-size: 100%;\">\u20ac75<\/span><\/span><\/p>\r\n\t\t\n<style>\n#text-1979952679 {\n  text-align: center;\n}\n<\/style>\n\t<\/div>\n\t\r\n<a data-animate=\"fadeInRight\" href=\"https:\/\/store.termesmontbrio.com\/fr\/aquatonic\/56-aquatonic-dejeuner-ou-diner.html\" target=\"_blank\" class=\"button secondary is-small\" rel=\"noopener\" style=\"border-radius:50px;\">\n\t\t<span>R\u00e9server<\/span>\n\t<i class=\"icon-angle-right\" aria-hidden=\"true\"><\/i><\/a>\n\r\n\r\n\r\n\t\t\t<\/div>\n\t\t<\/div>\n\t<\/div>\n\t\r\n\r\n\t\t<\/div>\n\t\t\t\t\t<\/div>\n\n\t\r\n\r\n<\/div>\r\n\r\n     <\/div>\n\n     <div class=\"loading-spin dark large centered\"><\/div>\n\n\t\n<style>\n#slider-532748805 {\n  margin-bottom: 0px;\n}\n@media (min-width:550px) {\n  #slider-532748805 {\n    margin-bottom: 20px;\n  }\n}\n<\/style>\n<\/div>\n\n\r\n\r\n<\/div>\n<div id=\"tab_ch\u00e8ques-cadeaux\" class=\"panel entry-content\" role=\"tabpanel\" aria-labelledby=\"tab-ch\u00e8ques-cadeaux\">\r\n\r\n<div class=\"slider-wrapper relative\" id=\"slider-138346588\" >\n    <div class=\"slider slider-nav-dots-dashes-spaced slider-nav-simple slider-nav-large slider-nav-light slider-nav-outside slider-style-normal slider-show-nav\"\n        data-flickity-options='{\n            \"cellAlign\": \"center\",\n            \"imagesLoaded\": true,\n            \"lazyLoad\": 1,\n            \"freeScroll\": false,\n            \"wrapAround\": true,\n            \"autoPlay\": 7000,\n            \"pauseAutoPlayOnHover\" : true,\n            \"prevNextButtons\": true,\n            \"contain\" : true,\n            \"adaptiveHeight\" : true,\n            \"dragThreshold\" : 10,\n            \"percentPosition\": true,\n            \"pageDots\": true,\n            \"rightToLeft\": false,\n            \"draggable\": false,\n            \"selectedAttraction\": 0.1,\n            \"parallax\" : 0,\n            \"friction\": 0.6        }'\n        >\n        \r\n\r\n<div class=\"row\"  id=\"row-636554871\">\r\n\r\n\n\t<div id=\"col-488340967\" class=\"col medium-4 small-12 large-4\"  >\n\t\t\t\t<div class=\"col-inner\" style=\"background-color:rgb(255, 255, 255);\" >\n\t\t\t\n\t\t\t\r\n\r\n\t<div class=\"box has-hover   has-hover box-shadow-2 box-shadow-4-hover box-bounce box-text-bottom\" >\n\n\t\t<div class=\"box-image\" >\n\t\t\t<a href=\"https:\/\/store.termesmontbrio.com\/fr\/12-aquatonic\" target=\"_blank\" rel=\"noopener\" >\t\t\t<div class=\"image-overlay-add image-cover\" style=\"padding-top:250px;\">\n\t\t\t\t<img decoding=\"async\" width=\"510\" height=\"768\" src=\"https:\/\/www.termesmontbrio.com\/wp-content\/uploads\/2024\/03\/hotel-termes-de-montbrio-ofertas-tarragona-spa-termal-parejas.webp\" class=\"attachment- size-\" alt=\"hotel termes de montbrio ofertas tarragona spa termal parejas\" srcset=\"https:\/\/www.termesmontbrio.com\/wp-content\/uploads\/2024\/03\/hotel-termes-de-montbrio-ofertas-tarragona-spa-termal-parejas.webp 510w, https:\/\/www.termesmontbrio.com\/wp-content\/uploads\/2024\/03\/hotel-termes-de-montbrio-ofertas-tarragona-spa-termal-parejas-199x300.webp 199w\" sizes=\"(max-width: 510px) 100vw, 510px\" \/>\t\t\t\t<div class=\"overlay\" style=\"background-color:rgba(0, 0, 0, 0.2)\"><\/div>\t\t\t\t\t\t\t<\/div>\n\t\t\t<\/a>\t\t<\/div>\n\n\t\t<div class=\"box-text text-center is-large\" >\n\t\t\t<div class=\"box-text-inner\">\n\t\t\t\t\r\n\r\n\t<div id=\"text-2740793399\" class=\"text\">\n\t\t\r\n\r\n<p style=\"font-weight: 500;\"><span style=\"color: #000000;\"><a style=\"color: #000000;\" href=\"https:\/\/store.termesmontbrio.com\/fr\/12-aquatonic\" target=\"_blank\" rel=\"noopener\">H\u00f4tel + Aquatonic<\/a><\/span><\/p>\r\n\t\t\n<style>\n#text-2740793399 {\n  font-size: 1.6rem;\n  text-align: center;\n}\n<\/style>\n\t<\/div>\n\t\r\n\t<div id=\"text-2621176463\" class=\"text\">\n\t\t\r\n\r\nD\u00e9tendez-vous dans notre centre d'eau thermale Aquatonic.\r\n\t\t\n<style>\n#text-2621176463 {\n  font-size: 1rem;\n  text-align: center;\n}\n@media (min-width:550px) {\n  #text-2621176463 {\n    font-size: 1rem;\n  }\n}\n<\/style>\n\t<\/div>\n\t\r\n\t<div id=\"text-1775820603\" class=\"text\">\n\t\t\r\n\r\n<p><span style=\"color: #000000;\"><span style=\"font-size: 80%;\">\u00c0 partir de<\/span> <span style=\"font-size: 100%;\">\u20ac91<\/span><\/span><\/p>\r\n\t\t\n<style>\n#text-1775820603 {\n  text-align: center;\n}\n<\/style>\n\t<\/div>\n\t\r\n<a data-animate=\"fadeInRight\" href=\"https:\/\/store.termesmontbrio.com\/fr\/12-aquatonic\" target=\"_blank\" class=\"button secondary is-small\" rel=\"noopener\" style=\"border-radius:50px;\">\n\t\t<span>Donner<\/span>\n\t<i class=\"icon-gift\" aria-hidden=\"true\"><\/i><\/a>\n\r\n\r\n\r\n\t\t\t<\/div>\n\t\t<\/div>\n\t<\/div>\n\t\r\n\r\n\t\t<\/div>\n\t\t\t\t\t<\/div>\n\n\t\r\n\n\t<div id=\"col-553139170\" class=\"col medium-4 small-12 large-4\"  >\n\t\t\t\t<div class=\"col-inner box-shadow-2\" style=\"background-color:rgb(255, 255, 255);\" >\n\t\t\t\n\t\t\t\r\n\r\n\t<div class=\"box has-hover   has-hover box-bounce box-text-bottom\" >\n\n\t\t<div class=\"box-image\" >\n\t\t\t<a href=\"https:\/\/store.termesmontbrio.com\/fr\/aquatonic\/58-massage-relax-aquatonic.html\" target=\"_blank\" rel=\"noopener\" >\t\t\t<div class=\"image-overlay-add image-cover\" style=\"padding-top:250px;\">\n\t\t\t\t<img decoding=\"async\" width=\"1822\" height=\"1215\" src=\"https:\/\/www.termesmontbrio.com\/wp-content\/uploads\/2024\/10\/HOTEL-TERMES-DE-MONTBRIO_MODELS-AQUATONIC-7.webp\" class=\"attachment- size-\" alt=\"HOTEL TERMES DE MONTBRIO\u0301 MODELS AQUATONIC\" srcset=\"https:\/\/www.termesmontbrio.com\/wp-content\/uploads\/2024\/10\/HOTEL-TERMES-DE-MONTBRIO_MODELS-AQUATONIC-7.webp 1822w, https:\/\/www.termesmontbrio.com\/wp-content\/uploads\/2024\/10\/HOTEL-TERMES-DE-MONTBRIO_MODELS-AQUATONIC-7-300x200.webp 300w, https:\/\/www.termesmontbrio.com\/wp-content\/uploads\/2024\/10\/HOTEL-TERMES-DE-MONTBRIO_MODELS-AQUATONIC-7-1024x683.webp 1024w, https:\/\/www.termesmontbrio.com\/wp-content\/uploads\/2024\/10\/HOTEL-TERMES-DE-MONTBRIO_MODELS-AQUATONIC-7-768x512.webp 768w, https:\/\/www.termesmontbrio.com\/wp-content\/uploads\/2024\/10\/HOTEL-TERMES-DE-MONTBRIO_MODELS-AQUATONIC-7-1536x1024.webp 1536w\" sizes=\"(max-width: 1822px) 100vw, 1822px\" \/>\t\t\t\t<div class=\"overlay\" style=\"background-color:rgba(0, 0, 0, 0.2)\"><\/div>\t\t\t\t\t\t\t<\/div>\n\t\t\t<\/a>\t\t<\/div>\n\n\t\t<div class=\"box-text text-center is-large\" >\n\t\t\t<div class=\"box-text-inner\">\n\t\t\t\t\r\n\r\n\t<div id=\"text-1938005195\" class=\"text\">\n\t\t\r\n\r\n<p style=\"font-weight: 500;\"><span style=\"color: #000000;\"><a style=\"color: #000000;\" href=\"https:\/\/store.termesmontbrio.com\/fr\/soiree-romantique\/64-chambre-double-standard-2-adultes.html\">Escapade romantique <\/a><\/span><\/p>\r\n\t\t\n<style>\n#text-1938005195 {\n  font-size: 1.6rem;\n  text-align: center;\n}\n<\/style>\n\t<\/div>\n\t\r\n\t<div id=\"text-177438832\" class=\"text\">\n\t\t\r\n\r\n<p>H\u00e9bergement + Petit-d\u00e9jeuner + Cava + D\u00eener + Spa thermal<\/p>\r\n\t\t\n<style>\n#text-177438832 {\n  font-size: 1rem;\n  text-align: center;\n}\n<\/style>\n\t<\/div>\n\t\r\n\t<div id=\"text-2205960911\" class=\"text\">\n\t\t\r\n\r\n<p><span style=\"color: #000000;\"><span style=\"font-size: 80%;\">\u00c0 partir de <\/span><span style=\"font-size: 100%;\">\u20ac186<\/span><\/span><\/p>\r\n\t\t\n<style>\n#text-2205960911 {\n  text-align: center;\n}\n<\/style>\n\t<\/div>\n\t\r\n<a data-animate=\"fadeInRight\" href=\"https:\/\/store.termesmontbrio.com\/fr\/soiree-romantique\/64-chambre-double-standard-2-adultes.html\" target=\"_blank\" class=\"button secondary is-small\" rel=\"noopener\" style=\"border-radius:50px;\">\n\t\t<span>OFFRIR UN CADEAU<\/span>\n\t<i class=\"icon-gift\" aria-hidden=\"true\"><\/i><\/a>\n\r\n\r\n\r\n\t\t\t<\/div>\n\t\t<\/div>\n\t<\/div>\n\t\r\n\r\n\t\t<\/div>\n\t\t\t\t\t<\/div>\n\n\t\r\n\n\t<div id=\"col-1861787140\" class=\"col medium-4 small-12 large-4\"  >\n\t\t\t\t<div class=\"col-inner box-shadow-2\" style=\"background-color:rgb(255, 255, 255);\" >\n\t\t\t\n\t\t\t\r\n\r\n\t<div class=\"box has-hover   has-hover box-bounce box-text-bottom\" >\n\n\t\t<div class=\"box-image\" >\n\t\t\t<a href=\"https:\/\/store.termesmontbrio.com\/fr\/17-duo\" target=\"_blank\" rel=\"noopener\" >\t\t\t<div class=\"image-overlay-add image-cover\" style=\"padding-top:250px;\">\n\t\t\t\t<img decoding=\"async\" width=\"541\" height=\"448\" src=\"https:\/\/www.termesmontbrio.com\/wp-content\/uploads\/2024\/02\/tratamientos-energeticas1.webp\" class=\"attachment- size-\" alt=\"tratamientos energeticas\" srcset=\"https:\/\/www.termesmontbrio.com\/wp-content\/uploads\/2024\/02\/tratamientos-energeticas1.webp 541w, https:\/\/www.termesmontbrio.com\/wp-content\/uploads\/2024\/02\/tratamientos-energeticas1-300x248.webp 300w\" sizes=\"(max-width: 541px) 100vw, 541px\" \/>\t\t\t\t<div class=\"overlay\" style=\"background-color:rgba(0, 0, 0, 0.2)\"><\/div>\t\t\t\t\t\t\t<\/div>\n\t\t\t<\/a>\t\t<\/div>\n\n\t\t<div class=\"box-text text-center is-large\" >\n\t\t\t<div class=\"box-text-inner\">\n\t\t\t\t\r\n\r\n\t<div id=\"text-3030758201\" class=\"text\">\n\t\t\r\n\r\n<p style=\"font-weight: 500;\"><span style=\"color: #000000;\"><a style=\"color: #000000;\" href=\"https:\/\/store.termesmontbrio.com\/fr\/17-duo\" target=\"_blank\" rel=\"noopener\">Exp\u00e9rience en duo<\/a><\/span><\/p>\r\n\t\t\n<style>\n#text-3030758201 {\n  font-size: 1.6rem;\n  text-align: center;\n}\n<\/style>\n\t<\/div>\n\t\r\n\t<div id=\"text-1766135741\" class=\"text\">\n\t\t\r\n\r\nMassage cranio-cervical-facial pour couples.\r\n\t\t\n<style>\n#text-1766135741 {\n  font-size: 1rem;\n  text-align: center;\n}\n<\/style>\n\t<\/div>\n\t\r\n\t<div id=\"text-599479839\" class=\"text\">\n\t\t\r\n\r\n<p><span style=\"color: #000000;\"><span style=\"font-size: 80%;\">\u00c0 partir de <\/span><span style=\"font-size: 100%;\">\u20ac94<\/span><\/span><\/p>\r\n\t\t\n<style>\n#text-599479839 {\n  text-align: center;\n}\n<\/style>\n\t<\/div>\n\t\r\n<a data-animate=\"fadeInRight\" href=\"https:\/\/store.termesmontbrio.com\/fr\/17-duo\" target=\"_blank\" class=\"button secondary is-small\" rel=\"noopener\" style=\"border-radius:50px;\">\n\t\t<span>OFFRIR UN CADEAU<\/span>\n\t<i class=\"icon-gift\" aria-hidden=\"true\"><\/i><\/a>\n\r\n\r\n\r\n\t\t\t<\/div>\n\t\t<\/div>\n\t<\/div>\n\t\r\n\r\n\t\t<\/div>\n\t\t\t\t\t<\/div>\n\n\t\r\n\r\n<\/div>\r\n\r\n     <\/div>\n\n     <div class=\"loading-spin dark large centered\"><\/div>\n\n\t\n<style>\n#slider-138346588 {\n  margin-bottom: 0px;\n}\n@media (min-width:550px) {\n  #slider-138346588 {\n    margin-bottom: 20px;\n  }\n}\n<\/style>\n<\/div>\n\n\r\n\r\n<\/div><\/div><\/div>\r\n<a href=\"https:\/\/www.termesmontbrio.com\/fr\/offres\/\" class=\"button secondary\" style=\"border-radius:50px;\">\n\t\t<span>Voir toutes les offres<\/span>\n\t<\/a>\n\r\n\r\n\r\n\t\t<\/div>\n\t\t\t\t\n<style>\n#col-1318646941 > .col-inner {\n  padding: 0px 20px 0px 20px;\n  margin: 0px 0px 0px 0px;\n}\n<\/style>\n\t<\/div>\n\n\t\r\n\r\n<\/div>\r\n\r\n\t\t<\/div>\n\n\t\t\n<style>\n#section_86830218 {\n  padding-top: 50px;\n  padding-bottom: 50px;\n}\n<\/style>\n\t<\/section>\n\t\n\n\t<section class=\"section\" id=\"section_1123627877\">\n\t\t<div class=\"section-bg fill\" >\n\t\t\t\t\t\t\t\t\t\n\t\t\t\n\n\t\t<\/div>\n\n\t\t\n\n\t\t<div class=\"section-content relative\">\n\t\t\t\n\n\n\t\t<\/div>\n\n\t\t\n<style>\n#section_1123627877 {\n  padding-top: 0px;\n  padding-bottom: 0px;\n}\n<\/style>\n\t<\/section>\n\t\n\n\t<section class=\"section\" id=\"section_1461157964\">\n\t\t<div class=\"section-bg fill\" >\n\t\t\t\t\t\t\t\t\t\n\t\t\t\n\n\t\t<\/div>\n\n\t\t\n\n\t\t<div class=\"section-content relative\">\n\t\t\t\n\n\t<div id=\"gap-272718218\" class=\"gap-element clearfix\" style=\"display:block; height:auto;\">\n\t\t\n<style>\n#gap-272718218 {\n  padding-top: 0px;\n}\n@media (min-width:550px) {\n  #gap-272718218 {\n    padding-top: 50px;\n  }\n}\n<\/style>\n\t<\/div>\n\t\n\n<div class=\"row align-middle\"  id=\"row-739621703\">\n\n\n\t<div id=\"col-1952028364\" class=\"col medium-7 small-12 large-7\"  >\n\t\t\t\t<div class=\"col-inner\"  >\n\t\t\t\n\t\t\t\n\n\t<div class=\"img has-hover x md-x lg-x y md-y lg-y\" id=\"image_1976502277\">\n\t\t<a class=\"\" href=\"https:\/\/maps.app.goo.gl\/HeTB48PLMjNMptkB9\" target=\"_blank\" rel=\"noopener\" >\t\t\t\t\t\t<div class=\"img-inner box-shadow-5 dark\" >\n\t\t\t<img decoding=\"async\" width=\"800\" height=\"600\" src=\"https:\/\/www.termesmontbrio.com\/wp-content\/uploads\/2024\/02\/termes-monbrio-bodas-pareja-spa-hotel-tarragona-ubicacion.jpg\" class=\"attachment-large size-large\" alt=\"termes monbrio bodas pareja spa hotel tarragona ubicacion\" srcset=\"https:\/\/www.termesmontbrio.com\/wp-content\/uploads\/2024\/02\/termes-monbrio-bodas-pareja-spa-hotel-tarragona-ubicacion.jpg 800w, https:\/\/www.termesmontbrio.com\/wp-content\/uploads\/2024\/02\/termes-monbrio-bodas-pareja-spa-hotel-tarragona-ubicacion-300x225.jpg 300w, https:\/\/www.termesmontbrio.com\/wp-content\/uploads\/2024\/02\/termes-monbrio-bodas-pareja-spa-hotel-tarragona-ubicacion-768x576.jpg 768w\" sizes=\"(max-width: 800px) 100vw, 800px\" \/>\t\t\t\t\t\t\n\t\t\t\t\t<\/div>\n\t\t\t\t\t\t<\/a>\t\t\n<style>\n#image_1976502277 {\n  width: 100%;\n}\n<\/style>\n\t<\/div>\n\t\n\n\n\t\t<\/div>\n\t\t\t\t\t<\/div>\n\n\t\n\n\t<div id=\"col-155854513\" class=\"col medium-5 small-12 large-5 small-col-first\"  >\n\t\t\t\t<div class=\"col-inner\"  >\n\t\t\t\n\t\t\t\n\n\t<div id=\"text-2359763677\" class=\"text\">\n\t\t\n\n<h6 class=\"thin-font\">O\u00d9 SOMMES-NOUS ?<\/h6>\n<h2 class=\"uppercase\">L'EMPLACEMENT<\/h2>\n<p>Situ\u00e9 \u00e0 proximit\u00e9 des meilleures plages de la Costa Daurada, du Priorat, de Tarragone et de l'a\u00e9roport de Reus, <a href=\"https:\/\/www.termesmontbrio.com\/fr\/hotel\/\">l'h\u00f4tel Termes Montbri\u00f3<\/a> se distingue par <a href=\"https:\/\/www.termesmontbrio.com\/fr\/aquatonic\/\">l'Aquatonic<\/a>, le seul <strong>h\u00f4tel thermal de luxe<\/strong> situ\u00e9 dans un endroit exclusif et proposant des <a href=\"https:\/\/www.termesmontbrio.com\/fr\/aquatonic\/#traitements\">traitements<\/a> et des <a href=\"https:\/\/www.termesmontbrio.com\/fr\/offres\/\">offres<\/a> de premier ordre. Oasis de d\u00e9tente et de bien-\u00eatre, profitez de notre <a href=\"https:\/\/termesmontbrio.com\/spa-tratamientos\/\">spa<\/a> thermal dans le cadre naturel incomparable de Montbri\u00f3 del Camp, \u00e0 Tarragone.<\/p>\n<p><span style=\"font-size: 80%;\"> <i class=\"fa-solid fa-location-dot\"><\/i> <a href=\"https:\/\/maps.app.goo.gl\/HeTB48PLMjNMptkB9\">Carretera T310 Km 10.5 - Montbri\u00f3 del Camp - Tarragona - 43340 (Obtenir itin\u00e9raire).<\/a><\/span><\/p>\n<p><span style=\"font-size: 80%;\"><i class=\"fa-solid fa-phone-volume\"><\/i> <a href=\"tel:34977814000\">(+34) 977 814 000 <\/a> <i class=\"fa-solid fa-envelope\"><\/i> <a href=\"mailto:hoteltermes@rocblanchotels.com\" target=\"_blank\" rel=\"noopener\">hoteltermes@rocblanchotels.com<\/a><\/span><\/p>\n\t\t\n<style>\n#text-2359763677 {\n  text-align: left;\n}\n<\/style>\n\t<\/div>\n\t\n\n\t\t<\/div>\n\t\t\t\t\t<\/div>\n\n\t\n\n<\/div>\n\n\t\t<\/div>\n\n\t\t\n<style>\n#section_1461157964 {\n  padding-top: 50px;\n  padding-bottom: 50px;\n}\n<\/style>\n\t<\/section>\n\t\n","protected":false},"excerpt":{"rendered":"","protected":false},"author":3,"featured_media":0,"parent":0,"menu_order":0,"comment_status":"closed","ping_status":"closed","template":"page-blank.php","meta":{"footnotes":""},"class_list":["post-727","page","type-page","status-publish","hentry"],"yoast_head":"<!-- This site is optimized with the Yoast SEO plugin v27.2 - https:\/\/yoast.com\/product\/yoast-seo-wordpress\/ -->\n<title>Chambres Termes de Montbri\u00f3 - Meilleur h\u00e9bergement \u00e0 Tarragone<\/title>\n<meta name=\"description\" content=\"Le meilleur h\u00e9bergement \u00e0 Tarragone se trouve dans les chambres de Termes Montbri\u00f3. R\u00e9servez d\u00e8s aujourd&#039;hui !\" \/>\n<meta name=\"robots\" content=\"index, follow, max-snippet:-1, max-image-preview:large, max-video-preview:-1\" \/>\n<link rel=\"canonical\" href=\"https:\/\/www.termesmontbrio.com\/fr\/chambres\/\" \/>\n<meta property=\"og:locale\" content=\"fr_FR\" \/>\n<meta property=\"og:type\" content=\"article\" \/>\n<meta property=\"og:title\" content=\"Chambres Termes de Montbri\u00f3 - Meilleur h\u00e9bergement \u00e0 Tarragone\" \/>\n<meta property=\"og:description\" content=\"Le meilleur h\u00e9bergement \u00e0 Tarragone se trouve dans les chambres de Termes Montbri\u00f3. R\u00e9servez d\u00e8s aujourd&#039;hui !\" \/>\n<meta property=\"og:url\" content=\"https:\/\/www.termesmontbrio.com\/fr\/chambres\/\" \/>\n<meta property=\"og:site_name\" content=\"Hotel Termes Montbri\u00f3\" \/>\n<meta property=\"article:modified_time\" content=\"2026-02-16T09:08:28+00:00\" \/>\n<meta name=\"twitter:card\" content=\"summary_large_image\" \/>\n<meta name=\"twitter:label1\" content=\"Dur\u00e9e de lecture estim\u00e9e\" \/>\n\t<meta name=\"twitter:data1\" content=\"15 minutes\" \/>\n<script type=\"application\/ld+json\" class=\"yoast-schema-graph\">{\"@context\":\"https:\/\/schema.org\",\"@graph\":[{\"@type\":\"WebPage\",\"@id\":\"https:\/\/www.termesmontbrio.com\/fr\/chambres\/\",\"url\":\"https:\/\/www.termesmontbrio.com\/fr\/chambres\/\",\"name\":\"Chambres Termes de Montbri\u00f3 - Meilleur h\u00e9bergement \u00e0 Tarragone\",\"isPartOf\":{\"@id\":\"https:\/\/www.termesmontbrio.com\/fr\/#website\"},\"datePublished\":\"2024-02-15T08:22:08+00:00\",\"dateModified\":\"2026-02-16T09:08:28+00:00\",\"description\":\"Le meilleur h\u00e9bergement \u00e0 Tarragone se trouve dans les chambres de Termes Montbri\u00f3. R\u00e9servez d\u00e8s aujourd'hui !\",\"breadcrumb\":{\"@id\":\"https:\/\/www.termesmontbrio.com\/fr\/chambres\/#breadcrumb\"},\"inLanguage\":\"fr-FR\",\"potentialAction\":[{\"@type\":\"ReadAction\",\"target\":[\"https:\/\/www.termesmontbrio.com\/fr\/chambres\/\"]}]},{\"@type\":\"BreadcrumbList\",\"@id\":\"https:\/\/www.termesmontbrio.com\/fr\/chambres\/#breadcrumb\",\"itemListElement\":[{\"@type\":\"ListItem\",\"position\":1,\"name\":\"Portada\",\"item\":\"https:\/\/www.termesmontbrio.com\/fr\/\"},{\"@type\":\"ListItem\",\"position\":2,\"name\":\"Chambres\"}]},{\"@type\":\"WebSite\",\"@id\":\"https:\/\/www.termesmontbrio.com\/fr\/#website\",\"url\":\"https:\/\/www.termesmontbrio.com\/fr\/\",\"name\":\"Hotel Termes Montbri\u00f3\",\"description\":\"\",\"potentialAction\":[{\"@type\":\"SearchAction\",\"target\":{\"@type\":\"EntryPoint\",\"urlTemplate\":\"https:\/\/www.termesmontbrio.com\/fr\/?s={search_term_string}\"},\"query-input\":{\"@type\":\"PropertyValueSpecification\",\"valueRequired\":true,\"valueName\":\"search_term_string\"}}],\"inLanguage\":\"fr-FR\"}]}<\/script>\n<!-- \/ Yoast SEO plugin. -->","yoast_head_json":{"title":"Chambres Termes de Montbri\u00f3 - Meilleur h\u00e9bergement \u00e0 Tarragone","description":"Le meilleur h\u00e9bergement \u00e0 Tarragone se trouve dans les chambres de Termes Montbri\u00f3. R\u00e9servez d\u00e8s aujourd'hui !","robots":{"index":"index","follow":"follow","max-snippet":"max-snippet:-1","max-image-preview":"max-image-preview:large","max-video-preview":"max-video-preview:-1"},"canonical":"https:\/\/www.termesmontbrio.com\/fr\/chambres\/","og_locale":"fr_FR","og_type":"article","og_title":"Chambres Termes de Montbri\u00f3 - Meilleur h\u00e9bergement \u00e0 Tarragone","og_description":"Le meilleur h\u00e9bergement \u00e0 Tarragone se trouve dans les chambres de Termes Montbri\u00f3. R\u00e9servez d\u00e8s aujourd'hui !","og_url":"https:\/\/www.termesmontbrio.com\/fr\/chambres\/","og_site_name":"Hotel Termes Montbri\u00f3","article_modified_time":"2026-02-16T09:08:28+00:00","twitter_card":"summary_large_image","twitter_misc":{"Dur\u00e9e de lecture estim\u00e9e":"15 minutes"},"schema":{"@context":"https:\/\/schema.org","@graph":[{"@type":"WebPage","@id":"https:\/\/www.termesmontbrio.com\/fr\/chambres\/","url":"https:\/\/www.termesmontbrio.com\/fr\/chambres\/","name":"Chambres Termes de Montbri\u00f3 - Meilleur h\u00e9bergement \u00e0 Tarragone","isPartOf":{"@id":"https:\/\/www.termesmontbrio.com\/fr\/#website"},"datePublished":"2024-02-15T08:22:08+00:00","dateModified":"2026-02-16T09:08:28+00:00","description":"Le meilleur h\u00e9bergement \u00e0 Tarragone se trouve dans les chambres de Termes Montbri\u00f3. R\u00e9servez d\u00e8s aujourd'hui !","breadcrumb":{"@id":"https:\/\/www.termesmontbrio.com\/fr\/chambres\/#breadcrumb"},"inLanguage":"fr-FR","potentialAction":[{"@type":"ReadAction","target":["https:\/\/www.termesmontbrio.com\/fr\/chambres\/"]}]},{"@type":"BreadcrumbList","@id":"https:\/\/www.termesmontbrio.com\/fr\/chambres\/#breadcrumb","itemListElement":[{"@type":"ListItem","position":1,"name":"Portada","item":"https:\/\/www.termesmontbrio.com\/fr\/"},{"@type":"ListItem","position":2,"name":"Chambres"}]},{"@type":"WebSite","@id":"https:\/\/www.termesmontbrio.com\/fr\/#website","url":"https:\/\/www.termesmontbrio.com\/fr\/","name":"Hotel Termes Montbri\u00f3","description":"","potentialAction":[{"@type":"SearchAction","target":{"@type":"EntryPoint","urlTemplate":"https:\/\/www.termesmontbrio.com\/fr\/?s={search_term_string}"},"query-input":{"@type":"PropertyValueSpecification","valueRequired":true,"valueName":"search_term_string"}}],"inLanguage":"fr-FR"}]}},"_links":{"self":[{"href":"https:\/\/www.termesmontbrio.com\/fr\/wp-json\/wp\/v2\/pages\/727","targetHints":{"allow":["GET"]}}],"collection":[{"href":"https:\/\/www.termesmontbrio.com\/fr\/wp-json\/wp\/v2\/pages"}],"about":[{"href":"https:\/\/www.termesmontbrio.com\/fr\/wp-json\/wp\/v2\/types\/page"}],"author":[{"embeddable":true,"href":"https:\/\/www.termesmontbrio.com\/fr\/wp-json\/wp\/v2\/users\/3"}],"replies":[{"embeddable":true,"href":"https:\/\/www.termesmontbrio.com\/fr\/wp-json\/wp\/v2\/comments?post=727"}],"version-history":[{"count":0,"href":"https:\/\/www.termesmontbrio.com\/fr\/wp-json\/wp\/v2\/pages\/727\/revisions"}],"wp:attachment":[{"href":"https:\/\/www.termesmontbrio.com\/fr\/wp-json\/wp\/v2\/media?parent=727"}],"curies":[{"name":"wp","href":"https:\/\/api.w.org\/{rel}","templated":true}]}}