{"id":3283,"date":"2024-08-29T14:22:57","date_gmt":"2024-08-29T14:22:57","guid":{"rendered":"https:\/\/www.termesmontbrio.com\/?page_id=3283"},"modified":"2025-07-24T11:34:21","modified_gmt":"2025-07-24T11:34:21","slug":"hotel-pension-complete-catalogne","status":"publish","type":"page","link":"https:\/\/www.termesmontbrio.com\/fr\/offres\/hotel-pension-complete-catalogne\/","title":{"rendered":"H\u00f4tel pension compl\u00e8te Catalogne"},"content":{"rendered":"\n\t<section class=\"section\" id=\"section_1725872811\">\n\t\t<div class=\"section-bg fill\" >\n\t\t\t\t\t\t\t\t\t<div class=\"section-bg-overlay absolute fill\"><\/div>\n\t\t\t\n\n\t\t<\/div>\n\n\t\t\n\n\t\t<div class=\"section-content relative\">\n\t\t\t\n<div class=\"row row-large align-middle\" style=\"max-width:1400px\" id=\"row-914895288\">\n\n\t<div id=\"col-1699295454\" class=\"col medium-6 small-12 large-6\"  >\n\t\t\t\t<div class=\"col-inner\"  >\n\t\t\t\n\t\t\t\n<div class=\"slider-wrapper relative\" id=\"slider-626416525\" >\n    <div class=\"slider slider-nav-dots-dashes-spaced slider-nav-simple slider-nav-large slider-nav-dark slider-style-normal\"\n        data-flickity-options='{\n            \"cellAlign\": \"center\",\n            \"imagesLoaded\": true,\n            \"lazyLoad\": 1,\n            \"freeScroll\": false,\n            \"wrapAround\": true,\n            \"autoPlay\": 6000,\n            \"pauseAutoPlayOnHover\" : true,\n            \"prevNextButtons\": true,\n            \"contain\" : true,\n            \"adaptiveHeight\" : true,\n            \"dragThreshold\" : 10,\n            \"percentPosition\": true,\n            \"pageDots\": true,\n            \"rightToLeft\": false,\n            \"draggable\": true,\n            \"selectedAttraction\": 0.1,\n            \"parallax\" : 0,\n            \"friction\": 0.6        }'\n        >\n        \n\t<div class=\"img has-hover x md-x lg-x y md-y lg-y\" id=\"image_1087454539\">\n\t\t\t\t\t\t\t\t<div class=\"img-inner image-cover dark\" style=\"padding-top:100%;\">\n\t\t\t<img decoding=\"async\" width=\"683\" height=\"1024\" src=\"https:\/\/www.termesmontbrio.com\/wp-content\/uploads\/2024\/05\/HOTEL-TERMES-MONTBRIO-GASTRONOMIA-RESTAURANTE-21-683x1024.webp\" class=\"attachment-large size-large\" alt=\"HOTEL TERMES MONTBRIO\u0301 GASTRONOMIA RESTAURANTE ()\" srcset=\"https:\/\/www.termesmontbrio.com\/wp-content\/uploads\/2024\/05\/HOTEL-TERMES-MONTBRIO-GASTRONOMIA-RESTAURANTE-21-683x1024.webp 683w, https:\/\/www.termesmontbrio.com\/wp-content\/uploads\/2024\/05\/HOTEL-TERMES-MONTBRIO-GASTRONOMIA-RESTAURANTE-21-200x300.webp 200w, https:\/\/www.termesmontbrio.com\/wp-content\/uploads\/2024\/05\/HOTEL-TERMES-MONTBRIO-GASTRONOMIA-RESTAURANTE-21-768x1152.webp 768w, https:\/\/www.termesmontbrio.com\/wp-content\/uploads\/2024\/05\/HOTEL-TERMES-MONTBRIO-GASTRONOMIA-RESTAURANTE-21.webp 869w\" sizes=\"(max-width: 683px) 100vw, 683px\" \/>\t\t\t\t\t\t\n\t\t\t\t\t<\/div>\n\t\t\t\t\t\t\t\t\n<style>\n#image_1087454539 {\n  width: 100%;\n}\n<\/style>\n\t<\/div>\n\t\n\t<div class=\"img has-hover x md-x lg-x y md-y lg-y\" id=\"image_1201767695\">\n\t\t\t\t\t\t\t\t<div class=\"img-inner image-cover dark\" style=\"padding-top:100%;\">\n\t\t\t<img decoding=\"async\" width=\"1020\" height=\"680\" src=\"https:\/\/www.termesmontbrio.com\/wp-content\/uploads\/2024\/05\/HOTEL-TERMES-MONTBRIO-habitaciones-90-Suite-British_-1024x683.webp\" class=\"attachment-large size-large\" alt=\"HOTEL TERMES MONTBRIO habitaciones Suite British\" srcset=\"https:\/\/www.termesmontbrio.com\/wp-content\/uploads\/2024\/05\/HOTEL-TERMES-MONTBRIO-habitaciones-90-Suite-British_-1024x683.webp 1024w, https:\/\/www.termesmontbrio.com\/wp-content\/uploads\/2024\/05\/HOTEL-TERMES-MONTBRIO-habitaciones-90-Suite-British_-300x200.webp 300w, https:\/\/www.termesmontbrio.com\/wp-content\/uploads\/2024\/05\/HOTEL-TERMES-MONTBRIO-habitaciones-90-Suite-British_-768x512.webp 768w, https:\/\/www.termesmontbrio.com\/wp-content\/uploads\/2024\/05\/HOTEL-TERMES-MONTBRIO-habitaciones-90-Suite-British_.webp 1233w\" sizes=\"(max-width: 1020px) 100vw, 1020px\" \/>\t\t\t\t\t\t\n\t\t\t\t\t<\/div>\n\t\t\t\t\t\t\t\t\n<style>\n#image_1201767695 {\n  width: 100%;\n}\n<\/style>\n\t<\/div>\n\t\n\t<div class=\"img has-hover x md-x lg-x y md-y lg-y\" id=\"image_649109657\">\n\t\t\t\t\t\t\t\t<div class=\"img-inner image-cover dark\" style=\"padding-top:100%;\">\n\t\t\t<img decoding=\"async\" width=\"1020\" height=\"680\" src=\"https:\/\/www.termesmontbrio.com\/wp-content\/uploads\/2024\/05\/Hotel-Termes-montbrio-balneario-centro-termal-tarragona-catalunya-34-1024x683.webp\" class=\"attachment-large size-large\" alt=\"Hotel Termes montbrio balneario centro termal tarragona catalunya ()\" srcset=\"https:\/\/www.termesmontbrio.com\/wp-content\/uploads\/2024\/05\/Hotel-Termes-montbrio-balneario-centro-termal-tarragona-catalunya-34-1024x683.webp 1024w, https:\/\/www.termesmontbrio.com\/wp-content\/uploads\/2024\/05\/Hotel-Termes-montbrio-balneario-centro-termal-tarragona-catalunya-34-300x200.webp 300w, https:\/\/www.termesmontbrio.com\/wp-content\/uploads\/2024\/05\/Hotel-Termes-montbrio-balneario-centro-termal-tarragona-catalunya-34-768x512.webp 768w, https:\/\/www.termesmontbrio.com\/wp-content\/uploads\/2024\/05\/Hotel-Termes-montbrio-balneario-centro-termal-tarragona-catalunya-34.webp 1392w\" sizes=\"(max-width: 1020px) 100vw, 1020px\" \/>\t\t\t\t\t\t\n\t\t\t\t\t<\/div>\n\t\t\t\t\t\t\t\t\n<style>\n#image_649109657 {\n  width: 100%;\n}\n<\/style>\n\t<\/div>\n\t\n     <\/div>\n\n     <div class=\"loading-spin dark large centered\"><\/div>\n\n\t<\/div>\n\n\n\t\t<\/div>\n\t\t\t\t\t<\/div>\n\n\t\n\n\t<div id=\"col-421457265\" class=\"col medium-6 small-12 large-6\"  >\n\t\t\t\t<div class=\"col-inner text-left\"  >\n\t\t\t\n\t\t\t\n\t<div id=\"stack-741909812\" class=\"stack stack-row justify-start items-stretch\">\n\t\t\n\t<div id=\"text-1732253411\" class=\"text\">\n\t\t\n<h6 data-padding=\"40px\"><span style=\"background-color: #356d91; padding: 3px;\">PLUS R\u00c9SERV\u00c9<\/span><\/h6>\n\t\t\n<style>\n#text-1732253411 {\n  font-size: 1rem;\n  color: rgb(255, 255, 255);\n}\n#text-1732253411 > * {\n  color: rgb(255, 255, 255);\n}\n<\/style>\n\t<\/div>\n\t\n\t\t\n<style>\n#stack-741909812 > * {\n  --stack-gap: 1rem;\n}\n<\/style>\n\t<\/div>\n\t\n\t<div id=\"gap-794590094\" class=\"gap-element clearfix\" style=\"display:block; height:auto;\">\n\t\t\n<style>\n#gap-794590094 {\n  padding-top: 10px;\n}\n<\/style>\n\t<\/div>\n\t\n\t<div id=\"text-2027636460\" class=\"text nomargin\">\n\t\t\n<h1><span style=\"color: #000000;\" data-line-height=\"xs\">H\u00f4tel pension compl\u00e8te Catalogne<\/span><\/h1>\n\t\t\n<style>\n#text-2027636460 {\n  font-size: 1.75rem;\n  color: rgb(234, 255, 0);\n}\n#text-2027636460 > * {\n  color: rgb(234, 255, 0);\n}\n<\/style>\n\t<\/div>\n\t\n\t<div id=\"text-1491608754\" class=\"text\">\n\t\t\n<p><a href=\"#reviews\"><i class=\"fa-sharp fa-solid fa-star\"><\/i><i class=\"fa-sharp fa-solid fa-star\"><\/i><i class=\"fa-sharp fa-solid fa-star\"><\/i><i class=\"fa-sharp fa-solid fa-star\"><\/i><i class=\"fa-sharp fa-solid fa-star\"><\/i> <span style=\"color: #000000; font-size: 75%;\">Voir les commentaires<\/span><\/a><br \/>\n\t\t\n<style>\n#text-1491608754 {\n  color: rgb(249, 200, 32);\n}\n#text-1491608754 > * {\n  color: rgb(249, 200, 32);\n}\n<\/style>\n\t<\/div>\n\t\n\t<div id=\"text-1820187664\" class=\"text\">\n\t\t\n<p><span style=\"font-size: 90%;\">\u00c0 partir de <span style=\"font-size: 220%;\">173\u20ac<\/span> p.n<\/span><br \/>\n\t\t\n<style>\n#text-1820187664 {\n  color: #356d91;\n}\n#text-1820187664 > * {\n  color: #356d91;\n}\n<\/style>\n\t<\/div>\n\t\n<div class=\"row\"  id=\"row-785913626\">\n\n\t<div id=\"col-445117763\" class=\"col medium-8 small-12 large-8\"  >\n\t\t\t\t<div class=\"col-inner\"  >\n\t\t\t\n\t\t\t\n<a href=\"https:\/\/reservas.termesmontbrio.com\/es\/hotel\/termesmontbrio\/room?roomId=STD&#038;il_like=PC\" target=\"_blank\" class=\"button secondary expand\" rel=\"noopener\" style=\"border-radius:50px;\">\n\t<i class=\"icon-clock\" aria-hidden=\"true\"><\/i>\t<span>R\u00e9server<\/span>\n\t<\/a>\n\n\t\t<\/div>\n\t\t\t\t\n<style>\n#col-445117763 > .col-inner {\n  padding: 0px 0px 0px 0px;\n  margin: 0px 0px -30px 0px;\n}\n<\/style>\n\t<\/div>\n\n\t\n\n\t<div id=\"col-1965193600\" class=\"col medium-4 small-12 large-4\"  >\n\t\t\t\t<div class=\"col-inner\"  >\n\t\t\t\n\t\t\t\n<a href=\"https:\/\/store.termesmontbrio.com\/es\/oferta-habitacion\/76-habitacion-doble-estandar-2-adultos.html\" class=\"button secondary is-link expand\" style=\"border-radius:50px;\">\n\t<i class=\"icon-gift\" aria-hidden=\"true\"><\/i>\t<span>Donner<\/span>\n\t<\/a>\n\n\t\t<\/div>\n\t\t\t\t\t<\/div>\n\n\t\n<\/div>\n\t<div id=\"text-7644733\" class=\"text\">\n\t\t\n<p>Profitez de notre <strong>offre d&rsquo;h\u00f4tel en pension compl\u00e8te en Catalogne<\/strong> et d\u00e9couvrez un s\u00e9jour de luxe \u00e0 l&rsquo;h\u00f4tel Termes Montbri\u00f3. D\u00e9tendez-vous dans un cadre exclusif tout en profitant d&rsquo;un <strong>h\u00e9bergement, d&rsquo;une cuisine d\u00e9licieuse et de services exceptionnels<\/strong>. Vivez une exp\u00e9rience dont vous vous souviendrez pour toujours.  <\/p>\n<p><strong>Comprend :<\/strong><\/p>\n<ul>\n<li>H\u00e9bergement de cat\u00e9gorie standard.<\/li>\n<li>R\u00e9gime alimentaire en pension compl\u00e8te.<\/li>\n<\/ul>\n\t\t\n<style>\n#text-7644733 {\n  line-height: 1.4;\n}\n<\/style>\n\t<\/div>\n\t\n\t\t<\/div>\n\t\t\t\t\t<\/div>\n\n\t\n\n<style>\n#row-914895288 > .col > .col-inner {\n  padding: 60px 0px 0px 0px;\n}\n<\/style>\n<\/div>\n\t\t<\/div>\n\n\t\t\n<style>\n#section_1725872811 {\n  padding-top: 0px;\n  padding-bottom: 0px;\n  background-color: rgb(193, 193, 193);\n}\n#section_1725872811 .section-bg-overlay {\n  background-color: rgba(255, 255, 255, 0.85);\n}\n<\/style>\n\t<\/section>\n\t\n\n\t<section class=\"section\" id=\"section_2027319068\">\n\t\t<div class=\"section-bg fill\" >\n\t\t\t\t\t\t\t\t\t<div class=\"section-bg-overlay absolute fill\"><\/div>\n\t\t\t\n\n\t\t<\/div>\n\n\t\t\n\n\t\t<div class=\"section-content relative\">\n\t\t\t\n<div class=\"row row-large align-middle align-center\"  id=\"row-115476526\">\n\n\t<div id=\"col-671695931\" class=\"col small-12 large-12\"  >\n\t\t\t\t<div class=\"col-inner\"  >\n\t\t\t\n\t\t\t\n<h2><span style=\"font-size: 130%;\">\u00c0 propos de cette exp\u00e9rience<\/span><\/h2>\n<p>L&rsquo;offre \u00ab<strong>h\u00f4tel pension compl\u00e8te Catalogne <\/strong>\u00bb de l&rsquo;h\u00f4tel Termes Montbri\u00f3 vous propose une escapade parfaite alliant confort et haute gastronomie. <strong>Profitez d&rsquo;une exp\u00e9rience culinaire compl\u00e8te<\/strong>, depuis un d\u00e9licieux petit-d\u00e9jeuner pour commencer la journ\u00e9e avec \u00e9nergie jusqu&rsquo;aux d\u00e9jeuners et d\u00eeners compos\u00e9s de plats exquis dans un cadre enchanteur. <strong>D\u00e9tendez-vous dans une chambre standard \u00e9l\u00e9gante et accueillante, et profitez de tous les services exclusifs<\/strong> qui feront de votre s\u00e9jour une exp\u00e9rience revigorante et inoubliable. Id\u00e9al pour ceux qui recherchent confort et bien-\u00eatre en un seul endroit. <\/p>\n\t<div id=\"gap-1199679193\" class=\"gap-element clearfix\" style=\"display:block; height:auto;\">\n\t\t\n<style>\n#gap-1199679193 {\n  padding-top: 30px;\n}\n<\/style>\n\t<\/div>\n\t\n<div class=\"row row-collapse\"  id=\"row-922973442\">\n\n\t<div id=\"col-1436894465\" class=\"col medium-4 small-12 large-4\"  >\n\t\t\t\t<div class=\"col-inner\"  >\n\t\t\t\n\t\t\t\n\n  <div class=\"banner has-hover\" id=\"banner-1211557654\">\n          <div class=\"banner-inner fill\">\n        <div class=\"banner-bg fill\" >\n            <img decoding=\"async\" width=\"1020\" height=\"680\" src=\"https:\/\/www.termesmontbrio.com\/wp-content\/uploads\/2024\/05\/HOTEL-TERMES-MONTBRIO-habitaciones-91-Suite-British_-1024x683.webp\" class=\"bg attachment-large size-large\" alt=\"HOTEL TERMES MONTBRIO habitaciones Suite British\" \/>                                    \n                    <\/div>\n\t\t\n        <div class=\"banner-layers container\">\n            <div class=\"fill banner-link\"><\/div>            \n   <div id=\"text-box-1429684691\" class=\"text-box banner-layer x50 md-x50 lg-x50 y50 md-y50 lg-y50 res-text\">\n                                <div class=\"text-box-content text dark\">\n              \n              <div class=\"text-inner text-center\">\n                  \n              <\/div>\n           <\/div>\n                            \n<style>\n#text-box-1429684691 {\n  width: 60%;\n}\n#text-box-1429684691 .text-box-content {\n  font-size: 100%;\n}\n<\/style>\n    <\/div>\n \n        <\/div>\n      <\/div>\n\n            \n<style>\n#banner-1211557654 {\n  padding-top: 300px;\n}\n#banner-1211557654 .banner-bg img {\n  object-position: 48% 95%;\n}\n<\/style>\n  <\/div>\n\n\n\t\t<\/div>\n\t\t\t\t\t<\/div>\n\n\t\n\n\t<div id=\"col-543640838\" class=\"col medium-4 small-12 large-4\"  >\n\t\t\t\t<div class=\"col-inner\"  >\n\t\t\t\n\t\t\t\n\n  <div class=\"banner has-hover\" id=\"banner-1365905642\">\n          <div class=\"banner-inner fill\">\n        <div class=\"banner-bg fill\" >\n            <img decoding=\"async\" width=\"683\" height=\"1024\" src=\"https:\/\/www.termesmontbrio.com\/wp-content\/uploads\/2024\/05\/HOTEL-TERMES-MONTBRIO-GASTRONOMIA-RESTAURANTE-23-683x1024.webp\" class=\"bg attachment-large size-large\" alt=\"HOTEL TERMES MONTBRIO\u0301 GASTRONOMIA RESTAURANTE ()\" \/>                        <div class=\"overlay\"><\/div>            \n                    <\/div>\n\t\t\n        <div class=\"banner-layers container\">\n            <div class=\"fill banner-link\"><\/div>            \n   <div id=\"text-box-1257717186\" class=\"text-box banner-layer x50 md-x50 lg-x50 y50 md-y50 lg-y50 res-text\">\n                                <div class=\"text-box-content text dark\">\n              \n              <div class=\"text-inner text-center\">\n                  \n\t<div id=\"text-272044012\" class=\"text\">\n\t\t\n<h2>H\u00f4tel pension compl\u00e8te Catalogne<\/h2>\n\t\t\n<style>\n#text-272044012 {\n  font-size: 0.75rem;\n  text-align: center;\n}\n<\/style>\n\t<\/div>\n\t\n<a href=\"https:\/\/reservas.termesmontbrio.com\/es\/hotel\/termesmontbrio\/room?roomId=STD&#038;il_like=PC\" target=\"_blank\" class=\"button secondary is-xlarge\" rel=\"noopener\" style=\"border-radius:50px;\">\n\t\t<span>r\u00e9server<\/span>\n\t<\/a>\n\n              <\/div>\n           <\/div>\n                            \n<style>\n#text-box-1257717186 {\n  width: 83%;\n}\n#text-box-1257717186 .text-box-content {\n  font-size: 100%;\n}\n<\/style>\n    <\/div>\n \n        <\/div>\n      <\/div>\n\n            \n<style>\n#banner-1365905642 {\n  padding-top: 300px;\n}\n#banner-1365905642 .overlay {\n  background-color: rgba(0,0,0,.5);\n}\n#banner-1365905642 .banner-bg img {\n  object-position: 58% 65%;\n}\n<\/style>\n  <\/div>\n\n\n\t\t<\/div>\n\t\t\t\t\t<\/div>\n\n\t\n\n\t<div id=\"col-23690406\" class=\"col medium-4 small-12 large-4\"  >\n\t\t\t\t<div class=\"col-inner\"  >\n\t\t\t\n\t\t\t\n\n  <div class=\"banner has-hover hide-for-small\" id=\"banner-102300030\">\n          <div class=\"banner-inner fill\">\n        <div class=\"banner-bg fill\" >\n            <img decoding=\"async\" width=\"1020\" height=\"680\" src=\"https:\/\/www.termesmontbrio.com\/wp-content\/uploads\/2024\/10\/HOTEL-TERMES-DE-MONTBRIO_MODELS-ESPAIS-18-1024x683.webp\" class=\"bg attachment-large size-large\" alt=\"HOTEL TERMES DE MONTBRIO\u0301 MODELS ESPAIS\" \/>                                    \n                    <\/div>\n\t\t\n        <div class=\"banner-layers container\">\n            <div class=\"fill banner-link\"><\/div>            \n   <div id=\"text-box-1167511465\" class=\"text-box banner-layer x50 md-x50 lg-x50 y50 md-y50 lg-y50 res-text\">\n                                <div class=\"text-box-content text dark\">\n              \n              <div class=\"text-inner text-center\">\n                  \n              <\/div>\n           <\/div>\n                            \n<style>\n#text-box-1167511465 {\n  width: 60%;\n}\n#text-box-1167511465 .text-box-content {\n  font-size: 100%;\n}\n<\/style>\n    <\/div>\n \n        <\/div>\n      <\/div>\n\n            \n<style>\n#banner-102300030 {\n  padding-top: 300px;\n}\n#banner-102300030 .banner-bg img {\n  object-position: 43% 82%;\n}\n<\/style>\n  <\/div>\n\n\n\t\t<\/div>\n\t\t\t\t\t<\/div>\n\n\t\n<\/div>\n\t<div id=\"gap-1116254588\" class=\"gap-element clearfix\" style=\"display:block; height:auto;\">\n\t\t\n<style>\n#gap-1116254588 {\n  padding-top: 30px;\n}\n<\/style>\n\t<\/div>\n\t\n<span class=\"scroll-to\" data-label=\"Scroll to: #reviews\" data-bullet=\"false\" data-link=\"#reviews\" data-title=\"revisions\"><a name=\"reviews\"><\/a><\/span>\n\n\t\t<div class=\"tabbed-content\">\n\t\t\t\n\t\t\t<ul class=\"nav nav-line nav-uppercase nav-size-normal nav-center\" role=\"tablist\"><li id=\"tab-commentaires-|\" class=\"tab active has-icon\" role=\"presentation\"><a href=\"#tab_commentaires-|\" role=\"tab\" aria-selected=\"true\" aria-controls=\"tab_commentaires-|\"><span>Commentaires |<\/span><\/a><\/li>\n<li id=\"tab-conditions-|\" class=\"tab has-icon\" role=\"presentation\"><a href=\"#tab_conditions-|\" tabindex=\"-1\" role=\"tab\" aria-selected=\"false\" aria-controls=\"tab_conditions-|\"><span>Conditions |<\/span><\/a><\/li><\/ul><div class=\"tab-panels\"><div id=\"tab_commentaires-|\" class=\"panel active entry-content\" role=\"tabpanel\" aria-labelledby=\"tab-commentaires-|\">\n\n\t<section class=\"section has-mask mask-arrow\" id=\"section_1381808013\">\n\t\t<div class=\"section-bg fill\" >\n\t\t\t\t\t\t\t\t\t\n\t\t\t\n\n\t\t<\/div>\n\n\t\t\n\n\t\t<div class=\"section-content relative\">\n\t\t\t\n\n<div class=\"slider-wrapper relative\" id=\"slider-1888875202\" >\n    <div class=\"slider slider-nav-dots-dashes-spaced slider-nav-circle slider-nav-large slider-nav-dark slider-style-normal\"\n        data-flickity-options='{\n            \"cellAlign\": \"center\",\n            \"imagesLoaded\": true,\n            \"lazyLoad\": 1,\n            \"freeScroll\": false,\n            \"wrapAround\": true,\n            \"autoPlay\": 4000,\n            \"pauseAutoPlayOnHover\" : true,\n            \"prevNextButtons\": true,\n            \"contain\" : true,\n            \"adaptiveHeight\" : true,\n            \"dragThreshold\" : 10,\n            \"percentPosition\": true,\n            \"pageDots\": true,\n            \"rightToLeft\": false,\n            \"draggable\": true,\n            \"selectedAttraction\": 0.1,\n            \"parallax\" : 0,\n            \"friction\": 0.6        }'\n        >\n        \n\n<div class=\"row align-center\"  id=\"row-1206611856\">\n\n\n\t<div id=\"col-1515299065\" class=\"col medium-9 small-12 large-12\"  >\n\t\t\t\t<div class=\"col-inner box-shadow-3\"  >\n\t\t\t\n\t\t\t\n\n  <div class=\"icon-box testimonial-box icon-box-left text-left\">\n                <div class=\"icon-box-img testimonial-image circle\" style=\"width: 83px\">\n              <img decoding=\"async\" width=\"60\" height=\"60\" src=\"https:\/\/www.termesmontbrio.com\/wp-content\/uploads\/2024\/02\/unnamed.png\" class=\"attachment-thumbnail size-thumbnail\" alt=\"unnamed\" \/>        <\/div>\n                <div class=\"icon-box-text p-last-0\">\n          <div class=\"star-rating\" role=\"img\" aria-label=\"Rated 5 out of 5\"><span style=\"width:100%\"><strong class=\"rating\"><\/strong><\/span><\/div>  \t\t\t\t<div class=\"testimonial-text line-height-small italic test_text first-reset last-reset is-italic\">\n            \n\n<p>Notre escapade \u00e0 l'h\u00f4tel Termes Montbri\u00f3 pour l'anniversaire de ma petite amie a \u00e9t\u00e9 vraiment m\u00e9morable. Le spa, l'un des points forts, nous a offert une retraite luxueuse qui nous a permis de nous d\u00e9tendre et de nous ressourcer.<\/p>\n<p><strong>Johannes K\u00e5berg<\/strong> \/ Escapade romantique<\/p>\n\n          <\/div>\n          <div class=\"testimonial-meta pt-half\">\n             <strong class=\"testimonial-name test_name\"><\/strong>\n                          <span class=\"testimonial-company test_company\"><\/span>\n          <\/div>\n        <\/div>\n  <\/div>\n\n  \n\n\t\t<\/div>\n\t\t\t\t\n<style>\n#col-1515299065 > .col-inner {\n  border-radius: 20px;\n}\n<\/style>\n\t<\/div>\n\n\t\n\n\n<style>\n#row-1206611856 > .col > .col-inner {\n  padding: 15px 15px 0px 15px;\n}\n<\/style>\n<\/div>\n<div class=\"row align-center\"  id=\"row-1846591025\">\n\n\n\t<div id=\"col-1276149682\" class=\"col medium-9 small-12 large-12\"  >\n\t\t\t\t<div class=\"col-inner box-shadow-3\"  >\n\t\t\t\n\t\t\t\n\n  <div class=\"icon-box testimonial-box icon-box-left text-left\">\n                <div class=\"icon-box-img testimonial-image circle\" style=\"width: 83px\">\n              <img decoding=\"async\" width=\"60\" height=\"60\" src=\"https:\/\/www.termesmontbrio.com\/wp-content\/uploads\/2024\/02\/unnamed-1.png\" class=\"attachment-thumbnail size-thumbnail\" alt=\"unnamed ()\" \/>        <\/div>\n                <div class=\"icon-box-text p-last-0\">\n          <div class=\"star-rating\" role=\"img\" aria-label=\"Rated 5 out of 5\"><span style=\"width:100%\"><strong class=\"rating\"><\/strong><\/span><\/div>  \t\t\t\t<div class=\"testimonial-text line-height-small italic test_text first-reset last-reset is-italic\">\n            \n\n<p>J'ai pass\u00e9 un s\u00e9jour des plus agr\u00e9ables \u00e0 l'h\u00f4tel Termes Montbri\u00f3 ! D\u00e8s mon arriv\u00e9e, j'ai \u00e9t\u00e9 s\u00e9duite par le charme ancien et la grandeur de l'h\u00f4tel.<\/p>\n<p><strong>Elida Serra<\/strong> \/ Voyage avec des amis<\/p>\n\n          <\/div>\n          <div class=\"testimonial-meta pt-half\">\n             <strong class=\"testimonial-name test_name\"><\/strong>\n                          <span class=\"testimonial-company test_company\"><\/span>\n          <\/div>\n        <\/div>\n  <\/div>\n\n  \n\n\t\t<\/div>\n\t\t\t\t\n<style>\n#col-1276149682 > .col-inner {\n  border-radius: 20px;\n}\n<\/style>\n\t<\/div>\n\n\t\n\n\n<style>\n#row-1846591025 > .col > .col-inner {\n  padding: 15px 15px 0px 15px;\n}\n<\/style>\n<\/div>\n<div class=\"row align-center\"  id=\"row-1937473739\">\n\n\n\t<div id=\"col-221487836\" class=\"col medium-9 small-12 large-12\"  >\n\t\t\t\t<div class=\"col-inner box-shadow-3\"  >\n\t\t\t\n\t\t\t\n\n  <div class=\"icon-box testimonial-box icon-box-left text-left\">\n                <div class=\"icon-box-img testimonial-image circle\" style=\"width: 83px\">\n              <img decoding=\"async\" width=\"60\" height=\"60\" src=\"https:\/\/www.termesmontbrio.com\/wp-content\/uploads\/2024\/02\/termes-montbrio-hotel-con-spa.png\" class=\"attachment-thumbnail size-thumbnail\" alt=\"termes montbrio hotel con spa\" \/>        <\/div>\n                <div class=\"icon-box-text p-last-0\">\n          <div class=\"star-rating\" role=\"img\" aria-label=\"Rated 5 out of 5\"><span style=\"width:100%\"><strong class=\"rating\"><\/strong><\/span><\/div>  \t\t\t\t<div class=\"testimonial-text line-height-small italic test_text first-reset last-reset is-italic\">\n            \n\n<p>J'ai pass\u00e9 un excellent s\u00e9jour dans cet h\u00f4tel. J'ai r\u00e9serv\u00e9 une nuit pour un week-end spa relaxant avec ma fille adolescente et nous avons toutes les deux ador\u00e9. Les eaux \u00e9taient magnifiques et tr\u00e8s relaxantes. Il n'y avait pas trop de monde, ce qui \u00e9tait agr\u00e9able.<\/p>\n<p><strong>Fardiyah Dickie<\/strong> \/ Voyage en famille<\/p>\n\n          <\/div>\n          <div class=\"testimonial-meta pt-half\">\n             <strong class=\"testimonial-name test_name\"><\/strong>\n                          <span class=\"testimonial-company test_company\"><\/span>\n          <\/div>\n        <\/div>\n  <\/div>\n\n  \n\n\t\t<\/div>\n\t\t\t\t\n<style>\n#col-221487836 > .col-inner {\n  border-radius: 20px;\n}\n<\/style>\n\t<\/div>\n\n\t\n\n\n<style>\n#row-1937473739 > .col > .col-inner {\n  padding: 15px 15px 0px 15px;\n}\n<\/style>\n<\/div>\n\n     <\/div>\n\n     <div class=\"loading-spin dark large centered\"><\/div>\n\n\t<\/div>\n\n\n\n\t\t<\/div>\n\n\t\t\n<style>\n#section_1381808013 {\n  padding-top: 50px;\n  padding-bottom: 50px;\n}\n<\/style>\n\t<\/section>\n\t\n<\/div>\n<div id=\"tab_conditions-|\" class=\"panel entry-content\" role=\"tabpanel\" aria-labelledby=\"tab-conditions-|\">\n\t<div id=\"text-2380444606\" class=\"text\">\n\t\t\n<h3>Conditions<\/h3>\n<ul class=\"circled-list\" data-v-7f0c7d3e=\"\">\n<li data-v-7f0c7d3e=\"\">R\u00e9servation sous r\u00e9serve de disponibilit\u00e9. Tous les tarifs ne comprennent pas la taxe de s\u00e9jour de 1,32 \u20ac par personne et par nuit. (non applicable pour les enfants de moins de 16 ans et pour les s\u00e9jours de plus de 7 nuits).<\/li>\n<li data-v-7f0c7d3e=\"\">R\u00e9servation sans possibilit\u00e9 de modification ou d&rsquo;annulation.<\/li>\n<li data-v-7f0c7d3e=\"\">Les r\u00e9servations doivent \u00eatre pay\u00e9es \u00e0 l&rsquo;avance.<\/li>\n<\/ul>\n\t\t\n<style>\n#text-2380444606 {\n  font-size: 1rem;\n  line-height: 1.4;\n}\n<\/style>\n\t<\/div>\n\t\n<\/div><\/div><\/div>\n\t\t<\/div>\n\t\t\t\t\t<\/div>\n\n\t\n<\/div>\n\n\t<section class=\"section dark\" id=\"section_1144795200\">\n\t\t<div class=\"section-bg fill\" >\n\t\t\t\t\t\t\t\t\t\n\t\t\t\n\n\t\t<\/div>\n\n\t\t\n\n\t\t<div class=\"section-content relative\">\n\t\t\t\n\n<div class=\"row row-collapse\"  id=\"row-686747639\">\n\n\n\t<div id=\"col-824542506\" class=\"col medium-7 small-12 large-3\"  >\n\t\t\t\t<div class=\"col-inner text-left\"  >\n\t\t\t\n\t\t\t\n\n\t<div id=\"text-3119478636\" class=\"text\">\n\t\t\n\n<h5 class=\"uppercase\">AVANTAGES DE LA R\u00c9SERVATION SUR LE SITE OFFICIEL<\/h5>\n\t\t\n<style>\n#text-3119478636 {\n  font-size: 1.1rem;\n  text-align: center;\n}\n@media (min-width:550px) {\n  #text-3119478636 {\n    text-align: left;\n  }\n}\n<\/style>\n\t<\/div>\n\t\n\n\t\t<\/div>\n\t\t\t\t\n<style>\n#col-824542506 > .col-inner {\n  padding: 10px 0px 0px 0px;\n  margin: 0px 0px 0px 0px;\n}\n@media (min-width:550px) {\n  #col-824542506 > .col-inner {\n    padding: 0px 0px 0px 0px;\n    margin: 0px 0px 0px 0px;\n  }\n}\n<\/style>\n\t<\/div>\n\n\t\n\n\t<div id=\"col-885924742\" class=\"col medium-9 small-12 large-9\"  >\n\t\t\t\t<div class=\"col-inner\"  >\n\t\t\t\n\t\t\t\n\n\t<div id=\"text-1511398601\" class=\"text\">\n\t\t\n\n<p><i class=\"fa-solid fa-badge-check\"><\/i> Garantie du meilleur prix <i class=\"fa-solid fa-gem\"><\/i> Offres exclusifs <i class=\"fa-solid fa-people-group\"><\/i> Sans interm\u00e9diaires<\/p>\n\t\t\n<style>\n#text-1511398601 {\n  font-size: 1.05rem;\n  text-align: center;\n}\n<\/style>\n\t<\/div>\n\t\n\n\t\t<\/div>\n\t\t\t\t\n<style>\n#col-885924742 > .col-inner {\n  padding: 0px 0px 0px 0px;\n  margin: 0px 0px 0px 0px;\n}\n<\/style>\n\t<\/div>\n\n\t\n\n\n<style>\n#row-686747639 > .col > .col-inner {\n  padding: 20px 20px 0px 20px;\n}\n@media (min-width:550px) {\n  #row-686747639 > .col > .col-inner {\n    padding: 0px 0px 0px 0px;\n  }\n}\n<\/style>\n<\/div>\n\n\t\t<\/div>\n\n\t\t\n<style>\n#section_1144795200 {\n  padding-top: 0px;\n  padding-bottom: 0px;\n  background-color: #356d91;\n}\n@media (min-width:550px) {\n  #section_1144795200 {\n    padding-top: 30px;\n    padding-bottom: 30px;\n  }\n}\n<\/style>\n\t<\/section>\n\t\n\n\t<section class=\"section\" id=\"section_580216175\">\n\t\t<div class=\"section-bg fill\" >\n\t\t\t\t\t\t\t\t\t\n\t\t\t\n\n\t\t<\/div>\n\n\t\t\n\n\t\t<div class=\"section-content relative\">\n\t\t\t\n\n<div class=\"row\"  id=\"row-994921049\">\n\n\n\t<div id=\"col-525602718\" class=\"col small-12 large-12\"  >\n\t\t\t\t<div class=\"col-inner\"  >\n\t\t\t\n\t\t\t\n\n\t<div id=\"text-315487174\" class=\"text\">\n\t\t\n\n<h6>Vous aimerez aussi<\/h6>\n<h2 class=\"uppercase\">PLUS D'OFFRES D'H\u00d4TELS<\/h2>\n\t\t\n<style>\n#text-315487174 {\n  text-align: center;\n}\n<\/style>\n\t<\/div>\n\t\n\t<div id=\"gap-485624321\" class=\"gap-element clearfix\" style=\"display:block; height:auto;\">\n\t\t\n<style>\n#gap-485624321 {\n  padding-top: 30px;\n}\n<\/style>\n\t<\/div>\n\t\n\n<div class=\"slider-wrapper relative\" id=\"slider-2101021554\" >\n    <div class=\"slider slider-nav-dots-dashes-spaced slider-nav-circle slider-nav-large slider-nav-dark slider-nav-outside slider-style-normal\"\n        data-flickity-options='{\n            \"cellAlign\": \"center\",\n            \"imagesLoaded\": true,\n            \"lazyLoad\": 1,\n            \"freeScroll\": false,\n            \"wrapAround\": true,\n            \"autoPlay\": 6000,\n            \"pauseAutoPlayOnHover\" : true,\n            \"prevNextButtons\": true,\n            \"contain\" : true,\n            \"adaptiveHeight\" : true,\n            \"dragThreshold\" : 10,\n            \"percentPosition\": true,\n            \"pageDots\": true,\n            \"rightToLeft\": false,\n            \"draggable\": true,\n            \"selectedAttraction\": 0.1,\n            \"parallax\" : 0,\n            \"friction\": 0.6        }'\n        >\n        \n\n<div class=\"row align-equal align-center\"  id=\"row-1779281387\">\n\n\n\t<div id=\"col-84616135\" class=\"col medium-4 small-12 large-4\"  >\n\t\t\t\t<div class=\"col-inner\" style=\"background-color:rgb(255, 255, 255);\" >\n\t\t\t\n\t\t\t\n\n\t<div class=\"box has-hover   has-hover box-shadow-2 box-shadow-4-hover box-bounce box-text-bottom\" >\n\n\t\t<div class=\"box-image\" >\n\t\t\t<a href=\"https:\/\/www.termesmontbrio.com\/fr\/offres\/romantique-escape-tarragona-catalogne\/\" >\t\t\t<div class=\"image-overlay-add image-cover\" style=\"padding-top:250px;\">\n\t\t\t\t<img decoding=\"async\" width=\"451\" height=\"451\" src=\"https:\/\/www.termesmontbrio.com\/wp-content\/uploads\/2024\/03\/hotel-termes-de-montbrio-ofertas-tarragona-spa-termal-parejas-aquatonic-6.webp\" class=\"attachment- size-\" alt=\"hotel termes de montbrio ofertas tarragona spa termal parejas aquatonic\" srcset=\"https:\/\/www.termesmontbrio.com\/wp-content\/uploads\/2024\/03\/hotel-termes-de-montbrio-ofertas-tarragona-spa-termal-parejas-aquatonic-6.webp 451w, https:\/\/www.termesmontbrio.com\/wp-content\/uploads\/2024\/03\/hotel-termes-de-montbrio-ofertas-tarragona-spa-termal-parejas-aquatonic-6-300x300.webp 300w, https:\/\/www.termesmontbrio.com\/wp-content\/uploads\/2024\/03\/hotel-termes-de-montbrio-ofertas-tarragona-spa-termal-parejas-aquatonic-6-150x150.webp 150w\" sizes=\"(max-width: 451px) 100vw, 451px\" \/>\t\t\t\t<div class=\"overlay\" style=\"background-color:rgba(0, 0, 0, 0.2)\"><\/div>\t\t\t\t\t\t\t<\/div>\n\t\t\t<\/a>\t\t<\/div>\n\n\t\t<div class=\"box-text text-center is-large\" >\n\t\t\t<div class=\"box-text-inner\">\n\t\t\t\t\n\n<h3 style=\"font-weight: 500;\"><a href=\"https:\/\/www.termesmontbrio.com\/fr\/offres\/romantique-escape-tarragona-catalogne\/\"><span style=\"color: #000000;\">Escapade romantique<\/span><\/a><\/h3>\n<a data-animate=\"fadeInRight\" href=\"https:\/\/www.termesmontbrio.com\/fr\/offres\/romantique-escape-tarragona-catalogne\/\" class=\"button secondary is-small\" style=\"border-radius:50px;\">\n\t\t<span>R\u00e9server<\/span>\n\t<i class=\"icon-angle-right\" aria-hidden=\"true\"><\/i><\/a>\n\n\n\n\t\t\t<\/div>\n\t\t<\/div>\n\t<\/div>\n\t\n\n\t\t<\/div>\n\t\t\t\t\t<\/div>\n\n\t\n\n\t<div id=\"col-1020533213\" class=\"col medium-4 small-12 large-4\"  >\n\t\t\t\t<div class=\"col-inner\" style=\"background-color:rgb(255, 255, 255);\" >\n\t\t\t\n\t\t\t\n\n\t<div class=\"box has-hover   has-hover box-shadow-2 box-shadow-4-hover box-bounce box-text-bottom\" >\n\n\t\t<div class=\"box-image\" >\n\t\t\t<a href=\"https:\/\/www.termesmontbrio.com\/fr\/offres\/aquatonic-day\/\" >\t\t\t<div class=\"image-overlay-add image-cover\" style=\"padding-top:250px;\">\n\t\t\t\t<img decoding=\"async\" width=\"1276\" height=\"780\" src=\"https:\/\/www.termesmontbrio.com\/wp-content\/uploads\/2024\/03\/termes-monbrio-eventos-hotel-tarragona-aquatonic-termal.webp\" class=\"attachment- size-\" alt=\"termes monbrio eventos hotel tarragona aquatonic termal\" srcset=\"https:\/\/www.termesmontbrio.com\/wp-content\/uploads\/2024\/03\/termes-monbrio-eventos-hotel-tarragona-aquatonic-termal.webp 1276w, https:\/\/www.termesmontbrio.com\/wp-content\/uploads\/2024\/03\/termes-monbrio-eventos-hotel-tarragona-aquatonic-termal-300x183.webp 300w, https:\/\/www.termesmontbrio.com\/wp-content\/uploads\/2024\/03\/termes-monbrio-eventos-hotel-tarragona-aquatonic-termal-1024x626.webp 1024w, https:\/\/www.termesmontbrio.com\/wp-content\/uploads\/2024\/03\/termes-monbrio-eventos-hotel-tarragona-aquatonic-termal-768x469.webp 768w\" sizes=\"(max-width: 1276px) 100vw, 1276px\" \/>\t\t\t\t<div class=\"overlay\" style=\"background-color:rgba(0, 0, 0, 0.2)\"><\/div>\t\t\t\t\t\t\t<\/div>\n\t\t\t<\/a>\t\t<\/div>\n\n\t\t<div class=\"box-text text-center is-large\" >\n\t\t\t<div class=\"box-text-inner\">\n\t\t\t\t\n\n<h3 style=\"font-weight: 500;\"><a href=\"https:\/\/www.termesmontbrio.com\/fr\/offres\/aquatonic-day\/\"><span style=\"color: #000000;\">Aquatonic day<\/span><\/a><\/h3>\n<a data-animate=\"fadeInRight\" href=\"https:\/\/www.termesmontbrio.com\/fr\/offres\/aquatonic-day\/\" class=\"button secondary is-small\" style=\"border-radius:50px;\">\n\t\t<span>R\u00e9server<\/span>\n\t<i class=\"icon-angle-right\" aria-hidden=\"true\"><\/i><\/a>\n\n\n\n\t\t\t<\/div>\n\t\t<\/div>\n\t<\/div>\n\t\n\n\t\t<\/div>\n\t\t\t\t\t<\/div>\n\n\t\n\n\t<div id=\"col-1663581531\" class=\"col medium-4 small-12 large-4\"  >\n\t\t\t\t<div class=\"col-inner\" style=\"background-color:rgb(255, 255, 255);\" >\n\t\t\t\n\t\t\t\n\n\t<div class=\"box has-hover   has-hover box-shadow-2 box-shadow-4-hover box-bounce box-text-bottom\" >\n\n\t\t<div class=\"box-image\" >\n\t\t\t<a href=\"https:\/\/www.termesmontbrio.com\/ofertas\/ultima-hora-hotel-tarragona\/\" >\t\t\t<div class=\"image-overlay-add image-cover\" style=\"padding-top:250px;\">\n\t\t\t\t<img decoding=\"async\" width=\"800\" height=\"531\" src=\"https:\/\/www.termesmontbrio.com\/wp-content\/uploads\/2024\/02\/termes-monbrio-ofertas-pareja-spa-hotel-tarragona.webp\" class=\"attachment- size-\" alt=\"termes monbrio ofertas pareja spa hotel tarragona\" srcset=\"https:\/\/www.termesmontbrio.com\/wp-content\/uploads\/2024\/02\/termes-monbrio-ofertas-pareja-spa-hotel-tarragona.webp 800w, https:\/\/www.termesmontbrio.com\/wp-content\/uploads\/2024\/02\/termes-monbrio-ofertas-pareja-spa-hotel-tarragona-300x199.webp 300w, https:\/\/www.termesmontbrio.com\/wp-content\/uploads\/2024\/02\/termes-monbrio-ofertas-pareja-spa-hotel-tarragona-768x510.webp 768w\" sizes=\"(max-width: 800px) 100vw, 800px\" \/>\t\t\t\t<div class=\"overlay\" style=\"background-color:rgba(0, 0, 0, 0.2)\"><\/div>\t\t\t\t\t\t\t<\/div>\n\t\t\t<\/a>\t\t<\/div>\n\n\t\t<div class=\"box-text text-center is-large\" >\n\t\t\t<div class=\"box-text-inner\">\n\t\t\t\t\n\n<h3 style=\"font-weight: 500;\"><a href=\"https:\/\/www.termesmontbrio.com\/ofertas\/ultima-hora-hotel-tarragona\/\"><span style=\"color: #000000;\">Offre de derni\u00e8re minute<\/span><\/a><\/h3>\n<a data-animate=\"fadeInRight\" href=\"https:\/\/www.termesmontbrio.com\/ofertas\/ultima-hora-hotel-tarragona\/\" class=\"button secondary is-small\" style=\"border-radius:50px;\">\n\t\t<span>R\u00e9server<\/span>\n\t<i class=\"icon-angle-right\" aria-hidden=\"true\"><\/i><\/a>\n\n\n\n\t\t\t<\/div>\n\t\t<\/div>\n\t<\/div>\n\t\n\n\t\t<\/div>\n\t\t\t\t\t<\/div>\n\n\t\n\n<\/div>\n<div class=\"row align-equal align-center\"  id=\"row-807616911\">\n\n\n\t<div id=\"col-44951189\" class=\"col medium-4 small-12 large-4\"  >\n\t\t\t\t<div class=\"col-inner\" style=\"background-color:rgb(255, 255, 255);\" >\n\t\t\t\n\t\t\t\n\n\t<div class=\"box has-hover   has-hover box-shadow-2 box-shadow-4-hover box-bounce box-text-bottom\" >\n\n\t\t<div class=\"box-image\" >\n\t\t\t<a href=\"https:\/\/www.termesmontbrio.com\/fr\/offres\/club-senior-tarragona\/\" >\t\t\t<div class=\"image-overlay-add image-cover\" style=\"padding-top:250px;\">\n\t\t\t\t<img decoding=\"async\" width=\"1000\" height=\"666\" src=\"https:\/\/www.termesmontbrio.com\/wp-content\/uploads\/2024\/03\/hotel-termes-de-montbrio-ofertas-tarragona-spa-termal-club-senior.webp\" class=\"attachment- size-\" alt=\"hotel termes de montbrio ofertas tarragona spa termal club senior\" srcset=\"https:\/\/www.termesmontbrio.com\/wp-content\/uploads\/2024\/03\/hotel-termes-de-montbrio-ofertas-tarragona-spa-termal-club-senior.webp 1000w, https:\/\/www.termesmontbrio.com\/wp-content\/uploads\/2024\/03\/hotel-termes-de-montbrio-ofertas-tarragona-spa-termal-club-senior-300x200.webp 300w, https:\/\/www.termesmontbrio.com\/wp-content\/uploads\/2024\/03\/hotel-termes-de-montbrio-ofertas-tarragona-spa-termal-club-senior-768x511.webp 768w\" sizes=\"(max-width: 1000px) 100vw, 1000px\" \/>\t\t\t\t<div class=\"overlay\" style=\"background-color:rgba(0, 0, 0, 0.2)\"><\/div>\t\t\t\t\t\t\t<\/div>\n\t\t\t<\/a>\t\t<\/div>\n\n\t\t<div class=\"box-text text-center is-large\" >\n\t\t\t<div class=\"box-text-inner\">\n\t\t\t\t\n\n<h3 style=\"font-weight: 500;\"><a href=\"https:\/\/www.termesmontbrio.com\/fr\/offres\/club-senior-tarragona\/\"><span style=\"color: #000000;\">Club S\u00e9nior<\/span><\/a><\/h3>\n<a data-animate=\"fadeInRight\" href=\"https:\/\/www.termesmontbrio.com\/fr\/offres\/club-senior-tarragona\/\" class=\"button secondary is-small\" style=\"border-radius:50px;\">\n\t\t<span>R\u00e9server<\/span>\n\t<i class=\"icon-angle-right\" aria-hidden=\"true\"><\/i><\/a>\n\n\n\n\t\t\t<\/div>\n\t\t<\/div>\n\t<\/div>\n\t\n\n\t\t<\/div>\n\t\t\t\t\t<\/div>\n\n\t\n\n\t<div id=\"col-895496817\" class=\"col medium-4 small-12 large-4\"  >\n\t\t\t\t<div class=\"col-inner\" style=\"background-color:rgb(255, 255, 255);\" >\n\t\t\t\n\t\t\t\n\n\t<div class=\"box has-hover   has-hover box-shadow-2 box-shadow-4-hover box-bounce box-text-bottom\" >\n\n\t\t<div class=\"box-image\" >\n\t\t\t<a href=\"https:\/\/www.termesmontbrio.com\/ofertas\/dones-daigua\/\" >\t\t\t<div class=\"image-overlay-add image-cover\" style=\"padding-top:250px;\">\n\t\t\t\t<img decoding=\"async\" width=\"1217\" height=\"1826\" src=\"https:\/\/www.termesmontbrio.com\/wp-content\/uploads\/2024\/10\/HOTEL-TERMES-DE-MONTBRIO_MODELS-AQUATONIC-4.webp\" class=\"attachment- size-\" alt=\"HOTEL TERMES DE MONTBRIO\u0301 MODELS AQUATONIC\" srcset=\"https:\/\/www.termesmontbrio.com\/wp-content\/uploads\/2024\/10\/HOTEL-TERMES-DE-MONTBRIO_MODELS-AQUATONIC-4.webp 1217w, https:\/\/www.termesmontbrio.com\/wp-content\/uploads\/2024\/10\/HOTEL-TERMES-DE-MONTBRIO_MODELS-AQUATONIC-4-200x300.webp 200w, https:\/\/www.termesmontbrio.com\/wp-content\/uploads\/2024\/10\/HOTEL-TERMES-DE-MONTBRIO_MODELS-AQUATONIC-4-682x1024.webp 682w, https:\/\/www.termesmontbrio.com\/wp-content\/uploads\/2024\/10\/HOTEL-TERMES-DE-MONTBRIO_MODELS-AQUATONIC-4-768x1152.webp 768w, https:\/\/www.termesmontbrio.com\/wp-content\/uploads\/2024\/10\/HOTEL-TERMES-DE-MONTBRIO_MODELS-AQUATONIC-4-1024x1536.webp 1024w\" sizes=\"(max-width: 1217px) 100vw, 1217px\" \/>\t\t\t\t<div class=\"overlay\" style=\"background-color:rgba(0, 0, 0, 0.2)\"><\/div>\t\t\t\t\t\t\t<\/div>\n\t\t\t<\/a>\t\t<\/div>\n\n\t\t<div class=\"box-text text-center is-large\" >\n\t\t\t<div class=\"box-text-inner\">\n\t\t\t\t\n\n<h3 style=\"font-weight: 500;\"><a href=\"https:\/\/www.termesmontbrio.com\/ofertas\/dones-daigua\/\"><span style=\"color: #000000;\">Dones d\u2019Aigua<\/span><\/a><\/h3>\n<a data-animate=\"fadeInRight\" href=\"https:\/\/www.termesmontbrio.com\/ofertas\/dones-daigua\/\" target=\"_blank\" class=\"button secondary is-small\" rel=\"noopener\" style=\"border-radius:50px;\">\n\t\t<span>R\u00e9server<\/span>\n\t<i class=\"icon-angle-right\" aria-hidden=\"true\"><\/i><\/a>\n\n\n\n\t\t\t<\/div>\n\t\t<\/div>\n\t<\/div>\n\t\n\n\t\t<\/div>\n\t\t\t\t\t<\/div>\n\n\t\n\n\t<div id=\"col-1395617364\" class=\"col medium-4 small-12 large-4\"  >\n\t\t\t\t<div class=\"col-inner\" style=\"background-color:rgb(255, 255, 255);\" >\n\t\t\t\n\t\t\t\n\n\t<div class=\"box has-hover   has-hover box-shadow-2 box-shadow-4-hover box-bounce box-text-bottom\" >\n\n\t\t<div class=\"box-image\" >\n\t\t\t<a href=\"https:\/\/reservas.termesmontbrio.com\/fr\/hotel\/termesmontbrio\/room?roomId=STD\" >\t\t\t<div class=\"image-overlay-add image-cover\" style=\"padding-top:250px;\">\n\t\t\t\t<img decoding=\"async\" width=\"700\" height=\"525\" src=\"https:\/\/www.termesmontbrio.com\/wp-content\/uploads\/2024\/02\/hotel-termes-montbrio-balneario-centro-termoludico-spa-tarragona-habitacion-standard-1.webp\" class=\"attachment- size-\" alt=\"hotel termes montbrio balneario centro termoludico spa tarragona habitacion standard\" srcset=\"https:\/\/www.termesmontbrio.com\/wp-content\/uploads\/2024\/02\/hotel-termes-montbrio-balneario-centro-termoludico-spa-tarragona-habitacion-standard-1.webp 700w, https:\/\/www.termesmontbrio.com\/wp-content\/uploads\/2024\/02\/hotel-termes-montbrio-balneario-centro-termoludico-spa-tarragona-habitacion-standard-1-300x225.webp 300w\" sizes=\"(max-width: 700px) 100vw, 700px\" \/>\t\t\t\t<div class=\"overlay\" style=\"background-color:rgba(0, 0, 0, 0.2)\"><\/div>\t\t\t\t\t\t\t<\/div>\n\t\t\t<\/a>\t\t<\/div>\n\n\t\t<div class=\"box-text text-center is-large\" >\n\t\t\t<div class=\"box-text-inner\">\n\t\t\t\t\n\n<h3 style=\"font-weight: 500;\"><span style=\"color: #000000;\" href=\"\/\">Offre de chambre<\/a><\/span><\/h3>\n<a data-animate=\"fadeInRight\" href=\"https:\/\/reservas.termesmontbrio.com\/fr\/hotel\/termesmontbrio\/room?roomId=STD\" target=\"_blank\" class=\"button secondary is-small\" rel=\"noopener\" style=\"border-radius:50px;\">\n\t\t<span>R\u00e9server<\/span>\n\t<i class=\"icon-angle-right\" aria-hidden=\"true\"><\/i><\/a>\n\n\n\n\t\t\t<\/div>\n\t\t<\/div>\n\t<\/div>\n\t\n\n\t\t<\/div>\n\t\t\t\t\t<\/div>\n\n\t\n\n<\/div>\n\n     <\/div>\n\n     <div class=\"loading-spin dark large centered\"><\/div>\n\n\t\n<style>\n#slider-2101021554 {\n  margin-bottom: 20px;\n}\n<\/style>\n<\/div>\n\n\n\n\t\t<\/div>\n\t\t\t\t\n<style>\n#col-525602718 > .col-inner {\n  padding: 20px 0px 0px 0px;\n}\n<\/style>\n\t<\/div>\n\n\t\n\n<\/div>\n\n\t\t<\/div>\n\n\t\t\n<style>\n#section_580216175 {\n  padding-top: 30px;\n  padding-bottom: 30px;\n}\n<\/style>\n\t<\/section>\n\t\n\t\t<\/div>\n\n\t\t\n<style>\n#section_2027319068 {\n  padding-top: 40px;\n  padding-bottom: 40px;\n  background-color: rgb(193, 193, 193);\n}\n#section_2027319068 .section-bg-overlay {\n  background-color: rgba(255, 255, 255, 0.85);\n}\n<\/style>\n\t<\/section>\n\t\n","protected":false},"excerpt":{"rendered":"","protected":false},"author":5,"featured_media":0,"parent":914,"menu_order":0,"comment_status":"closed","ping_status":"closed","template":"page-blank.php","meta":{"footnotes":""},"class_list":["post-3283","page","type-page","status-publish","hentry"],"yoast_head":"<!-- This site is optimized with the Yoast SEO plugin v27.2 - https:\/\/yoast.com\/product\/yoast-seo-wordpress\/ -->\n<title>Offre h\u00f4tel pension compl\u00e8te, Catalogne | Termes Montbri\u00f3<\/title>\n<meta name=\"description\" content=\"Profitez de l&#039;offre \u00ab h\u00f4tel pension compl\u00e8te Catalogne \u00bb. L&#039;h\u00f4tel Termes Montbri\u00f3 vous attend avec luxe, bien-\u00eatre et une exp\u00e9rience inoubliable. R\u00e9servez d\u00e8s maintenant !\" \/>\n<meta name=\"robots\" content=\"index, follow, max-snippet:-1, max-image-preview:large, max-video-preview:-1\" \/>\n<link rel=\"canonical\" href=\"https:\/\/www.termesmontbrio.com\/fr\/offres\/hotel-pension-complete-catalogne\/\" \/>\n<meta property=\"og:locale\" content=\"fr_FR\" \/>\n<meta property=\"og:type\" content=\"article\" \/>\n<meta property=\"og:title\" content=\"Offre h\u00f4tel pension compl\u00e8te, Catalogne | Termes Montbri\u00f3\" \/>\n<meta property=\"og:description\" content=\"Profitez de l&#039;offre \u00ab h\u00f4tel pension compl\u00e8te Catalogne \u00bb. L&#039;h\u00f4tel Termes Montbri\u00f3 vous attend avec luxe, bien-\u00eatre et une exp\u00e9rience inoubliable. R\u00e9servez d\u00e8s maintenant !\" \/>\n<meta property=\"og:url\" content=\"https:\/\/www.termesmontbrio.com\/fr\/offres\/hotel-pension-complete-catalogne\/\" \/>\n<meta property=\"og:site_name\" content=\"Hotel Termes Montbri\u00f3\" \/>\n<meta property=\"article:modified_time\" content=\"2025-07-24T11:34:21+00:00\" \/>\n<meta name=\"twitter:card\" content=\"summary_large_image\" \/>\n<meta name=\"twitter:label1\" content=\"Dur\u00e9e de lecture estim\u00e9e\" \/>\n\t<meta name=\"twitter:data1\" content=\"3 minutes\" \/>\n<script type=\"application\/ld+json\" class=\"yoast-schema-graph\">{\"@context\":\"https:\/\/schema.org\",\"@graph\":[{\"@type\":\"WebPage\",\"@id\":\"https:\/\/www.termesmontbrio.com\/fr\/offres\/hotel-pension-complete-catalogne\/\",\"url\":\"https:\/\/www.termesmontbrio.com\/fr\/offres\/hotel-pension-complete-catalogne\/\",\"name\":\"Offre h\u00f4tel pension compl\u00e8te, Catalogne | Termes Montbri\u00f3\",\"isPartOf\":{\"@id\":\"https:\/\/www.termesmontbrio.com\/fr\/#website\"},\"datePublished\":\"2024-08-29T14:22:57+00:00\",\"dateModified\":\"2025-07-24T11:34:21+00:00\",\"description\":\"Profitez de l'offre \u00ab h\u00f4tel pension compl\u00e8te Catalogne \u00bb. L'h\u00f4tel Termes Montbri\u00f3 vous attend avec luxe, bien-\u00eatre et une exp\u00e9rience inoubliable. R\u00e9servez d\u00e8s maintenant !\",\"breadcrumb\":{\"@id\":\"https:\/\/www.termesmontbrio.com\/fr\/offres\/hotel-pension-complete-catalogne\/#breadcrumb\"},\"inLanguage\":\"fr-FR\",\"potentialAction\":[{\"@type\":\"ReadAction\",\"target\":[\"https:\/\/www.termesmontbrio.com\/fr\/offres\/hotel-pension-complete-catalogne\/\"]}]},{\"@type\":\"BreadcrumbList\",\"@id\":\"https:\/\/www.termesmontbrio.com\/fr\/offres\/hotel-pension-complete-catalogne\/#breadcrumb\",\"itemListElement\":[{\"@type\":\"ListItem\",\"position\":1,\"name\":\"Portada\",\"item\":\"https:\/\/www.termesmontbrio.com\/fr\/\"},{\"@type\":\"ListItem\",\"position\":2,\"name\":\"Des Offres\",\"item\":\"https:\/\/www.termesmontbrio.com\/fr\/offres\/\"},{\"@type\":\"ListItem\",\"position\":3,\"name\":\"H\u00f4tel pension compl\u00e8te Catalogne\"}]},{\"@type\":\"WebSite\",\"@id\":\"https:\/\/www.termesmontbrio.com\/fr\/#website\",\"url\":\"https:\/\/www.termesmontbrio.com\/fr\/\",\"name\":\"Hotel Termes Montbri\u00f3\",\"description\":\"\",\"potentialAction\":[{\"@type\":\"SearchAction\",\"target\":{\"@type\":\"EntryPoint\",\"urlTemplate\":\"https:\/\/www.termesmontbrio.com\/fr\/?s={search_term_string}\"},\"query-input\":{\"@type\":\"PropertyValueSpecification\",\"valueRequired\":true,\"valueName\":\"search_term_string\"}}],\"inLanguage\":\"fr-FR\"}]}<\/script>\n<!-- \/ Yoast SEO plugin. -->","yoast_head_json":{"title":"Offre h\u00f4tel pension compl\u00e8te, Catalogne | Termes Montbri\u00f3","description":"Profitez de l'offre \u00ab h\u00f4tel pension compl\u00e8te Catalogne \u00bb. L'h\u00f4tel Termes Montbri\u00f3 vous attend avec luxe, bien-\u00eatre et une exp\u00e9rience inoubliable. R\u00e9servez d\u00e8s maintenant !","robots":{"index":"index","follow":"follow","max-snippet":"max-snippet:-1","max-image-preview":"max-image-preview:large","max-video-preview":"max-video-preview:-1"},"canonical":"https:\/\/www.termesmontbrio.com\/fr\/offres\/hotel-pension-complete-catalogne\/","og_locale":"fr_FR","og_type":"article","og_title":"Offre h\u00f4tel pension compl\u00e8te, Catalogne | Termes Montbri\u00f3","og_description":"Profitez de l'offre \u00ab h\u00f4tel pension compl\u00e8te Catalogne \u00bb. L'h\u00f4tel Termes Montbri\u00f3 vous attend avec luxe, bien-\u00eatre et une exp\u00e9rience inoubliable. R\u00e9servez d\u00e8s maintenant !","og_url":"https:\/\/www.termesmontbrio.com\/fr\/offres\/hotel-pension-complete-catalogne\/","og_site_name":"Hotel Termes Montbri\u00f3","article_modified_time":"2025-07-24T11:34:21+00:00","twitter_card":"summary_large_image","twitter_misc":{"Dur\u00e9e de lecture estim\u00e9e":"3 minutes"},"schema":{"@context":"https:\/\/schema.org","@graph":[{"@type":"WebPage","@id":"https:\/\/www.termesmontbrio.com\/fr\/offres\/hotel-pension-complete-catalogne\/","url":"https:\/\/www.termesmontbrio.com\/fr\/offres\/hotel-pension-complete-catalogne\/","name":"Offre h\u00f4tel pension compl\u00e8te, Catalogne | Termes Montbri\u00f3","isPartOf":{"@id":"https:\/\/www.termesmontbrio.com\/fr\/#website"},"datePublished":"2024-08-29T14:22:57+00:00","dateModified":"2025-07-24T11:34:21+00:00","description":"Profitez de l'offre \u00ab h\u00f4tel pension compl\u00e8te Catalogne \u00bb. L'h\u00f4tel Termes Montbri\u00f3 vous attend avec luxe, bien-\u00eatre et une exp\u00e9rience inoubliable. R\u00e9servez d\u00e8s maintenant !","breadcrumb":{"@id":"https:\/\/www.termesmontbrio.com\/fr\/offres\/hotel-pension-complete-catalogne\/#breadcrumb"},"inLanguage":"fr-FR","potentialAction":[{"@type":"ReadAction","target":["https:\/\/www.termesmontbrio.com\/fr\/offres\/hotel-pension-complete-catalogne\/"]}]},{"@type":"BreadcrumbList","@id":"https:\/\/www.termesmontbrio.com\/fr\/offres\/hotel-pension-complete-catalogne\/#breadcrumb","itemListElement":[{"@type":"ListItem","position":1,"name":"Portada","item":"https:\/\/www.termesmontbrio.com\/fr\/"},{"@type":"ListItem","position":2,"name":"Des Offres","item":"https:\/\/www.termesmontbrio.com\/fr\/offres\/"},{"@type":"ListItem","position":3,"name":"H\u00f4tel pension compl\u00e8te Catalogne"}]},{"@type":"WebSite","@id":"https:\/\/www.termesmontbrio.com\/fr\/#website","url":"https:\/\/www.termesmontbrio.com\/fr\/","name":"Hotel Termes Montbri\u00f3","description":"","potentialAction":[{"@type":"SearchAction","target":{"@type":"EntryPoint","urlTemplate":"https:\/\/www.termesmontbrio.com\/fr\/?s={search_term_string}"},"query-input":{"@type":"PropertyValueSpecification","valueRequired":true,"valueName":"search_term_string"}}],"inLanguage":"fr-FR"}]}},"_links":{"self":[{"href":"https:\/\/www.termesmontbrio.com\/fr\/wp-json\/wp\/v2\/pages\/3283","targetHints":{"allow":["GET"]}}],"collection":[{"href":"https:\/\/www.termesmontbrio.com\/fr\/wp-json\/wp\/v2\/pages"}],"about":[{"href":"https:\/\/www.termesmontbrio.com\/fr\/wp-json\/wp\/v2\/types\/page"}],"author":[{"embeddable":true,"href":"https:\/\/www.termesmontbrio.com\/fr\/wp-json\/wp\/v2\/users\/5"}],"replies":[{"embeddable":true,"href":"https:\/\/www.termesmontbrio.com\/fr\/wp-json\/wp\/v2\/comments?post=3283"}],"version-history":[{"count":0,"href":"https:\/\/www.termesmontbrio.com\/fr\/wp-json\/wp\/v2\/pages\/3283\/revisions"}],"up":[{"embeddable":true,"href":"https:\/\/www.termesmontbrio.com\/fr\/wp-json\/wp\/v2\/pages\/914"}],"wp:attachment":[{"href":"https:\/\/www.termesmontbrio.com\/fr\/wp-json\/wp\/v2\/media?parent=3283"}],"curies":[{"name":"wp","href":"https:\/\/api.w.org\/{rel}","templated":true}]}}