{"id":4302,"date":"2025-10-08T10:45:59","date_gmt":"2025-10-08T10:45:59","guid":{"rendered":"https:\/\/www.termesmontbrio.com\/ofertes\/oferta-hotel-menus-de-nadal-a-tarragona\/"},"modified":"2025-10-27T10:35:04","modified_gmt":"2025-10-27T10:35:04","slug":"oferta-hotel-menus-de-nadal-a-tarragona","status":"publish","type":"page","link":"https:\/\/www.termesmontbrio.com\/ca\/ofertes\/oferta-hotel-menus-de-nadal-a-tarragona\/","title":{"rendered":"Oferta Hotel i Men\u00fas de Nadal a Tarragona"},"content":{"rendered":"\n\t<section class=\"section\" id=\"section_1894961779\">\n\t\t<div class=\"section-bg fill\" >\n\t\t\t\t\t\t\t\t\t<div class=\"section-bg-overlay absolute fill\"><\/div>\n\t\t\t\n\n\t\t<\/div>\n\n\t\t\n\n\t\t<div class=\"section-content relative\">\n\t\t\t\n<div class=\"row row-large align-middle\" style=\"max-width:1400px\" id=\"row-337783179\">\n\n\t<div id=\"col-1941051769\" class=\"col medium-6 small-12 large-6\"  >\n\t\t\t\t<div class=\"col-inner\"  >\n\t\t\t\n\t\t\t\n<div class=\"slider-wrapper relative\" id=\"slider-632686893\" >\n    <div class=\"slider slider-nav-dots-dashes-spaced slider-nav-simple slider-nav-large slider-nav-dark slider-style-normal\"\n        data-flickity-options='{\n            \"cellAlign\": \"center\",\n            \"imagesLoaded\": true,\n            \"lazyLoad\": 1,\n            \"freeScroll\": false,\n            \"wrapAround\": true,\n            \"autoPlay\": 6000,\n            \"pauseAutoPlayOnHover\" : true,\n            \"prevNextButtons\": true,\n            \"contain\" : true,\n            \"adaptiveHeight\" : true,\n            \"dragThreshold\" : 10,\n            \"percentPosition\": true,\n            \"pageDots\": true,\n            \"rightToLeft\": false,\n            \"draggable\": true,\n            \"selectedAttraction\": 0.1,\n            \"parallax\" : 0,\n            \"friction\": 0.6        }'\n        >\n        \n\t<div class=\"img has-hover x md-x lg-x y md-y lg-y\" id=\"image_312859520\">\n\t\t\t\t\t\t\t\t<div class=\"img-inner image-cover dark\" style=\"padding-top:100%;\">\n\t\t\t<img decoding=\"async\" width=\"1020\" height=\"680\" src=\"https:\/\/www.termesmontbrio.com\/wp-content\/uploads\/2025\/10\/Christmas-Recepcion-Hotel-Termes-Montbrio-1024x683.webp\" class=\"attachment-large size-large\" alt=\"Recepci\u00f3n del Hotel Termes Montbri\u00f3 ambientada con decoraciones navide\u00f1as\" srcset=\"https:\/\/www.termesmontbrio.com\/wp-content\/uploads\/2025\/10\/Christmas-Recepcion-Hotel-Termes-Montbrio-1024x683.webp 1024w, https:\/\/www.termesmontbrio.com\/wp-content\/uploads\/2025\/10\/Christmas-Recepcion-Hotel-Termes-Montbrio-300x200.webp 300w, https:\/\/www.termesmontbrio.com\/wp-content\/uploads\/2025\/10\/Christmas-Recepcion-Hotel-Termes-Montbrio-768x512.webp 768w, https:\/\/www.termesmontbrio.com\/wp-content\/uploads\/2025\/10\/Christmas-Recepcion-Hotel-Termes-Montbrio.webp 1200w\" sizes=\"(max-width: 1020px) 100vw, 1020px\" \/>\t\t\t\t\t\t\n\t\t\t\t\t<\/div>\n\t\t\t\t\t\t\t\t\n<style>\n#image_312859520 {\n  width: 100%;\n}\n<\/style>\n\t<\/div>\n\t\n\t<div class=\"img has-hover x md-x lg-x y md-y lg-y\" id=\"image_771962136\">\n\t\t\t\t\t\t\t\t<div class=\"img-inner image-cover dark\" style=\"padding-top:100%;\">\n\t\t\t<img decoding=\"async\" width=\"1020\" height=\"638\" src=\"https:\/\/www.termesmontbrio.com\/wp-content\/uploads\/2025\/10\/Menu-de-Navidad-Tarragona-Termes-Montbrio-1024x640.webp\" class=\"attachment-large size-large\" alt=\"Menu de Navidad Tarragona Termes Montbrio\" srcset=\"https:\/\/www.termesmontbrio.com\/wp-content\/uploads\/2025\/10\/Menu-de-Navidad-Tarragona-Termes-Montbrio-1024x640.webp 1024w, https:\/\/www.termesmontbrio.com\/wp-content\/uploads\/2025\/10\/Menu-de-Navidad-Tarragona-Termes-Montbrio-300x188.webp 300w, https:\/\/www.termesmontbrio.com\/wp-content\/uploads\/2025\/10\/Menu-de-Navidad-Tarragona-Termes-Montbrio-768x480.webp 768w, https:\/\/www.termesmontbrio.com\/wp-content\/uploads\/2025\/10\/Menu-de-Navidad-Tarragona-Termes-Montbrio.webp 1200w\" sizes=\"(max-width: 1020px) 100vw, 1020px\" \/>\t\t\t\t\t\t\n\t\t\t\t\t<\/div>\n\t\t\t\t\t\t\t\t\n<style>\n#image_771962136 {\n  width: 100%;\n}\n<\/style>\n\t<\/div>\n\t\n     <\/div>\n\n     <div class=\"loading-spin dark large centered\"><\/div>\n\n\t<\/div>\n\n\n\t\t<\/div>\n\t\t\t\t\t<\/div>\n\n\t\n\n\t<div id=\"col-497986209\" class=\"col medium-6 small-12 large-6\"  >\n\t\t\t\t<div class=\"col-inner text-left\"  >\n\t\t\t\n\t\t\t\n\t<div id=\"stack-1510490883\" class=\"stack stack-row justify-start items-stretch\">\n\t\t\n\t<div id=\"text-509657396\" class=\"text\">\n\t\t\n<h6 data-padding=\"40px\"><span style=\"background-color: #356d91; padding: 3px;\">Especial Nadal<\/span><\/h6>\n\t\t\n<style>\n#text-509657396 {\n  font-size: 1rem;\n  color: rgb(255, 255, 255);\n}\n#text-509657396 > * {\n  color: rgb(255, 255, 255);\n}\n<\/style>\n\t<\/div>\n\t\n\t\t\n<style>\n#stack-1510490883 > * {\n  --stack-gap: 1rem;\n}\n<\/style>\n\t<\/div>\n\t\n\t<div id=\"gap-457670057\" class=\"gap-element clearfix\" style=\"display:block; height:auto;\">\n\t\t\n<style>\n#gap-457670057 {\n  padding-top: 10px;\n}\n<\/style>\n\t<\/div>\n\t\n\t<div id=\"text-2041063861\" class=\"text nomargin\">\n\t\t\n<h1>Oferta Hotel i Men\u00fas de Nadal a Tarragona<\/h1>\n\t\t\n<style>\n#text-2041063861 {\n  font-size: 1.75rem;\n  color: rgb(0,0,0);\n}\n#text-2041063861 > * {\n  color: rgb(0,0,0);\n}\n<\/style>\n\t<\/div>\n\t\n\t<div id=\"text-1264708743\" class=\"text\">\n\t\t\n<p><a href=\"#reviews\"><i class=\"fa-sharp fa-solid fa-star\"><\/i><i class=\"fa-sharp fa-solid fa-star\"><\/i><i class=\"fa-sharp fa-solid fa-star\"><\/i><i class=\"fa-sharp fa-solid fa-star\"><\/i><i class=\"fa-sharp fa-solid fa-star\"><\/i> <span style=\"color: #000000; font-size: 75%;\">Veure Ressenyes<\/span><\/a><br \/>\n\t\t\n<style>\n#text-1264708743 {\n  color: rgb(249, 200, 32);\n}\n#text-1264708743 > * {\n  color: rgb(249, 200, 32);\n}\n<\/style>\n\t<\/div>\n\t\n\t<div id=\"text-11935253\" class=\"text\">\n\t\t\n<p><span style=\"font-size: 90%;\">Des de <span style=\"font-size: 220%;\">150\u20ac<\/span> p.n<\/span><\/p>\n\t\t\n<style>\n#text-11935253 {\n  color: #356d91;\n}\n#text-11935253 > * {\n  color: #356d91;\n}\n<\/style>\n\t<\/div>\n\t\n<div class=\"row\"  id=\"row-610832579\">\n\n\t<div id=\"col-522081263\" class=\"col medium-8 small-12 large-8\"  >\n\t\t\t\t<div class=\"col-inner\"  >\n\t\t\t\n\t\t\t\n<a href=\"https:\/\/reservas.termesmontbrio.com\/hotel\/termesmontbrio?\" target=\"_blank\" class=\"button secondary expand\" rel=\"noopener\" style=\"border-radius:50px;\">\n\t<i class=\"icon-clock\" aria-hidden=\"true\"><\/i>\t<span>Reservar<\/span>\n\t<\/a>\n\n\t\t<\/div>\n\t\t\t\t\n<style>\n#col-522081263 > .col-inner {\n  padding: 0px 0px 0px 0px;\n  margin: 0px 0px -30px 0px;\n}\n<\/style>\n\t<\/div>\n\n\t\n\n\t<div id=\"col-72247877\" class=\"col medium-4 small-12 large-4\"  >\n\t\t\t\t<div class=\"col-inner\"  >\n\t\t\t\n\t\t\t\n\t\t<\/div>\n\t\t\t\t\t<\/div>\n\n\t\n<\/div>\n\t<div id=\"text-744190604\" class=\"text\">\n\t\t\n<p>Aquestes festes, viu la m\u00e0gia a Tarragona a l\u2019Hotel Termes Montbri\u00f3 amb un <strong>experi\u00e8ncia completa de descans i gastronomia<\/strong>. Durant el proc\u00e9s de reserva de la teva habitaci\u00f3 podr\u00e0s afegir a l\u2019estada un men\u00fa especial de Revetlla de Nadal o de Nadal. <\/p>\n<p>I si ho prefereixes, <strong> tamb\u00e9 ens pots visitar nom\u00e9s per degustar les nostres propostes culin\u00e0ries<\/strong>, pensades perqu\u00e8 gaudeixis de sabors aut\u00e8ntics en un ambient acollidor i festiu.<\/p>\n\t\t\n<style>\n#text-744190604 {\n  line-height: 1.4;\n}\n<\/style>\n\t<\/div>\n\t\n\t\t<\/div>\n\t\t\t\t\t<\/div>\n\n\t\n\n<style>\n#row-337783179 > .col > .col-inner {\n  padding: 60px 0px 0px 0px;\n}\n<\/style>\n<\/div>\n\t\t<\/div>\n\n\t\t\n<style>\n#section_1894961779 {\n  padding-top: 0px;\n  padding-bottom: 0px;\n  background-color: rgb(193, 193, 193);\n}\n#section_1894961779 .section-bg-overlay {\n  background-color: rgba(255, 255, 255, 0.85);\n}\n<\/style>\n\t<\/section>\n\t\n\n\t<section class=\"section\" id=\"section_939283117\">\n\t\t<div class=\"section-bg fill\" >\n\t\t\t\t\t\t\t\t\t<div class=\"section-bg-overlay absolute fill\"><\/div>\n\t\t\t\n\n\t\t<\/div>\n\n\t\t\n\n\t\t<div class=\"section-content relative\">\n\t\t\t\n<div class=\"row row-large align-middle align-center\"  id=\"row-751407434\">\n\n\t<div id=\"col-783217008\" class=\"col small-12 large-12\"  >\n\t\t\t\t<div class=\"col-inner\"  >\n\t\t\t\n\t\t\t\n<h2>Qu\u00e8 inclou l\u2019Oferta Hotel i Men\u00fas de Nadal a Tarragona?<\/h2>\n<p>En escollir l\u2019Hotel Termes Montbri\u00f3 per a la teva escapada nadalenca, gaudir\u00e0s de: <\/p>\n<ul>\n<li>Allotjament a la categoria d\u2019habitaci\u00f3 que tri\u00efs, amb totes les comoditats del nostre hotel.<\/li>\n<li><a href=\"https:\/\/www.termesmontbrio.com\/wp-content\/uploads\/2025\/10\/Menus-de-Navidad-Hotel-Termes-Montbrio.pdf\">Men\u00fas de Revetlla de Nadal i Nadal<\/a> disponibles per a adults i nens en el moment de la reserva.\n<ul>\n<li>24.12.2025 \u2013 Sopar de Revetlla de Nadal<\/li>\n<li>25.12.2025 \u2013 Dinar de Nadal<\/li>\n<\/ul>\n<\/li>\n<li>Oferta culin\u00e0ria completa: entrants, plats principals i postres t\u00edpics de temporada.<\/li>\n<li>Ambient nadalenc que far\u00e0 de la teva estada un record especial.<\/li>\n<\/ul>\n<p><strong>Els nostres men\u00fas nadalencs tamb\u00e9 estan disponibles per a clients externs a l\u2019hotel. Reserva la teva taula trucant al <a href=\"http:\/\/+34%20977%2081%2040%2000\" data-wplink-url-error=\"true\">+34 977 81 40 00.<\/a> <\/strong><\/p>\n\t<div id=\"gap-986709452\" class=\"gap-element clearfix\" style=\"display:block; height:auto;\">\n\t\t\n<style>\n#gap-986709452 {\n  padding-top: 30px;\n}\n<\/style>\n\t<\/div>\n\t\n<div class=\"row row-collapse\"  id=\"row-324592311\">\n\n\t<div id=\"col-353199210\" class=\"col medium-4 small-12 large-4\"  >\n\t\t\t\t<div class=\"col-inner\"  >\n\t\t\t\n\t\t\t\n\n  <div class=\"banner has-hover\" id=\"banner-1618186517\">\n          <div class=\"banner-inner fill\">\n        <div class=\"banner-bg fill\" >\n            <img decoding=\"async\" width=\"1020\" height=\"680\" src=\"https:\/\/www.termesmontbrio.com\/wp-content\/uploads\/2025\/10\/Oferta-Hotel-Menus-Navidad-Tarragona-1024x683.webp\" class=\"bg attachment-large size-large\" alt=\"Oferta Hotel Menus Navidad Tarragona\" \/>                                    \n                    <\/div>\n\t\t\n        <div class=\"banner-layers container\">\n            <div class=\"fill banner-link\"><\/div>            \n   <div id=\"text-box-2065613583\" class=\"text-box banner-layer x50 md-x50 lg-x50 y50 md-y50 lg-y50 res-text\">\n                                <div class=\"text-box-content text dark\">\n              \n              <div class=\"text-inner text-center\">\n                  \n              <\/div>\n           <\/div>\n                            \n<style>\n#text-box-2065613583 {\n  width: 60%;\n}\n#text-box-2065613583 .text-box-content {\n  font-size: 100%;\n}\n<\/style>\n    <\/div>\n \n        <\/div>\n      <\/div>\n\n            \n<style>\n#banner-1618186517 {\n  padding-top: 300px;\n}\n#banner-1618186517 .banner-bg img {\n  object-position: 45% 40%;\n}\n<\/style>\n  <\/div>\n\n\n\t\t<\/div>\n\t\t\t\t\t<\/div>\n\n\t\n\n\t<div id=\"col-1770334587\" class=\"col medium-4 small-12 large-4\"  >\n\t\t\t\t<div class=\"col-inner\"  >\n\t\t\t\n\t\t\t\n\n  <div class=\"banner has-hover\" id=\"banner-1879450586\">\n          <div class=\"banner-inner fill\">\n        <div class=\"banner-bg fill\" >\n            <img decoding=\"async\" width=\"683\" height=\"1024\" src=\"https:\/\/www.termesmontbrio.com\/wp-content\/uploads\/2024\/05\/HOTEL-TERMES-MONTBRIO-GASTRONOMIA-RESTAURANTE-13-683x1024.webp\" class=\"bg attachment-large size-large\" alt=\"HOTEL TERMES MONTBRIO\u0301 GASTRONOMIA RESTAURANTE ()\" \/>                        <div class=\"overlay\"><\/div>            \n                    <\/div>\n\t\t\n        <div class=\"banner-layers container\">\n            <div class=\"fill banner-link\"><\/div>            \n   <div id=\"text-box-998077024\" class=\"text-box banner-layer x50 md-x50 lg-x50 y50 md-y50 lg-y50 res-text\">\n                                <div class=\"text-box-content text dark\">\n              \n              <div class=\"text-inner text-center\">\n                  \n\t<div id=\"text-3036423418\" class=\"text\">\n\t\t\n<h2>Oferta Hotel i Men\u00fas de Nadal a Tarragona<\/h2>\n\t\t\n<style>\n#text-3036423418 {\n  font-size: 0.75rem;\n  text-align: center;\n}\n<\/style>\n\t<\/div>\n\t\n<a href=\"https:\/\/reservas.termesmontbrio.com\/hotel\/termesmontbrio?\" target=\"_blank\" class=\"button secondary is-xlarge\" rel=\"noopener\" style=\"border-radius:50px;\">\n\t\t<span>Reservar<\/span>\n\t<\/a>\n\n              <\/div>\n           <\/div>\n                            \n<style>\n#text-box-998077024 {\n  width: 83%;\n}\n#text-box-998077024 .text-box-content {\n  font-size: 100%;\n}\n<\/style>\n    <\/div>\n \n        <\/div>\n      <\/div>\n\n            \n<style>\n#banner-1879450586 {\n  padding-top: 300px;\n}\n#banner-1879450586 .overlay {\n  background-color: rgba(0,0,0,.5);\n}\n#banner-1879450586 .banner-bg img {\n  object-position: 45% 54%;\n}\n<\/style>\n  <\/div>\n\n\n\t\t<\/div>\n\t\t\t\t\t<\/div>\n\n\t\n\n\t<div id=\"col-971868932\" class=\"col medium-4 small-12 large-4\"  >\n\t\t\t\t<div class=\"col-inner\"  >\n\t\t\t\n\t\t\t\n\n  <div class=\"banner has-hover hide-for-small\" id=\"banner-905311451\">\n          <div class=\"banner-inner fill\">\n        <div class=\"banner-bg fill\" >\n            <img decoding=\"async\" width=\"1020\" height=\"680\" src=\"https:\/\/www.termesmontbrio.com\/wp-content\/uploads\/2025\/10\/Cena-Noche-Buena-Hotel-Termes-Montbrio-1024x683.webp\" class=\"bg attachment-large size-large\" alt=\"Cena Noche Buena Hotel Termes Montbrio\" \/>                                    \n                    <\/div>\n\t\t\n        <div class=\"banner-layers container\">\n            <div class=\"fill banner-link\"><\/div>            \n   <div id=\"text-box-864986639\" class=\"text-box banner-layer x50 md-x50 lg-x50 y50 md-y50 lg-y50 res-text\">\n                                <div class=\"text-box-content text dark\">\n              \n              <div class=\"text-inner text-center\">\n                  \n              <\/div>\n           <\/div>\n                            \n<style>\n#text-box-864986639 {\n  width: 60%;\n}\n#text-box-864986639 .text-box-content {\n  font-size: 100%;\n}\n<\/style>\n    <\/div>\n \n        <\/div>\n      <\/div>\n\n            \n<style>\n#banner-905311451 {\n  padding-top: 300px;\n}\n#banner-905311451 .banner-bg img {\n  object-position: 46% 92%;\n}\n<\/style>\n  <\/div>\n\n\n\t\t<\/div>\n\t\t\t\t\t<\/div>\n\n\t\n<\/div>\n\t<div id=\"gap-1471535930\" class=\"gap-element clearfix\" style=\"display:block; height:auto;\">\n\t\t\n<style>\n#gap-1471535930 {\n  padding-top: 30px;\n}\n<\/style>\n\t<\/div>\n\t\n\t\t<\/div>\n\t\t\t\t\t<\/div>\n\n\t\n\n\t<div id=\"col-728755799\" class=\"col small-12 large-12\"  >\n\t\t\t\t<div class=\"col-inner\"  >\n\t\t\t\n\t\t\t\n<h2>Sabors \u00fanics de Nadal al Restaurant L\u2019Horta Florida<\/h2>\n<p>Els nostres xefs han preparat una <strong>oferta gastron\u00f2mica variada<\/strong>, combinant plats tradicionals amb propostes innovadores, perqu\u00e8 la teva celebraci\u00f3 sigui inoblidable. Ja sigui en parella, en fam\u00edlia o amb amics, trobar\u00e0s opcions per a tots els gustos, acompanyades d\u2019un servei cuidat fins a l\u2019\u00faltim detall. <\/p>\n<a href=\"https:\/\/www.termesmontbrio.com\/wp-content\/uploads\/2025\/10\/Menus-de-Navidad-Hotel-Termes-Montbrio.pdf\" class=\"button primary\" >\n\t\t<span>VEURE MEN\u00daS<\/span>\n\t<\/a>\n\n\t\t<\/div>\n\t\t\t\t\t<\/div>\n\n\t\n\n\t<div id=\"col-2132347973\" class=\"col small-12 large-12\"  >\n\t\t\t\t<div class=\"col-inner\" style=\"background-color:rgb(255,255,255);\" >\n\t\t\t\n\t\t\t\n\t<div id=\"gap-304274574\" class=\"gap-element clearfix\" style=\"display:block; height:auto;\">\n\t\t\n<style>\n#gap-304274574 {\n  padding-top: 30px;\n}\n<\/style>\n\t<\/div>\n\t\n<h2 style=\"text-align: center;\">Reserva avui i viu una escapada nadalenca inoblidable!<\/h2>\n<p style=\"text-align: center;\">Fes del teu viatge a Tarragona una celebraci\u00f3 completa: allotja\u2019t, gaudeix i brinda per Nadal sense preocupar-te de res m\u00e9s.<\/p>\n<p style=\"text-align: center;\"><strong>L\u2019equip de l\u2019Hotel Termes Montbri\u00f3 et desitja unes festes plenes d\u2019alegria, benestar i moments inoblidables amb aquells que m\u00e9s estimes. T\u2019esperem per celebrar el Nadal amb nosaltres! <\/strong><\/p>\n\t<div id=\"gap-26715350\" class=\"gap-element clearfix\" style=\"display:block; height:auto;\">\n\t\t\n<style>\n#gap-26715350 {\n  padding-top: 30px;\n}\n<\/style>\n\t<\/div>\n\t\n\t\t<\/div>\n\t\t\t\t\t<\/div>\n\n\t\n<\/div>\n<span class=\"scroll-to\" data-label=\"Scroll to: #reviews\" data-bullet=\"false\" data-link=\"#reviews\" data-title=\"reviews\"><a name=\"reviews\"><\/a><\/span>\n\n\t\t<div class=\"tabbed-content\">\n\t\t\t\n\t\t\t<ul class=\"nav nav-line nav-uppercase nav-size-normal nav-center\" role=\"tablist\"><li id=\"tab-ressenyes-|\" class=\"tab active has-icon\" role=\"presentation\"><a href=\"#tab_ressenyes-|\" role=\"tab\" aria-selected=\"true\" aria-controls=\"tab_ressenyes-|\"><span>RESSENYES |<\/span><\/a><\/li>\n<li id=\"tab-condicions-|\" class=\"tab has-icon\" role=\"presentation\"><a href=\"#tab_condicions-|\" tabindex=\"-1\" role=\"tab\" aria-selected=\"false\" aria-controls=\"tab_condicions-|\"><span>Condicions |<\/span><\/a><\/li><\/ul><div class=\"tab-panels\"><div id=\"tab_ressenyes-|\" class=\"panel active entry-content\" role=\"tabpanel\" aria-labelledby=\"tab-ressenyes-|\">\n\n\t<section class=\"section has-mask mask-arrow\" id=\"section_811835652\">\n\t\t<div class=\"section-bg fill\" >\n\t\t\t\t\t\t\t\t\t\n\t\t\t\n\n\t\t<\/div>\n\n\t\t\n\n\t\t<div class=\"section-content relative\">\n\t\t\t\n\n<div class=\"slider-wrapper relative\" id=\"slider-2066662781\" >\n    <div class=\"slider slider-nav-dots-dashes-spaced slider-nav-circle slider-nav-large slider-nav-dark slider-style-normal\"\n        data-flickity-options='{\n            \"cellAlign\": \"center\",\n            \"imagesLoaded\": true,\n            \"lazyLoad\": 1,\n            \"freeScroll\": false,\n            \"wrapAround\": true,\n            \"autoPlay\": 4000,\n            \"pauseAutoPlayOnHover\" : true,\n            \"prevNextButtons\": true,\n            \"contain\" : true,\n            \"adaptiveHeight\" : true,\n            \"dragThreshold\" : 10,\n            \"percentPosition\": true,\n            \"pageDots\": true,\n            \"rightToLeft\": false,\n            \"draggable\": true,\n            \"selectedAttraction\": 0.1,\n            \"parallax\" : 0,\n            \"friction\": 0.6        }'\n        >\n        \n\n<div class=\"row align-center\"  id=\"row-2046943260\">\n\n\n\t<div id=\"col-1124711577\" class=\"col medium-9 small-12 large-12\"  >\n\t\t\t\t<div class=\"col-inner box-shadow-3\"  >\n\t\t\t\n\t\t\t\n\n  <div class=\"icon-box testimonial-box icon-box-left text-left\">\n                <div class=\"icon-box-img testimonial-image circle\" style=\"width: 83px\">\n              <img decoding=\"async\" width=\"60\" height=\"60\" src=\"https:\/\/www.termesmontbrio.com\/wp-content\/uploads\/2024\/02\/unnamed.png\" class=\"attachment-thumbnail size-thumbnail\" alt=\"unnamed\" \/>        <\/div>\n                <div class=\"icon-box-text p-last-0\">\n          <div class=\"star-rating\" role=\"img\" aria-label=\"Rated 5 out of 5\"><span style=\"width:100%\"><strong class=\"rating\"><\/strong><\/span><\/div>  \t\t\t\t<div class=\"testimonial-text line-height-small italic test_text first-reset last-reset is-italic\">\n            \n\n<p>Nostra escapada a l'Hotel Termes Montbri\u00f3 per a l'aniversari de la meva n\u00favia va ser realment memorable. L'spa, un punt destacat, va proporcionar un refugi de luxe que ens va permetre relaxar-nos i rejovenir.<\/p>\n<p><strong>Johannes K\u00e5berg<\/strong> \/ Escapada Rom\u00e0ntica<\/p>\n\n          <\/div>\n          <div class=\"testimonial-meta pt-half\">\n             <strong class=\"testimonial-name test_name\"><\/strong>\n                          <span class=\"testimonial-company test_company\"><\/span>\n          <\/div>\n        <\/div>\n  <\/div>\n\n  \n\n\t\t<\/div>\n\t\t\t\t\n<style>\n#col-1124711577 > .col-inner {\n  border-radius: 20px;\n}\n<\/style>\n\t<\/div>\n\n\t\n\n\n<style>\n#row-2046943260 > .col > .col-inner {\n  padding: 15px 15px 0px 15px;\n}\n<\/style>\n<\/div>\n<div class=\"row align-center\"  id=\"row-789976902\">\n\n\n\t<div id=\"col-639116966\" class=\"col medium-9 small-12 large-12\"  >\n\t\t\t\t<div class=\"col-inner box-shadow-3\"  >\n\t\t\t\n\t\t\t\n\n  <div class=\"icon-box testimonial-box icon-box-left text-left\">\n                <div class=\"icon-box-img testimonial-image circle\" style=\"width: 83px\">\n              <img decoding=\"async\" width=\"60\" height=\"60\" src=\"https:\/\/www.termesmontbrio.com\/wp-content\/uploads\/2024\/02\/unnamed-1.png\" class=\"attachment-thumbnail size-thumbnail\" alt=\"unnamed ()\" \/>        <\/div>\n                <div class=\"icon-box-text p-last-0\">\n          <div class=\"star-rating\" role=\"img\" aria-label=\"Rated 5 out of 5\"><span style=\"width:100%\"><strong class=\"rating\"><\/strong><\/span><\/div>  \t\t\t\t<div class=\"testimonial-text line-height-small italic test_text first-reset last-reset is-italic\">\n            \n\n<p>Vaig tenir una estada d'all\u00f2 m\u00e9s agradable a l'Hotel Termes Montbri\u00f3! Des del moment en qu\u00e8 vaig arribar, vaig quedar captivat per l'encant antic i la grandesa de l'hotel.<\/p>\n<p><strong>Elida Serra<\/strong> \/ Viatge amb amics<\/p>\n\n          <\/div>\n          <div class=\"testimonial-meta pt-half\">\n             <strong class=\"testimonial-name test_name\"><\/strong>\n                          <span class=\"testimonial-company test_company\"><\/span>\n          <\/div>\n        <\/div>\n  <\/div>\n\n  \n\n\t\t<\/div>\n\t\t\t\t\n<style>\n#col-639116966 > .col-inner {\n  border-radius: 20px;\n}\n<\/style>\n\t<\/div>\n\n\t\n\n\n<style>\n#row-789976902 > .col > .col-inner {\n  padding: 15px 15px 0px 15px;\n}\n<\/style>\n<\/div>\n<div class=\"row align-center\"  id=\"row-655384257\">\n\n\n\t<div id=\"col-751263432\" class=\"col medium-9 small-12 large-12\"  >\n\t\t\t\t<div class=\"col-inner box-shadow-3\"  >\n\t\t\t\n\t\t\t\n\n  <div class=\"icon-box testimonial-box icon-box-left text-left\">\n                <div class=\"icon-box-img testimonial-image circle\" style=\"width: 83px\">\n              <img decoding=\"async\" width=\"60\" height=\"60\" src=\"https:\/\/www.termesmontbrio.com\/wp-content\/uploads\/2024\/02\/termes-montbrio-hotel-con-spa.png\" class=\"attachment-thumbnail size-thumbnail\" alt=\"termes montbrio hotel con spa\" \/>        <\/div>\n                <div class=\"icon-box-text p-last-0\">\n          <div class=\"star-rating\" role=\"img\" aria-label=\"Rated 5 out of 5\"><span style=\"width:100%\"><strong class=\"rating\"><\/strong><\/span><\/div>  \t\t\t\t<div class=\"testimonial-text line-height-small italic test_text first-reset last-reset is-italic\">\n            \n\n<p>M'ho vaig passar molt b\u00e9 en aquest hotel. Vaig reservar una nit per a passar un relaxant cap de setmana en un spa amb la meva filla adolescent i als dos ens va encantar. Les aig\u00fces eren incre\u00efbles i molt relaxants. No hi havia massa gent, la qual cosa va ser agradable.<\/p>\n<p><strong>Fardiyah Dickie<\/strong> \/ Viatge en fam\u00edlia<\/p>\n\n          <\/div>\n          <div class=\"testimonial-meta pt-half\">\n             <strong class=\"testimonial-name test_name\"><\/strong>\n                          <span class=\"testimonial-company test_company\"><\/span>\n          <\/div>\n        <\/div>\n  <\/div>\n\n  \n\n\t\t<\/div>\n\t\t\t\t\n<style>\n#col-751263432 > .col-inner {\n  border-radius: 20px;\n}\n<\/style>\n\t<\/div>\n\n\t\n\n\n<style>\n#row-655384257 > .col > .col-inner {\n  padding: 15px 15px 0px 15px;\n}\n<\/style>\n<\/div>\n\n     <\/div>\n\n     <div class=\"loading-spin dark large centered\"><\/div>\n\n\t<\/div>\n\n\n\n\t\t<\/div>\n\n\t\t\n<style>\n#section_811835652 {\n  padding-top: 50px;\n  padding-bottom: 50px;\n}\n<\/style>\n\t<\/section>\n\t\n<\/div>\n<div id=\"tab_condicions-|\" class=\"panel entry-content\" role=\"tabpanel\" aria-labelledby=\"tab-condicions-|\">\n<div class=\"row\"  id=\"row-1532865373\">\n\n\t<div id=\"col-1541800365\" class=\"col small-12 large-12\"  >\n\t\t\t\t<div class=\"col-inner\"  >\n\t\t\t\n\t\t\t\n\t<div id=\"text-1575758060\" class=\"text\">\n\t\t\n<h3>Condicions<\/h3>\n<ul class=\"circled-list\" data-v-7f0c7d3e=\"\">\n<li data-v-7f0c7d3e=\"\">Reserva segons disponibilitat. Totes les tarifes no inclouen l&#8217;impost tur\u00edstic de 1,32 \u20ac per persona per nit. (No aplica per a menors de 16 anys ni per a sojorns majors a 7 nits).<\/li>\n<li data-v-7f0c7d3e=\"\">La reserva requereix pagament anticipat.<\/li>\n<\/ul>\n\t\t\n<style>\n#text-1575758060 {\n  font-size: 1rem;\n  line-height: 1.4;\n}\n<\/style>\n\t<\/div>\n\t\n\t\t<\/div>\n\t\t\t\t\t<\/div>\n\n\t\n<\/div>\n<\/div><\/div><\/div>\n\n\t<section class=\"section dark\" id=\"section_1297406459\">\n\t\t<div class=\"section-bg fill\" >\n\t\t\t\t\t\t\t\t\t\n\t\t\t\n\n\t\t<\/div>\n\n\t\t\n\n\t\t<div class=\"section-content relative\">\n\t\t\t\n\n<div class=\"row row-collapse\"  id=\"row-1041074393\">\n\n\n\t<div id=\"col-1192717208\" class=\"col medium-7 small-12 large-3\"  >\n\t\t\t\t<div class=\"col-inner text-left\"  >\n\t\t\t\n\t\t\t\n\n\t<div id=\"text-132469217\" class=\"text\">\n\t\t\n\n<h5 class=\"uppercase\">AVANTATGES PER A RESERVAR EN LA WEB OFICIAL<\/h5>\n\t\t\n<style>\n#text-132469217 {\n  font-size: 1.1rem;\n  text-align: center;\n}\n@media (min-width:550px) {\n  #text-132469217 {\n    text-align: left;\n  }\n}\n<\/style>\n\t<\/div>\n\t\n\n\t\t<\/div>\n\t\t\t\t\n<style>\n#col-1192717208 > .col-inner {\n  padding: 10px 0px 0px 0px;\n  margin: 0px 0px 0px 0px;\n}\n@media (min-width:550px) {\n  #col-1192717208 > .col-inner {\n    padding: 0px 0px 0px 0px;\n    margin: 0px 0px 0px 0px;\n  }\n}\n<\/style>\n\t<\/div>\n\n\t\n\n\t<div id=\"col-354827576\" class=\"col medium-9 small-12 large-9\"  >\n\t\t\t\t<div class=\"col-inner\"  >\n\t\t\t\n\t\t\t\n\n\t<div id=\"text-431159236\" class=\"text\">\n\t\t\n\n<p><i class=\"fa-solid fa-badge-check\"><\/i> Millor preu garantit <i class=\"fa-solid fa-gem\"><\/i> Paquets exclusius <i class=\"fa-solid fa-people-group\"><\/i> Sense intermediaris<\/p>\n\t\t\n<style>\n#text-431159236 {\n  font-size: 1.05rem;\n  text-align: center;\n}\n<\/style>\n\t<\/div>\n\t\n\n\t\t<\/div>\n\t\t\t\t\n<style>\n#col-354827576 > .col-inner {\n  padding: 0px 0px 0px 0px;\n  margin: 0px 0px 0px 0px;\n}\n<\/style>\n\t<\/div>\n\n\t\n\n\n<style>\n#row-1041074393 > .col > .col-inner {\n  padding: 20px 20px 0px 20px;\n}\n@media (min-width:550px) {\n  #row-1041074393 > .col > .col-inner {\n    padding: 0px 0px 0px 0px;\n  }\n}\n<\/style>\n<\/div>\n\n\t\t<\/div>\n\n\t\t\n<style>\n#section_1297406459 {\n  padding-top: 0px;\n  padding-bottom: 0px;\n  background-color: #356d91;\n}\n@media (min-width:550px) {\n  #section_1297406459 {\n    padding-top: 30px;\n    padding-bottom: 30px;\n  }\n}\n<\/style>\n\t<\/section>\n\t\n\n\t<section class=\"section\" id=\"section_1115109055\">\n\t\t<div class=\"section-bg fill\" >\n\t\t\t\t\t\t\t\t\t\n\t\t\t\n\n\t\t<\/div>\n\n\t\t\n\n\t\t<div class=\"section-content relative\">\n\t\t\t\n\n<div class=\"row\"  id=\"row-1516345151\">\n\n\n\t<div id=\"col-561516935\" class=\"col small-12 large-12\"  >\n\t\t\t\t<div class=\"col-inner\"  >\n\t\t\t\n\t\t\t\n\n\t<div id=\"text-295671475\" class=\"text\">\n\t\t\n\n<h6>Tamb\u00e9 t'agradaran<\/h6>\n<h2 class=\"uppercase\">M\u00c9S OFERTES D'HOTEL<\/h2>\n\t\t\n<style>\n#text-295671475 {\n  text-align: center;\n}\n<\/style>\n\t<\/div>\n\t\n\t<div id=\"gap-1222484053\" class=\"gap-element clearfix\" style=\"display:block; height:auto;\">\n\t\t\n<style>\n#gap-1222484053 {\n  padding-top: 30px;\n}\n<\/style>\n\t<\/div>\n\t\n\n<div class=\"slider-wrapper relative\" id=\"slider-1882604710\" >\n    <div class=\"slider slider-nav-dots-dashes-spaced slider-nav-circle slider-nav-large slider-nav-dark slider-nav-outside slider-style-normal\"\n        data-flickity-options='{\n            \"cellAlign\": \"center\",\n            \"imagesLoaded\": true,\n            \"lazyLoad\": 1,\n            \"freeScroll\": false,\n            \"wrapAround\": true,\n            \"autoPlay\": 6000,\n            \"pauseAutoPlayOnHover\" : true,\n            \"prevNextButtons\": true,\n            \"contain\" : true,\n            \"adaptiveHeight\" : true,\n            \"dragThreshold\" : 10,\n            \"percentPosition\": true,\n            \"pageDots\": true,\n            \"rightToLeft\": false,\n            \"draggable\": true,\n            \"selectedAttraction\": 0.1,\n            \"parallax\" : 0,\n            \"friction\": 0.6        }'\n        >\n        \n\n<div class=\"row align-equal align-center\"  id=\"row-1486237521\">\n\n\n\t<div id=\"col-1655168803\" class=\"col medium-4 small-12 large-4\"  >\n\t\t\t\t<div class=\"col-inner\" style=\"background-color:rgb(255, 255, 255);\" >\n\t\t\t\n\t\t\t\n\n\t<div class=\"box has-hover   has-hover box-shadow-2 box-shadow-4-hover box-bounce box-text-bottom\" >\n\n\t\t<div class=\"box-image\" >\n\t\t\t<a href=\"https:\/\/www.termesmontbrio.com\/ca\/ofertes\/escapada-romantica-tarragona-catalunya\/\" >\t\t\t<div class=\"image-overlay-add image-cover\" style=\"padding-top:250px;\">\n\t\t\t\t<img decoding=\"async\" width=\"451\" height=\"451\" src=\"https:\/\/www.termesmontbrio.com\/wp-content\/uploads\/2024\/03\/hotel-termes-de-montbrio-ofertas-tarragona-spa-termal-parejas-aquatonic-6.webp\" class=\"attachment- size-\" alt=\"hotel termes de montbrio ofertas tarragona spa termal parejas aquatonic\" srcset=\"https:\/\/www.termesmontbrio.com\/wp-content\/uploads\/2024\/03\/hotel-termes-de-montbrio-ofertas-tarragona-spa-termal-parejas-aquatonic-6.webp 451w, https:\/\/www.termesmontbrio.com\/wp-content\/uploads\/2024\/03\/hotel-termes-de-montbrio-ofertas-tarragona-spa-termal-parejas-aquatonic-6-300x300.webp 300w, https:\/\/www.termesmontbrio.com\/wp-content\/uploads\/2024\/03\/hotel-termes-de-montbrio-ofertas-tarragona-spa-termal-parejas-aquatonic-6-150x150.webp 150w\" sizes=\"(max-width: 451px) 100vw, 451px\" \/>\t\t\t\t<div class=\"overlay\" style=\"background-color:rgba(0, 0, 0, 0.2)\"><\/div>\t\t\t\t\t\t\t<\/div>\n\t\t\t<\/a>\t\t<\/div>\n\n\t\t<div class=\"box-text text-center is-large\" >\n\t\t\t<div class=\"box-text-inner\">\n\t\t\t\t\n\n<h3 style=\"font-weight: 500;\"><a href=\"https:\/\/www.termesmontbrio.com\/ca\/ofertes\/escapada-romantica-tarragona-catalunya\/\"><span style=\"color: #000000;\">Escapada Rom\u00e0ntica<\/span><\/a><\/h3>\n<a data-animate=\"fadeInRight\" href=\"https:\/\/www.termesmontbrio.com\/ca\/ofertes\/escapada-romantica-tarragona-catalunya\/\" class=\"button secondary is-small\" style=\"border-radius:50px;\">\n\t\t<span>Reservar<\/span>\n\t<i class=\"icon-angle-right\" aria-hidden=\"true\"><\/i><\/a>\n\n\n\n\t\t\t<\/div>\n\t\t<\/div>\n\t<\/div>\n\t\n\n\t\t<\/div>\n\t\t\t\t\t<\/div>\n\n\t\n\n\t<div id=\"col-1340671264\" class=\"col medium-4 small-12 large-4\"  >\n\t\t\t\t<div class=\"col-inner\" style=\"background-color:rgb(255, 255, 255);\" >\n\t\t\t\n\t\t\t\n\n\t<div class=\"box has-hover   has-hover box-shadow-2 box-shadow-4-hover box-bounce box-text-bottom\" >\n\n\t\t<div class=\"box-image\" >\n\t\t\t<a href=\"https:\/\/www.termesmontbrio.com\/ca\/ofertes\/aquatonic-day\/\" >\t\t\t<div class=\"image-overlay-add image-cover\" style=\"padding-top:250px;\">\n\t\t\t\t<img decoding=\"async\" width=\"1276\" height=\"780\" src=\"https:\/\/www.termesmontbrio.com\/wp-content\/uploads\/2024\/03\/termes-monbrio-eventos-hotel-tarragona-aquatonic-termal.webp\" class=\"attachment- size-\" alt=\"termes monbrio eventos hotel tarragona aquatonic termal\" srcset=\"https:\/\/www.termesmontbrio.com\/wp-content\/uploads\/2024\/03\/termes-monbrio-eventos-hotel-tarragona-aquatonic-termal.webp 1276w, https:\/\/www.termesmontbrio.com\/wp-content\/uploads\/2024\/03\/termes-monbrio-eventos-hotel-tarragona-aquatonic-termal-300x183.webp 300w, https:\/\/www.termesmontbrio.com\/wp-content\/uploads\/2024\/03\/termes-monbrio-eventos-hotel-tarragona-aquatonic-termal-1024x626.webp 1024w, https:\/\/www.termesmontbrio.com\/wp-content\/uploads\/2024\/03\/termes-monbrio-eventos-hotel-tarragona-aquatonic-termal-768x469.webp 768w\" sizes=\"(max-width: 1276px) 100vw, 1276px\" \/>\t\t\t\t<div class=\"overlay\" style=\"background-color:rgba(0, 0, 0, 0.2)\"><\/div>\t\t\t\t\t\t\t<\/div>\n\t\t\t<\/a>\t\t<\/div>\n\n\t\t<div class=\"box-text text-center is-large\" >\n\t\t\t<div class=\"box-text-inner\">\n\t\t\t\t\n\n<h3 style=\"font-weight: 500;\"><a href=\"https:\/\/www.termesmontbrio.com\/ca\/ofertes\/aquatonic-day\/\"><span style=\"color: #000000;\">Aquatonic day<\/span><\/a><\/h3>\n<a data-animate=\"fadeInRight\" href=\"https:\/\/www.termesmontbrio.com\/ca\/ofertes\/aquatonic-day\/\" class=\"button secondary is-small\" style=\"border-radius:50px;\">\n\t\t<span>Reservar<\/span>\n\t<i class=\"icon-angle-right\" aria-hidden=\"true\"><\/i><\/a>\n\n\n\n\t\t\t<\/div>\n\t\t<\/div>\n\t<\/div>\n\t\n\n\t\t<\/div>\n\t\t\t\t\t<\/div>\n\n\t\n\n\t<div id=\"col-142633098\" class=\"col medium-4 small-12 large-4\"  >\n\t\t\t\t<div class=\"col-inner\" style=\"background-color:rgb(255, 255, 255);\" >\n\t\t\t\n\t\t\t\n\n\t<div class=\"box has-hover   has-hover box-shadow-2 box-shadow-4-hover box-bounce box-text-bottom\" >\n\n\t\t<div class=\"box-image\" >\n\t\t\t<a href=\"https:\/\/www.termesmontbrio.com\/ofertas\/ultima-hora-hotel-tarragona\/\" >\t\t\t<div class=\"image-overlay-add image-cover\" style=\"padding-top:250px;\">\n\t\t\t\t<img decoding=\"async\" width=\"800\" height=\"531\" src=\"https:\/\/www.termesmontbrio.com\/wp-content\/uploads\/2024\/02\/termes-monbrio-ofertas-pareja-spa-hotel-tarragona.webp\" class=\"attachment- size-\" alt=\"termes monbrio ofertas pareja spa hotel tarragona\" srcset=\"https:\/\/www.termesmontbrio.com\/wp-content\/uploads\/2024\/02\/termes-monbrio-ofertas-pareja-spa-hotel-tarragona.webp 800w, https:\/\/www.termesmontbrio.com\/wp-content\/uploads\/2024\/02\/termes-monbrio-ofertas-pareja-spa-hotel-tarragona-300x199.webp 300w, https:\/\/www.termesmontbrio.com\/wp-content\/uploads\/2024\/02\/termes-monbrio-ofertas-pareja-spa-hotel-tarragona-768x510.webp 768w\" sizes=\"(max-width: 800px) 100vw, 800px\" \/>\t\t\t\t<div class=\"overlay\" style=\"background-color:rgba(0, 0, 0, 0.2)\"><\/div>\t\t\t\t\t\t\t<\/div>\n\t\t\t<\/a>\t\t<\/div>\n\n\t\t<div class=\"box-text text-center is-large\" >\n\t\t\t<div class=\"box-text-inner\">\n\t\t\t\t\n\n<h3 style=\"font-weight: 500;\"><a href=\"https:\/\/www.termesmontbrio.com\/ofertas\/ultima-hora-hotel-tarragona\/\"><span style=\"color: #000000;\">Oferta \u00daltima Hora<\/span><\/a><\/h3>\n<a data-animate=\"fadeInRight\" href=\"https:\/\/www.termesmontbrio.com\/ofertas\/ultima-hora-hotel-tarragona\/\" class=\"button secondary is-small\" style=\"border-radius:50px;\">\n\t\t<span>Reservar<\/span>\n\t<i class=\"icon-angle-right\" aria-hidden=\"true\"><\/i><\/a>\n\n\n\n\t\t\t<\/div>\n\t\t<\/div>\n\t<\/div>\n\t\n\n\t\t<\/div>\n\t\t\t\t\t<\/div>\n\n\t\n\n<\/div>\n<div class=\"row align-equal align-center\"  id=\"row-1857248409\">\n\n\n\t<div id=\"col-826852413\" class=\"col medium-4 small-12 large-4\"  >\n\t\t\t\t<div class=\"col-inner\" style=\"background-color:rgb(255, 255, 255);\" >\n\t\t\t\n\t\t\t\n\n\t<div class=\"box has-hover   has-hover box-shadow-2 box-shadow-4-hover box-bounce box-text-bottom\" >\n\n\t\t<div class=\"box-image\" >\n\t\t\t<a href=\"https:\/\/www.termesmontbrio.com\/ca\/ofertes\/club-senior-tarragona\/\" >\t\t\t<div class=\"image-overlay-add image-cover\" style=\"padding-top:250px;\">\n\t\t\t\t<img decoding=\"async\" width=\"1000\" height=\"666\" src=\"https:\/\/www.termesmontbrio.com\/wp-content\/uploads\/2024\/03\/hotel-termes-de-montbrio-ofertas-tarragona-spa-termal-club-senior.webp\" class=\"attachment- size-\" alt=\"hotel termes de montbrio ofertas tarragona spa termal club senior\" srcset=\"https:\/\/www.termesmontbrio.com\/wp-content\/uploads\/2024\/03\/hotel-termes-de-montbrio-ofertas-tarragona-spa-termal-club-senior.webp 1000w, https:\/\/www.termesmontbrio.com\/wp-content\/uploads\/2024\/03\/hotel-termes-de-montbrio-ofertas-tarragona-spa-termal-club-senior-300x200.webp 300w, https:\/\/www.termesmontbrio.com\/wp-content\/uploads\/2024\/03\/hotel-termes-de-montbrio-ofertas-tarragona-spa-termal-club-senior-768x511.webp 768w\" sizes=\"(max-width: 1000px) 100vw, 1000px\" \/>\t\t\t\t<div class=\"overlay\" style=\"background-color:rgba(0, 0, 0, 0.2)\"><\/div>\t\t\t\t\t\t\t<\/div>\n\t\t\t<\/a>\t\t<\/div>\n\n\t\t<div class=\"box-text text-center is-large\" >\n\t\t\t<div class=\"box-text-inner\">\n\t\t\t\t\n\n<h3 style=\"font-weight: 500;\"><a href=\"https:\/\/www.termesmontbrio.com\/ca\/ofertes\/club-senior-tarragona\/\"><span style=\"color: #000000;\">Club S\u00e8nior<\/span><\/a><\/h3>\n<a data-animate=\"fadeInRight\" href=\"https:\/\/www.termesmontbrio.com\/ca\/ofertes\/club-senior-tarragona\/\" class=\"button secondary is-small\" style=\"border-radius:50px;\">\n\t\t<span>Reservar<\/span>\n\t<i class=\"icon-angle-right\" aria-hidden=\"true\"><\/i><\/a>\n\n\n\n\t\t\t<\/div>\n\t\t<\/div>\n\t<\/div>\n\t\n\n\t\t<\/div>\n\t\t\t\t\t<\/div>\n\n\t\n\n\t<div id=\"col-340099630\" class=\"col medium-4 small-12 large-4\"  >\n\t\t\t\t<div class=\"col-inner\" style=\"background-color:rgb(255, 255, 255);\" >\n\t\t\t\n\t\t\t\n\n\t<div class=\"box has-hover   has-hover box-shadow-2 box-shadow-4-hover box-bounce box-text-bottom\" >\n\n\t\t<div class=\"box-image\" >\n\t\t\t<a href=\"https:\/\/www.termesmontbrio.com\/ofertas\/dones-daigua\/\" >\t\t\t<div class=\"image-overlay-add image-cover\" style=\"padding-top:250px;\">\n\t\t\t\t<img decoding=\"async\" width=\"1217\" height=\"1826\" src=\"https:\/\/www.termesmontbrio.com\/wp-content\/uploads\/2024\/10\/HOTEL-TERMES-DE-MONTBRIO_MODELS-AQUATONIC-4.webp\" class=\"attachment- size-\" alt=\"HOTEL TERMES DE MONTBRIO\u0301 MODELS AQUATONIC\" srcset=\"https:\/\/www.termesmontbrio.com\/wp-content\/uploads\/2024\/10\/HOTEL-TERMES-DE-MONTBRIO_MODELS-AQUATONIC-4.webp 1217w, https:\/\/www.termesmontbrio.com\/wp-content\/uploads\/2024\/10\/HOTEL-TERMES-DE-MONTBRIO_MODELS-AQUATONIC-4-200x300.webp 200w, https:\/\/www.termesmontbrio.com\/wp-content\/uploads\/2024\/10\/HOTEL-TERMES-DE-MONTBRIO_MODELS-AQUATONIC-4-682x1024.webp 682w, https:\/\/www.termesmontbrio.com\/wp-content\/uploads\/2024\/10\/HOTEL-TERMES-DE-MONTBRIO_MODELS-AQUATONIC-4-768x1152.webp 768w, https:\/\/www.termesmontbrio.com\/wp-content\/uploads\/2024\/10\/HOTEL-TERMES-DE-MONTBRIO_MODELS-AQUATONIC-4-1024x1536.webp 1024w\" sizes=\"(max-width: 1217px) 100vw, 1217px\" \/>\t\t\t\t<div class=\"overlay\" style=\"background-color:rgba(0, 0, 0, 0.2)\"><\/div>\t\t\t\t\t\t\t<\/div>\n\t\t\t<\/a>\t\t<\/div>\n\n\t\t<div class=\"box-text text-center is-large\" >\n\t\t\t<div class=\"box-text-inner\">\n\t\t\t\t\n\n<h3 style=\"font-weight: 500;\"><a href=\"https:\/\/www.termesmontbrio.com\/ofertas\/dones-daigua\/\"><span style=\"color: #000000;\">Dones d\u2019Aigua<\/span><\/a><\/h3>\n<a data-animate=\"fadeInRight\" href=\"https:\/\/www.termesmontbrio.com\/ofertas\/dones-daigua\/\" target=\"_blank\" class=\"button secondary is-small\" rel=\"noopener\" style=\"border-radius:50px;\">\n\t\t<span>Reservar<\/span>\n\t<i class=\"icon-angle-right\" aria-hidden=\"true\"><\/i><\/a>\n\n\n\n\t\t\t<\/div>\n\t\t<\/div>\n\t<\/div>\n\t\n\n\t\t<\/div>\n\t\t\t\t\t<\/div>\n\n\t\n\n\t<div id=\"col-823295733\" class=\"col medium-4 small-12 large-4\"  >\n\t\t\t\t<div class=\"col-inner\" style=\"background-color:rgb(255, 255, 255);\" >\n\t\t\t\n\t\t\t\n\n\t<div class=\"box has-hover   has-hover box-shadow-2 box-shadow-4-hover box-bounce box-text-bottom\" >\n\n\t\t<div class=\"box-image\" >\n\t\t\t<a href=\"https:\/\/reservas.termesmontbrio.com\/ca\/hotel\/termesmontbrio\/room?roomId=STD\" >\t\t\t<div class=\"image-overlay-add image-cover\" style=\"padding-top:250px;\">\n\t\t\t\t<img decoding=\"async\" width=\"700\" height=\"525\" src=\"https:\/\/www.termesmontbrio.com\/wp-content\/uploads\/2024\/02\/hotel-termes-montbrio-balneario-centro-termoludico-spa-tarragona-habitacion-standard-1.webp\" class=\"attachment- size-\" alt=\"hotel termes montbrio balneario centro termoludico spa tarragona habitacion standard\" srcset=\"https:\/\/www.termesmontbrio.com\/wp-content\/uploads\/2024\/02\/hotel-termes-montbrio-balneario-centro-termoludico-spa-tarragona-habitacion-standard-1.webp 700w, https:\/\/www.termesmontbrio.com\/wp-content\/uploads\/2024\/02\/hotel-termes-montbrio-balneario-centro-termoludico-spa-tarragona-habitacion-standard-1-300x225.webp 300w\" sizes=\"(max-width: 700px) 100vw, 700px\" \/>\t\t\t\t<div class=\"overlay\" style=\"background-color:rgba(0, 0, 0, 0.2)\"><\/div>\t\t\t\t\t\t\t<\/div>\n\t\t\t<\/a>\t\t<\/div>\n\n\t\t<div class=\"box-text text-center is-large\" >\n\t\t\t<div class=\"box-text-inner\">\n\t\t\t\t\n\n<h3 style=\"font-weight: 500;\"><span style=\"color: #000000;\" href=\"\/\">Oferta Habitaci\u00f3<\/a><\/span><\/h3>\n<a data-animate=\"fadeInRight\" href=\"https:\/\/reservas.termesmontbrio.com\/ca\/hotel\/termesmontbrio\/room?roomId=STD\" target=\"_blank\" class=\"button secondary is-small\" rel=\"noopener\" style=\"border-radius:50px;\">\n\t\t<span>Reservar<\/span>\n\t<i class=\"icon-angle-right\" aria-hidden=\"true\"><\/i><\/a>\n\n\n\n\t\t\t<\/div>\n\t\t<\/div>\n\t<\/div>\n\t\n\n\t\t<\/div>\n\t\t\t\t\t<\/div>\n\n\t\n\n<\/div>\n\n     <\/div>\n\n     <div class=\"loading-spin dark large centered\"><\/div>\n\n\t\n<style>\n#slider-1882604710 {\n  margin-bottom: 20px;\n}\n<\/style>\n<\/div>\n\n\n\n\t\t<\/div>\n\t\t\t\t\n<style>\n#col-561516935 > .col-inner {\n  padding: 20px 0px 0px 0px;\n}\n<\/style>\n\t<\/div>\n\n\t\n\n<\/div>\n\n\t\t<\/div>\n\n\t\t\n<style>\n#section_1115109055 {\n  padding-top: 30px;\n  padding-bottom: 30px;\n}\n<\/style>\n\t<\/section>\n\t\n\t\t<\/div>\n\n\t\t\n<style>\n#section_939283117 {\n  padding-top: 40px;\n  padding-bottom: 40px;\n  background-color: rgb(193, 193, 193);\n}\n#section_939283117 .section-bg-overlay {\n  background-color: rgba(255, 255, 255, 0.85);\n}\n<\/style>\n\t<\/section>\n\t\n","protected":false},"excerpt":{"rendered":"","protected":false},"author":5,"featured_media":0,"parent":912,"menu_order":0,"comment_status":"closed","ping_status":"closed","template":"page-blank.php","meta":{"footnotes":""},"class_list":["post-4302","page","type-page","status-publish","hentry"],"yoast_head":"<!-- This site is optimized with the Yoast SEO plugin v27.2 - https:\/\/yoast.com\/product\/yoast-seo-wordpress\/ -->\n<title>Oferta Hotel i Men\u00fas de Nadal a Tarragona | Termes Montbri\u00f3<\/title>\n<meta name=\"description\" content=\"Descobreix la nostra oferta Hotel i Men\u00fas de Nadal a Tarragona. Gaudeix de la Revetlla de Nadal i el dia de Nadal amb gastronomia i un ambient acollidor.\" \/>\n<meta name=\"robots\" content=\"index, follow, max-snippet:-1, max-image-preview:large, max-video-preview:-1\" \/>\n<link rel=\"canonical\" href=\"https:\/\/www.termesmontbrio.com\/ca\/ofertes\/oferta-hotel-menus-de-nadal-a-tarragona\/\" \/>\n<meta property=\"og:locale\" content=\"ca_ES\" \/>\n<meta property=\"og:type\" content=\"article\" \/>\n<meta property=\"og:title\" content=\"Oferta Hotel i Men\u00fas de Nadal a Tarragona | Termes Montbri\u00f3\" \/>\n<meta property=\"og:description\" content=\"Descobreix la nostra oferta Hotel i Men\u00fas de Nadal a Tarragona. Gaudeix de la Revetlla de Nadal i el dia de Nadal amb gastronomia i un ambient acollidor.\" \/>\n<meta property=\"og:url\" content=\"https:\/\/www.termesmontbrio.com\/ca\/ofertes\/oferta-hotel-menus-de-nadal-a-tarragona\/\" \/>\n<meta property=\"og:site_name\" content=\"Hotel Termes Montbri\u00f3\" \/>\n<meta property=\"article:modified_time\" content=\"2025-10-27T10:35:04+00:00\" \/>\n<meta name=\"twitter:card\" content=\"summary_large_image\" \/>\n<meta name=\"twitter:label1\" content=\"Temps estimat de lectura\" \/>\n\t<meta name=\"twitter:data1\" content=\"4 minuts\" \/>\n<script type=\"application\/ld+json\" class=\"yoast-schema-graph\">{\"@context\":\"https:\/\/schema.org\",\"@graph\":[{\"@type\":\"WebPage\",\"@id\":\"https:\/\/www.termesmontbrio.com\/ca\/ofertes\/oferta-hotel-menus-de-nadal-a-tarragona\/\",\"url\":\"https:\/\/www.termesmontbrio.com\/ca\/ofertes\/oferta-hotel-menus-de-nadal-a-tarragona\/\",\"name\":\"Oferta Hotel i Men\u00fas de Nadal a Tarragona | Termes Montbri\u00f3\",\"isPartOf\":{\"@id\":\"https:\/\/www.termesmontbrio.com\/ca\/#website\"},\"datePublished\":\"2025-10-08T10:45:59+00:00\",\"dateModified\":\"2025-10-27T10:35:04+00:00\",\"description\":\"Descobreix la nostra oferta Hotel i Men\u00fas de Nadal a Tarragona. Gaudeix de la Revetlla de Nadal i el dia de Nadal amb gastronomia i un ambient acollidor.\",\"breadcrumb\":{\"@id\":\"https:\/\/www.termesmontbrio.com\/ca\/ofertes\/oferta-hotel-menus-de-nadal-a-tarragona\/#breadcrumb\"},\"inLanguage\":\"ca\",\"potentialAction\":[{\"@type\":\"ReadAction\",\"target\":[\"https:\/\/www.termesmontbrio.com\/ca\/ofertes\/oferta-hotel-menus-de-nadal-a-tarragona\/\"]}]},{\"@type\":\"BreadcrumbList\",\"@id\":\"https:\/\/www.termesmontbrio.com\/ca\/ofertes\/oferta-hotel-menus-de-nadal-a-tarragona\/#breadcrumb\",\"itemListElement\":[{\"@type\":\"ListItem\",\"position\":1,\"name\":\"Portada\",\"item\":\"https:\/\/www.termesmontbrio.com\/ca\/\"},{\"@type\":\"ListItem\",\"position\":2,\"name\":\"Ofertes\",\"item\":\"https:\/\/www.termesmontbrio.com\/ca\/ofertes\/\"},{\"@type\":\"ListItem\",\"position\":3,\"name\":\"Oferta Hotel i Men\u00fas de Nadal a Tarragona\"}]},{\"@type\":\"WebSite\",\"@id\":\"https:\/\/www.termesmontbrio.com\/ca\/#website\",\"url\":\"https:\/\/www.termesmontbrio.com\/ca\/\",\"name\":\"Hotel Termes Montbri\u00f3\",\"description\":\"\",\"potentialAction\":[{\"@type\":\"SearchAction\",\"target\":{\"@type\":\"EntryPoint\",\"urlTemplate\":\"https:\/\/www.termesmontbrio.com\/ca\/?s={search_term_string}\"},\"query-input\":{\"@type\":\"PropertyValueSpecification\",\"valueRequired\":true,\"valueName\":\"search_term_string\"}}],\"inLanguage\":\"ca\"}]}<\/script>\n<!-- \/ Yoast SEO plugin. -->","yoast_head_json":{"title":"Oferta Hotel i Men\u00fas de Nadal a Tarragona | Termes Montbri\u00f3","description":"Descobreix la nostra oferta Hotel i Men\u00fas de Nadal a Tarragona. Gaudeix de la Revetlla de Nadal i el dia de Nadal amb gastronomia i un ambient acollidor.","robots":{"index":"index","follow":"follow","max-snippet":"max-snippet:-1","max-image-preview":"max-image-preview:large","max-video-preview":"max-video-preview:-1"},"canonical":"https:\/\/www.termesmontbrio.com\/ca\/ofertes\/oferta-hotel-menus-de-nadal-a-tarragona\/","og_locale":"ca_ES","og_type":"article","og_title":"Oferta Hotel i Men\u00fas de Nadal a Tarragona | Termes Montbri\u00f3","og_description":"Descobreix la nostra oferta Hotel i Men\u00fas de Nadal a Tarragona. Gaudeix de la Revetlla de Nadal i el dia de Nadal amb gastronomia i un ambient acollidor.","og_url":"https:\/\/www.termesmontbrio.com\/ca\/ofertes\/oferta-hotel-menus-de-nadal-a-tarragona\/","og_site_name":"Hotel Termes Montbri\u00f3","article_modified_time":"2025-10-27T10:35:04+00:00","twitter_card":"summary_large_image","twitter_misc":{"Temps estimat de lectura":"4 minuts"},"schema":{"@context":"https:\/\/schema.org","@graph":[{"@type":"WebPage","@id":"https:\/\/www.termesmontbrio.com\/ca\/ofertes\/oferta-hotel-menus-de-nadal-a-tarragona\/","url":"https:\/\/www.termesmontbrio.com\/ca\/ofertes\/oferta-hotel-menus-de-nadal-a-tarragona\/","name":"Oferta Hotel i Men\u00fas de Nadal a Tarragona | Termes Montbri\u00f3","isPartOf":{"@id":"https:\/\/www.termesmontbrio.com\/ca\/#website"},"datePublished":"2025-10-08T10:45:59+00:00","dateModified":"2025-10-27T10:35:04+00:00","description":"Descobreix la nostra oferta Hotel i Men\u00fas de Nadal a Tarragona. Gaudeix de la Revetlla de Nadal i el dia de Nadal amb gastronomia i un ambient acollidor.","breadcrumb":{"@id":"https:\/\/www.termesmontbrio.com\/ca\/ofertes\/oferta-hotel-menus-de-nadal-a-tarragona\/#breadcrumb"},"inLanguage":"ca","potentialAction":[{"@type":"ReadAction","target":["https:\/\/www.termesmontbrio.com\/ca\/ofertes\/oferta-hotel-menus-de-nadal-a-tarragona\/"]}]},{"@type":"BreadcrumbList","@id":"https:\/\/www.termesmontbrio.com\/ca\/ofertes\/oferta-hotel-menus-de-nadal-a-tarragona\/#breadcrumb","itemListElement":[{"@type":"ListItem","position":1,"name":"Portada","item":"https:\/\/www.termesmontbrio.com\/ca\/"},{"@type":"ListItem","position":2,"name":"Ofertes","item":"https:\/\/www.termesmontbrio.com\/ca\/ofertes\/"},{"@type":"ListItem","position":3,"name":"Oferta Hotel i Men\u00fas de Nadal a Tarragona"}]},{"@type":"WebSite","@id":"https:\/\/www.termesmontbrio.com\/ca\/#website","url":"https:\/\/www.termesmontbrio.com\/ca\/","name":"Hotel Termes Montbri\u00f3","description":"","potentialAction":[{"@type":"SearchAction","target":{"@type":"EntryPoint","urlTemplate":"https:\/\/www.termesmontbrio.com\/ca\/?s={search_term_string}"},"query-input":{"@type":"PropertyValueSpecification","valueRequired":true,"valueName":"search_term_string"}}],"inLanguage":"ca"}]}},"_links":{"self":[{"href":"https:\/\/www.termesmontbrio.com\/ca\/wp-json\/wp\/v2\/pages\/4302","targetHints":{"allow":["GET"]}}],"collection":[{"href":"https:\/\/www.termesmontbrio.com\/ca\/wp-json\/wp\/v2\/pages"}],"about":[{"href":"https:\/\/www.termesmontbrio.com\/ca\/wp-json\/wp\/v2\/types\/page"}],"author":[{"embeddable":true,"href":"https:\/\/www.termesmontbrio.com\/ca\/wp-json\/wp\/v2\/users\/5"}],"replies":[{"embeddable":true,"href":"https:\/\/www.termesmontbrio.com\/ca\/wp-json\/wp\/v2\/comments?post=4302"}],"version-history":[{"count":0,"href":"https:\/\/www.termesmontbrio.com\/ca\/wp-json\/wp\/v2\/pages\/4302\/revisions"}],"up":[{"embeddable":true,"href":"https:\/\/www.termesmontbrio.com\/ca\/wp-json\/wp\/v2\/pages\/912"}],"wp:attachment":[{"href":"https:\/\/www.termesmontbrio.com\/ca\/wp-json\/wp\/v2\/media?parent=4302"}],"curies":[{"name":"wp","href":"https:\/\/api.w.org\/{rel}","templated":true}]}}